{"id":4000301,"date":"2023-08-23T22:32:00","date_gmt":"2023-08-23T20:32:00","guid":{"rendered":"https:\/\/lotsdenadal.cat\/product\/regalo-gastronomico-comparteix-301\/"},"modified":"2024-09-06T12:25:48","modified_gmt":"2024-09-06T10:25:48","slug":"regalo-gastronomico-comparteix-301","status":"publish","type":"product","link":"https:\/\/lotsdenadal.cat\/es\/producto\/regalo-gastronomico-comparteix-301\/","title":{"rendered":"Regalo Gastron\u00f3mico Comparteix 301"},"content":{"rendered":"<div class=\"row\"  id=\"row-1437651670\">\r\n\r\n\n\t<div id=\"col-1528703344\" class=\"col medium-12 small-12 large-12\"  >\n\t\t\t\t<div class=\"col-inner text-left\" style=\"background-color:rgb(255, 255, 255);\" >\n\t\t\t\n\t\t\t\r\n\r\n<div class=\"row\"  id=\"row-1113683750\">\r\n\r\n\n\t<div id=\"col-781077024\" class=\"col small-12 large-12\"  >\n\t\t\t\t<div class=\"col-inner\" style=\"background-color:rgb(255, 255, 255);\" >\n\t\t\t\n\t\t\t\r\n\r\n<div class=\"is-divider divider clearfix\" style=\"max-width:470px;height:2px;\"><\/div>\r\n\r\n<h2><span style=\"background-color: #ffffff; color: #333333; font-size: 105%;\">ALGUNAS JOYAS GASTRON\u00d3MICAS <br \/>DEL LOTE DE NAVIDAD SON...<\/span>\u00a0 <img decoding=\"async\" style=\"margin-bottom: 4px;\" title=\"regals gastron\u00f2mics\" src=\"\/wp-content\/uploads\/2023\/06\/logo-estrella.png\" alt=\"regals gastron\u00f2mics\" width=\"35\"\/><\/h2>\r\n\r\n\t\t<\/div>\n\t\t\t\t\n<style>\n#col-781077024 > .col-inner {\n  padding: 0px 0px 0px 0px;\n  margin: 0px 0px -35px 0px;\n}\n<\/style>\n\t<\/div>\n\n\t\r\n\r\n<\/div>\r\n\r\n\t\t<\/div>\n\t\t\t\t\t<\/div>\n\n\t\r\n\r\n<\/div>\n<div class=\"row align-middle\"  id=\"row-107742996\">\n\n\n\t<div id=\"col-386291065\" class=\"col medium-7 small-12 large-4\"  >\n\t\t\t\t<div class=\"col-inner\"  >\n\t\t\t\n\t\t\t\n\n<h4><a href=\"https:\/\/www.josepforaster.com\/es\/productos\" target=\"_blank\" rel=\"noopener\">VINO TINTO ECOL\u00d3GICO ELS NANOS COLLITA JOSEP FORASTER<\/a><\/h4>\n<p>Els Nanos Collita es su vino tinto joven. Toda la uva proviene del vi\u00f1edo de Mas Castells, a los pies de la Sierra de Miramar, donde tienen plantadas las variedades Tempranillo, Cabernet Sauvignon y Trepat, con cultivo ecol\u00f3gico.<br \/>\nEs un vino donde se expresan al m\u00e1ximo los aromas primarios. Tiene aromas de fruta roja y un perfil fresco y goloso.<\/p>\n\n\t\t<\/div>\n\t\t\t\t\t<\/div>\n\n\t\n\n\t<div id=\"col-238183656\" class=\"col hide-for-medium medium-5 small-12 large-3\"  >\n\t\t\t\t<div class=\"col-inner\"  >\n\t\t\t\n\t\t\t\n\n\n  <div class=\"banner has-hover\" id=\"banner-1184325616\">\n          <div class=\"banner-inner fill\">\n        <div class=\"banner-bg fill\" >\n                                                \n                    <\/div>\n\t\t\n        <div class=\"banner-layers container\">\n            <div class=\"fill banner-link\"><\/div>            \n\n\t<div class=\"img has-hover x50 md-x50 lg-x50 y50 md-y50 lg-y50\" id=\"image_227790108\">\n\t\t\t\t\t\t\t\t<div class=\"img-inner dark\" >\n\t\t\t<img loading=\"lazy\" decoding=\"async\" width=\"500\" height=\"500\" src=\"https:\/\/lotsdenadal.cat\/wp-content\/uploads\/2023\/10\/pb-josep-foraster-vi-negre-els-nanos-collita.jpg\" class=\"attachment-original size-original\" alt=\"Vino Tinto Josep Foraster Els Nanos Collita vino de proximidad\" srcset=\"https:\/\/lotsdenadal.cat\/wp-content\/uploads\/2023\/10\/pb-josep-foraster-vi-negre-els-nanos-collita.jpg 500w, https:\/\/lotsdenadal.cat\/wp-content\/uploads\/2023\/10\/pb-josep-foraster-vi-negre-els-nanos-collita-400x400.jpg 400w, https:\/\/lotsdenadal.cat\/wp-content\/uploads\/2023\/10\/pb-josep-foraster-vi-negre-els-nanos-collita-280x280.jpg 280w, https:\/\/lotsdenadal.cat\/wp-content\/uploads\/2023\/10\/pb-josep-foraster-vi-negre-els-nanos-collita-100x100.jpg 100w\" sizes=\"auto, (max-width: 500px) 100vw, 500px\" \/>\t\t\t\t\t\t\n\t\t\t\t\t<\/div>\n\t\t\t\t\t\t\t\t\n<style>\n#image_227790108 {\n  width: 35%;\n}\n@media (min-width:550px) {\n  #image_227790108 {\n    width: 100%;\n  }\n}\n@media (min-width:850px) {\n  #image_227790108 {\n    width: 60%;\n  }\n}\n<\/style>\n\t<\/div>\n\t\n\n\n        <\/div>\n      <\/div>\n\n            \n<style>\n#banner-1184325616 {\n  padding-top: 200px;\n  background-color: rgb(255,255,255);\n}\n@media (min-width:850px) {\n  #banner-1184325616 {\n    padding-top: 200px;\n  }\n}\n<\/style>\n  <\/div>\n\n\n\n\t\t<\/div>\n\t\t\t\t\t<\/div>\n\n\t\n\n\t<div id=\"col-930254684\" class=\"col medium-5 small-12 large-5\"  >\n\t\t\t\t<div class=\"col-inner text-center\"  >\n\t\t\t\n\t\t\t\n\n\n  <div class=\"banner has-hover\" id=\"banner-100892884\">\n          <div class=\"banner-inner fill\">\n        <div class=\"banner-bg fill\" >\n            <img loading=\"lazy\" decoding=\"async\" width=\"550\" height=\"250\" src=\"https:\/\/lotsdenadal.cat\/wp-content\/uploads\/2023\/10\/pb-josep-foraster-vi-negre-els-nanos-collita-b.jpg\" class=\"bg attachment-large size-large\" alt=\"Vino Tinto Josep Foraster Els Nanos Collita vino de proximidad\" \/>                                    \n                    <\/div>\n\t\t\n        <div class=\"banner-layers container\">\n            <div class=\"fill banner-link\"><\/div>            \n\n\n        <\/div>\n      <\/div>\n\n            \n<style>\n#banner-100892884 {\n  padding-top: 180px;\n  background-color: rgb(255, 255, 255);\n}\n#banner-100892884 .banner-bg img {\n  object-position: 49% 56%;\n}\n@media (min-width:550px) {\n  #banner-100892884 {\n    padding-top: 190px;\n  }\n}\n@media (min-width:850px) {\n  #banner-100892884 {\n    padding-top: 200px;\n  }\n}\n<\/style>\n  <\/div>\n\n\n\n\t\t<\/div>\n\t\t\t\t\t<\/div>\n\n\t\n\n<\/div>\n<div class=\"row align-middle\"  id=\"row-402569958\">\n\n\n\t<div id=\"col-1386069231\" class=\"col medium-7 small-12 large-4\"  >\n\t\t\t\t<div class=\"col-inner\"  >\n\t\t\t\n\t\t\t\n\n<h4><a href=\"https:\/\/www.josepforaster.com\/es\/productos\" target=\"_blank\" rel=\"noopener\">VINO BLANCO ECOL\u00d3GICO ELS NANOS JOSEP FORASTER<\/a><\/h4>\n<p>Els Nanos blanco es la m\u00e1xima expresi\u00f3n de su \"terroire\". Uva de vi\u00f1edos propios de Macabeo de 50 a\u00f1os de la Vi\u00f1a del Coster, situada a los pies de las Monta\u00f1as de Prades a 400 metros de altitud y con cultivo ecol\u00f3gico desde hace 10 a\u00f1os. Es un vino para disfrutar, aut\u00e9ntico y f\u00e1cil de beber, en el que destacan aromas de fruta blanca y tiene una boca crujiente y fresca.<\/p>\n\n\t\t<\/div>\n\t\t\t\t\t<\/div>\n\n\t\n\n\t<div id=\"col-1689391033\" class=\"col hide-for-medium medium-5 small-12 large-3\"  >\n\t\t\t\t<div class=\"col-inner\"  >\n\t\t\t\n\t\t\t\n\n\n  <div class=\"banner has-hover\" id=\"banner-120529853\">\n          <div class=\"banner-inner fill\">\n        <div class=\"banner-bg fill\" >\n                                                \n                    <\/div>\n\t\t\n        <div class=\"banner-layers container\">\n            <div class=\"fill banner-link\"><\/div>            \n\n\t<div class=\"img has-hover x50 md-x50 lg-x50 y50 md-y50 lg-y50\" id=\"image_1252483945\">\n\t\t\t\t\t\t\t\t<div class=\"img-inner dark\" >\n\t\t\t<img loading=\"lazy\" decoding=\"async\" width=\"500\" height=\"500\" src=\"https:\/\/lotsdenadal.cat\/wp-content\/uploads\/2023\/10\/pb-josep-foraster-vi-blanc-els-nanos.jpg\" class=\"attachment-original size-original\" alt=\"Vino Blanco Josep Foraster Els Nanos vinos catalanes\" srcset=\"https:\/\/lotsdenadal.cat\/wp-content\/uploads\/2023\/10\/pb-josep-foraster-vi-blanc-els-nanos.jpg 500w, https:\/\/lotsdenadal.cat\/wp-content\/uploads\/2023\/10\/pb-josep-foraster-vi-blanc-els-nanos-400x400.jpg 400w, https:\/\/lotsdenadal.cat\/wp-content\/uploads\/2023\/10\/pb-josep-foraster-vi-blanc-els-nanos-280x280.jpg 280w, https:\/\/lotsdenadal.cat\/wp-content\/uploads\/2023\/10\/pb-josep-foraster-vi-blanc-els-nanos-100x100.jpg 100w\" sizes=\"auto, (max-width: 500px) 100vw, 500px\" \/>\t\t\t\t\t\t\n\t\t\t\t\t<\/div>\n\t\t\t\t\t\t\t\t\n<style>\n#image_1252483945 {\n  width: 35%;\n}\n@media (min-width:550px) {\n  #image_1252483945 {\n    width: 100%;\n  }\n}\n@media (min-width:850px) {\n  #image_1252483945 {\n    width: 60%;\n  }\n}\n<\/style>\n\t<\/div>\n\t\n\n\n        <\/div>\n      <\/div>\n\n            \n<style>\n#banner-120529853 {\n  padding-top: 200px;\n  background-color: rgb(255,255,255);\n}\n@media (min-width:850px) {\n  #banner-120529853 {\n    padding-top: 200px;\n  }\n}\n<\/style>\n  <\/div>\n\n\n\n\t\t<\/div>\n\t\t\t\t\t<\/div>\n\n\t\n\n\t<div id=\"col-1329096799\" class=\"col medium-5 small-12 large-5\"  >\n\t\t\t\t<div class=\"col-inner text-center\"  >\n\t\t\t\n\t\t\t\n\n\n  <div class=\"banner has-hover\" id=\"banner-1208440593\">\n          <div class=\"banner-inner fill\">\n        <div class=\"banner-bg fill\" >\n            <img loading=\"lazy\" decoding=\"async\" width=\"550\" height=\"250\" src=\"https:\/\/lotsdenadal.cat\/wp-content\/uploads\/2023\/10\/pb-josep-foraster-vi-blanc-els-nanos-b.jpg\" class=\"bg attachment-large size-large\" alt=\"Vino Blanco Josep Foraster Els Nanos vinos catalanes\" \/>                                    \n                    <\/div>\n\t\t\n        <div class=\"banner-layers container\">\n            <div class=\"fill banner-link\"><\/div>            \n\n\n        <\/div>\n      <\/div>\n\n            \n<style>\n#banner-1208440593 {\n  padding-top: 180px;\n  background-color: rgb(255, 255, 255);\n}\n#banner-1208440593 .banner-bg img {\n  object-position: 49% 56%;\n}\n@media (min-width:550px) {\n  #banner-1208440593 {\n    padding-top: 190px;\n  }\n}\n@media (min-width:850px) {\n  #banner-1208440593 {\n    padding-top: 200px;\n  }\n}\n<\/style>\n  <\/div>\n\n\n\n\t\t<\/div>\n\t\t\t\t\t<\/div>\n\n\t\n\n<\/div>\n<div class=\"row align-middle\"  id=\"row-1124621602\">\n\n\n\t<div id=\"col-153706306\" class=\"col medium-7 small-12 large-4\"  >\n\t\t\t\t<div class=\"col-inner\"  >\n\t\t\t\n\t\t\t\n\n<h4><a href=\"https:\/\/mariarigolordi.com\/productos.php\" target=\"_blank\" rel=\"noopener\">CAVA BRUT NATURE ECOL\u00d3GICO MARIA RIGOL ORDI<\/a><\/h4>\n<p>La chispa de la juventud dentro de la copa. Desenfadado, fresco y caprichoso. Amplio a su paso, vivo y refrescante, de burbujas finas y cremosas. Un espumoso que a\u00f1o tras a\u00f1o demuestra su personalidad y finura. Armonizamos con pescados, marisco, quesos de intensidad media y conservas. Tambi\u00e9n es perfecto para acompa\u00f1ar tapas gracias a su frescura.<\/p>\n\n\t\t<\/div>\n\t\t\t\t\t<\/div>\n\n\t\n\n\t<div id=\"col-1414212887\" class=\"col hide-for-medium medium-5 small-12 large-3\"  >\n\t\t\t\t<div class=\"col-inner\"  >\n\t\t\t\n\t\t\t\n\n\n  <div class=\"banner has-hover\" id=\"banner-581401565\">\n          <div class=\"banner-inner fill\">\n        <div class=\"banner-bg fill\" >\n                                                \n                    <\/div>\n\t\t\n        <div class=\"banner-layers container\">\n            <div class=\"fill banner-link\"><\/div>            \n\n\t<div class=\"img has-hover x50 md-x50 lg-x50 y50 md-y50 lg-y50\" id=\"image_384953173\">\n\t\t\t\t\t\t\t\t<div class=\"img-inner dark\" >\n\t\t\t<img loading=\"lazy\" decoding=\"async\" width=\"500\" height=\"500\" src=\"https:\/\/lotsdenadal.cat\/wp-content\/uploads\/2023\/10\/pb-maria-rigol-ordi-cava-brut-nature.jpg\" class=\"attachment-original size-original\" alt=\"Cava Brut Nature Maria Rigol Ordi cavas de Catalu\u00f1a\" srcset=\"https:\/\/lotsdenadal.cat\/wp-content\/uploads\/2023\/10\/pb-maria-rigol-ordi-cava-brut-nature.jpg 500w, https:\/\/lotsdenadal.cat\/wp-content\/uploads\/2023\/10\/pb-maria-rigol-ordi-cava-brut-nature-400x400.jpg 400w, https:\/\/lotsdenadal.cat\/wp-content\/uploads\/2023\/10\/pb-maria-rigol-ordi-cava-brut-nature-280x280.jpg 280w, https:\/\/lotsdenadal.cat\/wp-content\/uploads\/2023\/10\/pb-maria-rigol-ordi-cava-brut-nature-100x100.jpg 100w\" sizes=\"auto, (max-width: 500px) 100vw, 500px\" \/>\t\t\t\t\t\t\n\t\t\t\t\t<\/div>\n\t\t\t\t\t\t\t\t\n<style>\n#image_384953173 {\n  width: 35%;\n}\n@media (min-width:550px) {\n  #image_384953173 {\n    width: 100%;\n  }\n}\n@media (min-width:850px) {\n  #image_384953173 {\n    width: 60%;\n  }\n}\n<\/style>\n\t<\/div>\n\t\n\n\n        <\/div>\n      <\/div>\n\n            \n<style>\n#banner-581401565 {\n  padding-top: 200px;\n  background-color: rgb(255,255,255);\n}\n@media (min-width:850px) {\n  #banner-581401565 {\n    padding-top: 200px;\n  }\n}\n<\/style>\n  <\/div>\n\n\n\n\t\t<\/div>\n\t\t\t\t\t<\/div>\n\n\t\n\n\t<div id=\"col-535238590\" class=\"col medium-5 small-12 large-5\"  >\n\t\t\t\t<div class=\"col-inner text-center\"  >\n\t\t\t\n\t\t\t\n\n\n  <div class=\"banner has-hover\" id=\"banner-1041520086\">\n          <div class=\"banner-inner fill\">\n        <div class=\"banner-bg fill\" >\n            <img loading=\"lazy\" decoding=\"async\" width=\"550\" height=\"250\" src=\"https:\/\/lotsdenadal.cat\/wp-content\/uploads\/2023\/10\/pb-maria-rigol-ordi-cava-brut-nature-b.jpg\" class=\"bg attachment-large size-large\" alt=\"Cava Brut Nature Maria Rigol Ordi cavas de Catalu\u00f1a\" \/>                                    \n                    <\/div>\n\t\t\n        <div class=\"banner-layers container\">\n            <div class=\"fill banner-link\"><\/div>            \n\n\n        <\/div>\n      <\/div>\n\n            \n<style>\n#banner-1041520086 {\n  padding-top: 180px;\n  background-color: rgb(255, 255, 255);\n}\n#banner-1041520086 .banner-bg img {\n  object-position: 49% 56%;\n}\n@media (min-width:550px) {\n  #banner-1041520086 {\n    padding-top: 190px;\n  }\n}\n@media (min-width:850px) {\n  #banner-1041520086 {\n    padding-top: 200px;\n  }\n}\n<\/style>\n  <\/div>\n\n\n\n\t\t<\/div>\n\t\t\t\t\t<\/div>\n\n\t\n\n<\/div>\n","protected":false},"excerpt":{"rendered":"<h4><span style=\"font-size: 27px; line-height: 0.8 em; font-weight: 200; color:#f4a5ad;\">Comparteix | 3 productos <\/span><span style=\"font-size: 27px; line-height: 0.8 em; font-weight: 200; color:  #becd4f;\"> | <\/span><img decoding=\"async\" src=\"\/wp-content\/uploads\/2023\/09\/eco_ue.jpg\"  alt=\"Certificado CCPAE\" width=\"35\"\/><span style=\"font-size: 20px; line-height: 1 em; font-weight: 200; color: #becd4f;\"> 3 ecol\u00f3gicos<\/span><\/h4>\n<div class=\"row row-collapse row-full-width align-middle\"  id=\"row-1732083189\">\n\t<div id=\"col-916926545\" class=\"col medium-2 small-3 large-2\"  >\n\t\t\t\t<div class=\"col-inner\"  >\n\t\t\t\n\t\t\t<img loading=\"lazy\" decoding=\"async\" class=\"alignleft\" src=\"\/wp-content\/uploads\/2023\/09\/lots-de-nadal-sense-oli-palma.png\"  alt=\"Lote de Navidad sin aceite de palma\" width=\"90\" height=\"90\" \/>\t\t<\/div>\n\t\t\t\t\t<\/div>\n\n\t\n\t<div id=\"col-1978149295\" class=\"col medium-2 small-3 large-2\"  >\n\t\t\t\t<div class=\"col-inner\"  >\n\t\t\t\n\t\t\t<img loading=\"lazy\" decoding=\"async\" class=\"alignleft\" src=\"\/wp-content\/uploads\/2023\/06\/lots-de-nadal-ecologic.png\"  alt=\"Lote de Navidad ecol\u00f3gico\" width=\"90\" height=\"90\" \/>\t\t<\/div>\n\t\t\t\t\t<\/div>\n\n\t\n\t<div id=\"col-549775068\" class=\"col medium-2 small-3 large-2\"  >\n\t\t\t\t<div class=\"col-inner\"  >\n\t\t\t\n\t\t\t<img loading=\"lazy\" decoding=\"async\" class=\"alignleft\" src=\"\/wp-content\/uploads\/2023\/06\/lots-de-nadal-vegetaria.png\"  alt=\"Lote de Navidad vegetariano\" width=\"90\" height=\"90\" \/>\t\t<\/div>\n\t\t\t\t\t<\/div>\n\n\t\n\t<div id=\"col-386332921\" class=\"col medium-2 small-3 large-2\"  >\n\t\t\t\t<div class=\"col-inner\"  >\n\t\t\t\n\t\t\t<img loading=\"lazy\" decoding=\"async\" class=\"alignleft\" src=\"\/wp-content\/uploads\/2023\/06\/lots-de-nadal-vega.png\"  alt=\"Lote de Navidad vegano\" width=\"90\" height=\"90\" \/>\t\t<\/div>\n\t\t\t\t\t<\/div>\n\n\t\n\t<div id=\"col-759678706\" class=\"col medium-2 small-3 large-2\"  >\n\t\t\t\t<div class=\"col-inner\"  >\n\t\t\t\n\t\t\t<img loading=\"lazy\" decoding=\"async\" class=\"alignleft\" src=\"\/wp-content\/uploads\/2023\/06\/lots-de-nadal-sense-gluten.png\"  alt=\"Lote de Navidad sin gluten\" width=\"90\" height=\"90\" \/>\t\t<\/div>\n\t\t\t\t\t<\/div>\n\n\t\n\t<div id=\"col-307556683\" class=\"col medium-2 small-3 large-2\"  >\n\t\t\t\t<div class=\"col-inner\"  >\n\t\t\t\n\t\t\t<img loading=\"lazy\" decoding=\"async\" class=\"alignleft\" src=\"\/wp-content\/uploads\/2023\/06\/lots-de-nadal-sense-lactosa.png\"  alt=\" Lote de Navidad sin lactosa\" width=\"90\" height=\"90\" \/>\t\t<\/div>\n\t\t\t\t\t<\/div>\n\n\t\n<style>\n#row-1732083189 > .col > .col-inner {\n  padding: -50px 0px 0px 0px;\n}\n<\/style>\n<\/div>\n<h4><\/h4>\n<ul>\n<li>\n<tr>\n<td><img decoding=\"async\" src=\"\/wp-content\/uploads\/2023\/09\/eco_mini.png\"  alt=\"producte ecol\u00f2gic\" width=\"12\"\/><\/td>\n<td><span style=\"font-size: 87%\">Els Nanos Collita. Vino tinto eco DO Conca de Barber\u00e0 Bodega Josep Foraster<\/span><\/td>\n<td><img decoding=\"async\" src=\"\/wp-content\/uploads\/2023\/09\/penin87.png\" title=\"Guia Pe\u00f1in\" alt=\"Guia Pe\u00f1in\" width=\"40\"\/><\/td>\n<\/tr>\n<\/li>\n<li>\n<tr>\n<td><img decoding=\"async\" src=\"\/wp-content\/uploads\/2023\/09\/eco_mini.png\"  alt=\"producte ecol\u00f2gic\" width=\"12\"\/><\/td>\n<td><span style=\"font-size: 87%\">Els Nanos. Blanco eco 100% Macabeo DO Conca de Barber\u00e0 Bodega Josep Foraster<\/span><\/td>\n<td><img decoding=\"async\" src=\"\/wp-content\/uploads\/2023\/09\/guia94.png\" title=\"La Guia de vins de Catalunya\" alt=\"La Guia de vins de Catalunya\" width=\"40\"\/><\/td>\n<td><img decoding=\"async\" src=\"\/wp-content\/uploads\/2023\/09\/penin87.png\" title=\"Guia Pe\u00f1in\" alt=\"Guia Pe\u00f1in\" width=\"40\"\/><\/td>\n<\/tr>\n<\/li>\n<li>\n<tr>\n<td><img decoding=\"async\" src=\"\/wp-content\/uploads\/2023\/09\/eco_mini.png\"  alt=\"producte ecol\u00f2gic\" width=\"12\"\/><\/td>\n<td><span style=\"font-size: 87%\">Cava Brut Nature eco. 18 m. crianza. Vinari Plata 2022 Bodega Maria Rigol Ordi<\/span><\/td>\n<td><img decoding=\"async\" src=\"\/wp-content\/uploads\/2023\/09\/guia96.png\" title=\"La Guia de vins de Catalunya\" alt=\"La Guia de vins de Catalunya\" width=\"40\"\/><\/td>\n<td><img decoding=\"async\" src=\"\/wp-content\/uploads\/2023\/09\/penin88.png\" title=\"Guia Pe\u00f1in\" alt=\"Guia Pe\u00f1in\" width=\"40\"\/><\/td>\n<td><img decoding=\"async\" src=\"\/wp-content\/uploads\/2023\/09\/vinari-plata.png\" title=\"Premis Vinari\" alt=\"Premis Vinari\" width=\"25\"\/><\/td>\n<\/tr>\n<\/li>\n<\/ul>\n<\/div>\n","protected":false},"featured_media":500775,"template":"","meta":{"_monsterinsights_skip_tracking":false,"_monsterinsights_sitenote_active":false,"_monsterinsights_sitenote_note":"","_monsterinsights_sitenote_category":0},"product_brand":[],"product_cat":[125,163,164,166],"product_tag":[142,143,134,140,139],"class_list":{"0":"post-4000301","1":"product","2":"type-product","3":"status-publish","4":"has-post-thumbnail","6":"product_cat-todos","7":"product_cat-regalos-de-empresa","8":"product_cat-desde-17-95-euros","9":"product_cat-vinos-y-cavas","10":"product_tag-cava-es","11":"product_tag-cava-brut-nature-es","12":"product_tag-regalos-gastronomicos-es","13":"product_tag-vino-blanco-es","14":"product_tag-vino-tinto-es","16":"first","17":"instock","18":"taxable","19":"shipping-taxable","20":"purchasable","21":"product-type-simple"},"group_of_quantity":0,"min_quantity":0,"max_quantity":"","exclude_order_quantity_value_rules":"no","exclude_category_quantity_rules":"no","combine_variations":"no","yoast_head":"<!-- This site is optimized with the Yoast SEO Premium plugin v25.8 (Yoast SEO v25.8) - https:\/\/yoast.com\/wordpress\/plugins\/seo\/ -->\n<title>Regalo Gastron\u00f3mico Comparteix 301 | Harcogourmet<\/title>\n<meta name=\"description\" content=\"\u00bfBuscas vinos para regalar? El Regalo Gastron\u00f3mico Comparteix 301 es un Regalo Gastron\u00f3mico con vinos catalanes. Elige tus vinos catalanes para regalar\" \/>\n<meta name=\"robots\" content=\"index, follow, max-snippet:-1, max-image-preview:large, max-video-preview:-1\" \/>\n<link rel=\"canonical\" href=\"https:\/\/lotsdenadal.cat\/es\/producto\/regalo-gastronomico-comparteix-301\/\" \/>\n<meta property=\"og:locale\" content=\"es_ES\" \/>\n<meta property=\"og:type\" content=\"article\" \/>\n<meta property=\"og:title\" content=\"Regalo Gastron\u00f3mico Comparteix 301\" \/>\n<meta property=\"og:description\" content=\"\u00bfBuscas vinos para regalar? El Regalo Gastron\u00f3mico Comparteix 301 es un Regalo Gastron\u00f3mico con vinos catalanes. Elige tus vinos catalanes para regalar\" \/>\n<meta property=\"og:url\" content=\"https:\/\/lotsdenadal.cat\/es\/producto\/regalo-gastronomico-comparteix-301\/\" \/>\n<meta property=\"og:site_name\" content=\"Lotes de Navidad\" \/>\n<meta property=\"article:publisher\" content=\"https:\/\/facebook.com\/harcogourmet\" \/>\n<meta property=\"article:modified_time\" content=\"2024-09-06T10:25:48+00:00\" \/>\n<meta property=\"og:image\" content=\"https:\/\/lotsdenadal.cat\/wp-content\/uploads\/2023\/08\/regal-gastronomic-comparteix-301.jpg\" \/>\n\t<meta property=\"og:image:width\" content=\"1500\" \/>\n\t<meta property=\"og:image:height\" content=\"1500\" \/>\n\t<meta property=\"og:image:type\" content=\"image\/jpeg\" \/>\n<meta name=\"twitter:card\" content=\"summary_large_image\" \/>\n<meta name=\"twitter:site\" content=\"@harcogourmet\" \/>\n<meta name=\"twitter:label1\" content=\"Precio\" \/>\n\t<meta name=\"twitter:data1\" content=\"29,95&nbsp;&euro; + IVA\" \/>\n\t<meta name=\"twitter:label2\" content=\"Disponibilidad\" \/>\n\t<meta name=\"twitter:data2\" content=\"Disponible\" \/>\n<script type=\"application\/ld+json\" class=\"yoast-schema-graph\">{\"@context\":\"https:\/\/schema.org\",\"@graph\":[{\"@type\":\"WebPage\",\"@id\":\"https:\/\/lotsdenadal.cat\/es\/producto\/regalo-gastronomico-comparteix-301\/\",\"url\":\"https:\/\/lotsdenadal.cat\/es\/producto\/regalo-gastronomico-comparteix-301\/\",\"name\":\"Regalo Gastron\u00f3mico Comparteix 301 | Harcogourmet\",\"isPartOf\":{\"@id\":\"https:\/\/lotsdenadal.cat\/es\/#website\"},\"primaryImageOfPage\":{\"@id\":\"https:\/\/lotsdenadal.cat\/es\/producto\/regalo-gastronomico-comparteix-301\/#primaryimage\"},\"image\":{\"@id\":\"https:\/\/lotsdenadal.cat\/es\/producto\/regalo-gastronomico-comparteix-301\/#primaryimage\"},\"thumbnailUrl\":\"https:\/\/lotsdenadal.cat\/wp-content\/uploads\/2023\/08\/regal-gastronomic-comparteix-301.jpg\",\"datePublished\":\"2023-08-23T20:32:00+00:00\",\"dateModified\":\"2024-09-06T10:25:48+00:00\",\"description\":\"\u00bfBuscas vinos para regalar? El Regalo Gastron\u00f3mico Comparteix 301 es un Regalo Gastron\u00f3mico con vinos catalanes. Elige tus vinos catalanes para regalar\",\"breadcrumb\":{\"@id\":\"https:\/\/lotsdenadal.cat\/es\/producto\/regalo-gastronomico-comparteix-301\/#breadcrumb\"},\"inLanguage\":\"es\",\"potentialAction\":[{\"@type\":\"ReadAction\",\"target\":[\"https:\/\/lotsdenadal.cat\/es\/producto\/regalo-gastronomico-comparteix-301\/\"]}]},{\"@type\":\"ImageObject\",\"inLanguage\":\"es\",\"@id\":\"https:\/\/lotsdenadal.cat\/es\/producto\/regalo-gastronomico-comparteix-301\/#primaryimage\",\"url\":\"https:\/\/lotsdenadal.cat\/wp-content\/uploads\/2023\/08\/regal-gastronomic-comparteix-301.jpg\",\"contentUrl\":\"https:\/\/lotsdenadal.cat\/wp-content\/uploads\/2023\/08\/regal-gastronomic-comparteix-301.jpg\",\"width\":1500,\"height\":1500,\"caption\":\"Regalo Gastron\u00f3mico, Comparteix 301, regalo de empresa, reglo clientes, detalle botellas de vino y cava\"},{\"@type\":\"BreadcrumbList\",\"@id\":\"https:\/\/lotsdenadal.cat\/es\/producto\/regalo-gastronomico-comparteix-301\/#breadcrumb\",\"itemListElement\":[{\"@type\":\"ListItem\",\"position\":1,\"name\":\"Inicio\",\"item\":\"https:\/\/lotsdenadal.cat\/es\/\"},{\"@type\":\"ListItem\",\"position\":2,\"name\":\"Elige tu Cesta de Navidad\",\"item\":\"https:\/\/lotsdenadal.cat\/es\/elige-tu-lote-de-navidad\/\"},{\"@type\":\"ListItem\",\"position\":3,\"name\":\"Regalo Gastron\u00f3mico Comparteix 301\"}]},{\"@type\":\"WebSite\",\"@id\":\"https:\/\/lotsdenadal.cat\/es\/#website\",\"url\":\"https:\/\/lotsdenadal.cat\/es\/\",\"name\":\"Lots de Nadal Harcogourmet\",\"description\":\"Lotes de Navidad con productos catalanes\",\"publisher\":{\"@id\":\"https:\/\/lotsdenadal.cat\/es\/#organization\"},\"alternateName\":\"LN Harcogourmet\",\"potentialAction\":[{\"@type\":\"SearchAction\",\"target\":{\"@type\":\"EntryPoint\",\"urlTemplate\":\"https:\/\/lotsdenadal.cat\/es\/?s={search_term_string}\"},\"query-input\":{\"@type\":\"PropertyValueSpecification\",\"valueRequired\":true,\"valueName\":\"search_term_string\"}}],\"inLanguage\":\"es\"},{\"@type\":\"Organization\",\"@id\":\"https:\/\/lotsdenadal.cat\/es\/#organization\",\"name\":\"Lotes de Navidad Harcogourmet\",\"alternateName\":\"Harcogourmet\",\"url\":\"https:\/\/lotsdenadal.cat\/es\/\",\"logo\":{\"@type\":\"ImageObject\",\"inLanguage\":\"es\",\"@id\":\"https:\/\/lotsdenadal.cat\/es\/#\/schema\/logo\/image\/\",\"url\":\"https:\/\/lotsdenadal.cat\/wp-content\/uploads\/2023\/06\/HG_negre.png\",\"contentUrl\":\"https:\/\/lotsdenadal.cat\/wp-content\/uploads\/2023\/06\/HG_negre.png\",\"width\":604,\"height\":108,\"caption\":\"Lotes de Navidad Harcogourmet\"},\"image\":{\"@id\":\"https:\/\/lotsdenadal.cat\/es\/#\/schema\/logo\/image\/\"},\"sameAs\":[\"https:\/\/facebook.com\/harcogourmet\",\"https:\/\/x.com\/harcogourmet\",\"https:\/\/instagram.com\/harcogourmet\",\"https:\/\/www.linkedin.com\/company\/3240347\/\",\"https:\/\/www.youtube.com\/channel\/UCoWNvGkEBJxGoCzwURxSrcQ\"]}]}<\/script>\n<meta property=\"product:price:amount\" content=\"29.95\" \/>\n<meta property=\"product:price:currency\" content=\"EUR\" \/>\n<meta property=\"og:availability\" content=\"instock\" \/>\n<meta property=\"product:availability\" content=\"instock\" \/>\n<meta property=\"product:retailer_item_id\" content=\"25CF_0301\" \/>\n<meta property=\"product:condition\" content=\"new\" \/>\n<!-- \/ Yoast SEO Premium plugin. -->","yoast_head_json":{"title":"Regalo Gastron\u00f3mico Comparteix 301 | Harcogourmet","description":"\u00bfBuscas vinos para regalar? El Regalo Gastron\u00f3mico Comparteix 301 es un Regalo Gastron\u00f3mico con vinos catalanes. Elige tus vinos catalanes para regalar","robots":{"index":"index","follow":"follow","max-snippet":"max-snippet:-1","max-image-preview":"max-image-preview:large","max-video-preview":"max-video-preview:-1"},"canonical":"https:\/\/lotsdenadal.cat\/es\/producto\/regalo-gastronomico-comparteix-301\/","og_locale":"es_ES","og_type":"article","og_title":"Regalo Gastron\u00f3mico Comparteix 301","og_description":"\u00bfBuscas vinos para regalar? El Regalo Gastron\u00f3mico Comparteix 301 es un Regalo Gastron\u00f3mico con vinos catalanes. Elige tus vinos catalanes para regalar","og_url":"https:\/\/lotsdenadal.cat\/es\/producto\/regalo-gastronomico-comparteix-301\/","og_site_name":"Lotes de Navidad","article_publisher":"https:\/\/facebook.com\/harcogourmet","article_modified_time":"2024-09-06T10:25:48+00:00","og_image":[{"width":1500,"height":1500,"url":"https:\/\/lotsdenadal.cat\/wp-content\/uploads\/2023\/08\/regal-gastronomic-comparteix-301.jpg","type":"image\/jpeg"}],"twitter_card":"summary_large_image","twitter_site":"@harcogourmet","twitter_misc":{"Precio":"29,95&nbsp;&euro; + IVA","Disponibilidad":"Disponible"},"schema":{"@context":"https:\/\/schema.org","@graph":[{"@type":"WebPage","@id":"https:\/\/lotsdenadal.cat\/es\/producto\/regalo-gastronomico-comparteix-301\/","url":"https:\/\/lotsdenadal.cat\/es\/producto\/regalo-gastronomico-comparteix-301\/","name":"Regalo Gastron\u00f3mico Comparteix 301 | Harcogourmet","isPartOf":{"@id":"https:\/\/lotsdenadal.cat\/es\/#website"},"primaryImageOfPage":{"@id":"https:\/\/lotsdenadal.cat\/es\/producto\/regalo-gastronomico-comparteix-301\/#primaryimage"},"image":{"@id":"https:\/\/lotsdenadal.cat\/es\/producto\/regalo-gastronomico-comparteix-301\/#primaryimage"},"thumbnailUrl":"https:\/\/lotsdenadal.cat\/wp-content\/uploads\/2023\/08\/regal-gastronomic-comparteix-301.jpg","datePublished":"2023-08-23T20:32:00+00:00","dateModified":"2024-09-06T10:25:48+00:00","description":"\u00bfBuscas vinos para regalar? El Regalo Gastron\u00f3mico Comparteix 301 es un Regalo Gastron\u00f3mico con vinos catalanes. Elige tus vinos catalanes para regalar","breadcrumb":{"@id":"https:\/\/lotsdenadal.cat\/es\/producto\/regalo-gastronomico-comparteix-301\/#breadcrumb"},"inLanguage":"es","potentialAction":[{"@type":"ReadAction","target":["https:\/\/lotsdenadal.cat\/es\/producto\/regalo-gastronomico-comparteix-301\/"]}]},{"@type":"ImageObject","inLanguage":"es","@id":"https:\/\/lotsdenadal.cat\/es\/producto\/regalo-gastronomico-comparteix-301\/#primaryimage","url":"https:\/\/lotsdenadal.cat\/wp-content\/uploads\/2023\/08\/regal-gastronomic-comparteix-301.jpg","contentUrl":"https:\/\/lotsdenadal.cat\/wp-content\/uploads\/2023\/08\/regal-gastronomic-comparteix-301.jpg","width":1500,"height":1500,"caption":"Regalo Gastron\u00f3mico, Comparteix 301, regalo de empresa, reglo clientes, detalle botellas de vino y cava"},{"@type":"BreadcrumbList","@id":"https:\/\/lotsdenadal.cat\/es\/producto\/regalo-gastronomico-comparteix-301\/#breadcrumb","itemListElement":[{"@type":"ListItem","position":1,"name":"Inicio","item":"https:\/\/lotsdenadal.cat\/es\/"},{"@type":"ListItem","position":2,"name":"Elige tu Cesta de Navidad","item":"https:\/\/lotsdenadal.cat\/es\/elige-tu-lote-de-navidad\/"},{"@type":"ListItem","position":3,"name":"Regalo Gastron\u00f3mico Comparteix 301"}]},{"@type":"WebSite","@id":"https:\/\/lotsdenadal.cat\/es\/#website","url":"https:\/\/lotsdenadal.cat\/es\/","name":"Lots de Nadal Harcogourmet","description":"Lotes de Navidad con productos catalanes","publisher":{"@id":"https:\/\/lotsdenadal.cat\/es\/#organization"},"alternateName":"LN Harcogourmet","potentialAction":[{"@type":"SearchAction","target":{"@type":"EntryPoint","urlTemplate":"https:\/\/lotsdenadal.cat\/es\/?s={search_term_string}"},"query-input":{"@type":"PropertyValueSpecification","valueRequired":true,"valueName":"search_term_string"}}],"inLanguage":"es"},{"@type":"Organization","@id":"https:\/\/lotsdenadal.cat\/es\/#organization","name":"Lotes de Navidad Harcogourmet","alternateName":"Harcogourmet","url":"https:\/\/lotsdenadal.cat\/es\/","logo":{"@type":"ImageObject","inLanguage":"es","@id":"https:\/\/lotsdenadal.cat\/es\/#\/schema\/logo\/image\/","url":"https:\/\/lotsdenadal.cat\/wp-content\/uploads\/2023\/06\/HG_negre.png","contentUrl":"https:\/\/lotsdenadal.cat\/wp-content\/uploads\/2023\/06\/HG_negre.png","width":604,"height":108,"caption":"Lotes de Navidad Harcogourmet"},"image":{"@id":"https:\/\/lotsdenadal.cat\/es\/#\/schema\/logo\/image\/"},"sameAs":["https:\/\/facebook.com\/harcogourmet","https:\/\/x.com\/harcogourmet","https:\/\/instagram.com\/harcogourmet","https:\/\/www.linkedin.com\/company\/3240347\/","https:\/\/www.youtube.com\/channel\/UCoWNvGkEBJxGoCzwURxSrcQ"]}]},"product_price_amount":"29.95","product_price_currency":"EUR","og_availability":"instock","product_availability":"instock","product_retailer_item_id":"25CF_0301","product_condition":"new"},"_links":{"self":[{"href":"https:\/\/lotsdenadal.cat\/es\/wp-json\/wp\/v2\/product\/4000301","targetHints":{"allow":["GET"]}}],"collection":[{"href":"https:\/\/lotsdenadal.cat\/es\/wp-json\/wp\/v2\/product"}],"about":[{"href":"https:\/\/lotsdenadal.cat\/es\/wp-json\/wp\/v2\/types\/product"}],"wp:featuredmedia":[{"embeddable":true,"href":"https:\/\/lotsdenadal.cat\/es\/wp-json\/wp\/v2\/media\/500775"}],"wp:attachment":[{"href":"https:\/\/lotsdenadal.cat\/es\/wp-json\/wp\/v2\/media?parent=4000301"}],"wp:term":[{"taxonomy":"product_brand","embeddable":true,"href":"https:\/\/lotsdenadal.cat\/es\/wp-json\/wp\/v2\/product_brand?post=4000301"},{"taxonomy":"product_cat","embeddable":true,"href":"https:\/\/lotsdenadal.cat\/es\/wp-json\/wp\/v2\/product_cat?post=4000301"},{"taxonomy":"product_tag","embeddable":true,"href":"https:\/\/lotsdenadal.cat\/es\/wp-json\/wp\/v2\/product_tag?post=4000301"}],"curies":[{"name":"wp","href":"https:\/\/api.w.org\/{rel}","templated":true}]}}