{"id":2001042,"date":"2023-08-23T22:31:13","date_gmt":"2023-08-23T20:31:13","guid":{"rendered":"https:\/\/lotsdenadal.cat\/product\/lote-de-navidad-natura-1042-vgn\/"},"modified":"2025-09-18T02:20:49","modified_gmt":"2025-09-18T00:20:49","slug":"lote-de-navidad-natura-1042-vgn","status":"publish","type":"product","link":"https:\/\/lotsdenadal.cat\/es\/producto\/lote-de-navidad-natura-1042-vgn\/","title":{"rendered":"Lote de Navidad Natura 1042 vgn"},"content":{"rendered":"<div class=\"row\"  id=\"row-1361458403\">\r\n\r\n\n\t<div id=\"col-1316348479\" class=\"col medium-12 small-12 large-12\"  >\n\t\t\t\t<div class=\"col-inner text-left\" style=\"background-color:rgb(255, 255, 255);\" >\n\t\t\t\n\t\t\t\r\n\r\n<div class=\"row\"  id=\"row-1342483491\">\r\n\r\n\n\t<div id=\"col-1284565565\" class=\"col small-12 large-12\"  >\n\t\t\t\t<div class=\"col-inner\" style=\"background-color:rgb(255, 255, 255);\" >\n\t\t\t\n\t\t\t\r\n\r\n<div class=\"is-divider divider clearfix\" style=\"max-width:470px;height:2px;\"><\/div>\r\n\r\n<h2><span style=\"background-color: #ffffff; color: #333333; font-size: 105%;\">ALGUNAS JOYAS GASTRON\u00d3MICAS <br \/>DEL LOTE DE NAVIDAD SON...<\/span>\u00a0 <img decoding=\"async\" style=\"margin-bottom: 4px;\" title=\"regals gastron\u00f2mics\" src=\"\/wp-content\/uploads\/2023\/06\/logo-estrella.png\" alt=\"regals gastron\u00f2mics\" width=\"35\"\/><\/h2>\r\n\r\n\t\t<\/div>\n\t\t\t\t\n<style>\n#col-1284565565 > .col-inner {\n  padding: 0px 0px 0px 0px;\n  margin: 0px 0px -35px 0px;\n}\n<\/style>\n\t<\/div>\n\n\t\r\n\r\n<\/div>\r\n\r\n\t\t<\/div>\n\t\t\t\t\t<\/div>\n\n\t\r\n\r\n<\/div>\n<div class=\"row align-middle\"  id=\"row-518885672\">\n\n\n\t<div id=\"col-1791122473\" class=\"col medium-7 small-12 large-4\"  >\n\t\t\t\t<div class=\"col-inner\"  >\n\t\t\t\n\t\t\t\n\n<h4><a href=\"https:\/\/quevall.cat\/product\/cap-de-creus-dry-gin\/?v=efb03b68f7a0\" target=\"_blank\" rel=\"noopener\">GINEBRA DEL CAP DE CREUS QUEVALL<\/a><\/h4>\n<p>Destilada artesanalmente con alambique de cobre tradicional. El proceso comienza con la maceraci\u00f3n de enebro, cilantro, hierba luisa y otras hierbas arom\u00e1ticas del entorno. Destilada lentamente durante 14 horas para extraer al m\u00e1ximo los aromas, sale a 87\u202f% vol y se rebaja a 40\u202f% vol, siguiendo el m\u00e9todo London Dry Gin, garantizando una ginebra de calidad.<\/p>\n\n\t\t<\/div>\n\t\t\t\t\t<\/div>\n\n\t\n\n\t<div id=\"col-914811812\" class=\"col hide-for-medium medium-5 small-12 large-3\"  >\n\t\t\t\t<div class=\"col-inner\"  >\n\t\t\t\n\t\t\t\n\n\n  <div class=\"banner has-hover\" id=\"banner-1031497228\">\n          <div class=\"banner-inner fill\">\n        <div class=\"banner-bg fill\" >\n                                                \n                    <\/div>\n\t\t\n        <div class=\"banner-layers container\">\n            <div class=\"fill banner-link\"><\/div>            \n\n\t<div class=\"img has-hover x50 md-x50 lg-x50 y50 md-y50 lg-y50\" id=\"image_212524294\">\n\t\t\t\t\t\t\t\t<div class=\"img-inner dark\" >\n\t\t\t<img loading=\"lazy\" decoding=\"async\" width=\"1024\" height=\"1024\" src=\"https:\/\/lotsdenadal.cat\/wp-content\/uploads\/2025\/09\/pb-ginebra-cap-de-creus.jpg\" class=\"attachment-original size-original\" alt=\"Ginebra Cap de Creus Quevall\" srcset=\"https:\/\/lotsdenadal.cat\/wp-content\/uploads\/2025\/09\/pb-ginebra-cap-de-creus.jpg 1024w, https:\/\/lotsdenadal.cat\/wp-content\/uploads\/2025\/09\/pb-ginebra-cap-de-creus-400x400.jpg 400w, https:\/\/lotsdenadal.cat\/wp-content\/uploads\/2025\/09\/pb-ginebra-cap-de-creus-800x800.jpg 800w, https:\/\/lotsdenadal.cat\/wp-content\/uploads\/2025\/09\/pb-ginebra-cap-de-creus-280x280.jpg 280w, https:\/\/lotsdenadal.cat\/wp-content\/uploads\/2025\/09\/pb-ginebra-cap-de-creus-768x768.jpg 768w, https:\/\/lotsdenadal.cat\/wp-content\/uploads\/2025\/09\/pb-ginebra-cap-de-creus-100x100.jpg 100w\" sizes=\"auto, (max-width: 1024px) 100vw, 1024px\" \/>\t\t\t\t\t\t\n\t\t\t\t\t<\/div>\n\t\t\t\t\t\t\t\t\n<style>\n#image_212524294 {\n  width: 35%;\n}\n@media (min-width:550px) {\n  #image_212524294 {\n    width: 100%;\n  }\n}\n@media (min-width:850px) {\n  #image_212524294 {\n    width: 60%;\n  }\n}\n<\/style>\n\t<\/div>\n\t\n\n\n        <\/div>\n      <\/div>\n\n            \n<style>\n#banner-1031497228 {\n  padding-top: 200px;\n  background-color: rgb(255,255,255);\n}\n@media (min-width:850px) {\n  #banner-1031497228 {\n    padding-top: 200px;\n  }\n}\n<\/style>\n  <\/div>\n\n\n\n\t\t<\/div>\n\t\t\t\t\t<\/div>\n\n\t\n\n\t<div id=\"col-1402170905\" class=\"col medium-5 small-12 large-5\"  >\n\t\t\t\t<div class=\"col-inner text-center\"  >\n\t\t\t\n\t\t\t\n\n\n  <div class=\"banner has-hover\" id=\"banner-548974154\">\n          <div class=\"banner-inner fill\">\n        <div class=\"banner-bg fill\" >\n            <img loading=\"lazy\" decoding=\"async\" width=\"550\" height=\"250\" src=\"https:\/\/lotsdenadal.cat\/wp-content\/uploads\/2025\/09\/pb-ginebra-cap-de-creus-b.jpg\" class=\"bg attachment-large size-large\" alt=\"Quevall\" \/>                                    \n                    <\/div>\n\t\t\n        <div class=\"banner-layers container\">\n            <div class=\"fill banner-link\"><\/div>            \n\n\n        <\/div>\n      <\/div>\n\n            \n<style>\n#banner-548974154 {\n  padding-top: 180px;\n  background-color: rgb(255, 255, 255);\n}\n#banner-548974154 .banner-bg img {\n  object-position: 55% 0%;\n}\n@media (min-width:550px) {\n  #banner-548974154 {\n    padding-top: 190px;\n  }\n}\n@media (min-width:850px) {\n  #banner-548974154 {\n    padding-top: 200px;\n  }\n}\n<\/style>\n  <\/div>\n\n\n\n\t\t<\/div>\n\t\t\t\t\t<\/div>\n\n\t\n\n<\/div>\n<div class=\"row align-middle\"  id=\"row-292734143\">\n\n\n\t<div id=\"col-1417597675\" class=\"col medium-7 small-12 large-4\"  >\n\t\t\t\t<div class=\"col-inner\"  >\n\t\t\t\n\t\t\t\n\n<h4><a href=\"https:\/\/www.josepforaster.com\/es\/productos\" target=\"_blank\" rel=\"noopener\">VINO TINTO ECOL\u00d3GICO ELS NANOS COLLITA JOSEP FORASTER<\/a><\/h4>\n<p>Els Nanos Collita es su vino tinto joven. Toda la uva proviene del vi\u00f1edo de Mas Castells, a los pies de la Sierra de Miramar, donde tienen plantadas las variedades Tempranillo, Cabernet Sauvignon y Trepat, con cultivo ecol\u00f3gico.<br \/>\nEs un vino donde se expresan al m\u00e1ximo los aromas primarios. Tiene aromas de fruta roja y un perfil fresco y goloso.<\/p>\n\n\t\t<\/div>\n\t\t\t\t\t<\/div>\n\n\t\n\n\t<div id=\"col-1713991809\" class=\"col hide-for-medium medium-5 small-12 large-3\"  >\n\t\t\t\t<div class=\"col-inner\"  >\n\t\t\t\n\t\t\t\n\n\n  <div class=\"banner has-hover\" id=\"banner-498764230\">\n          <div class=\"banner-inner fill\">\n        <div class=\"banner-bg fill\" >\n                                                \n                    <\/div>\n\t\t\n        <div class=\"banner-layers container\">\n            <div class=\"fill banner-link\"><\/div>            \n\n\t<div class=\"img has-hover x50 md-x50 lg-x50 y50 md-y50 lg-y50\" id=\"image_1841082022\">\n\t\t\t\t\t\t\t\t<div class=\"img-inner dark\" >\n\t\t\t<img loading=\"lazy\" decoding=\"async\" width=\"500\" height=\"500\" src=\"https:\/\/lotsdenadal.cat\/wp-content\/uploads\/2023\/10\/pb-josep-foraster-vi-negre-els-nanos-collita.jpg\" class=\"attachment-original size-original\" alt=\"Vino Tinto Josep Foraster Els Nanos Collita vino de proximidad\" srcset=\"https:\/\/lotsdenadal.cat\/wp-content\/uploads\/2023\/10\/pb-josep-foraster-vi-negre-els-nanos-collita.jpg 500w, https:\/\/lotsdenadal.cat\/wp-content\/uploads\/2023\/10\/pb-josep-foraster-vi-negre-els-nanos-collita-400x400.jpg 400w, https:\/\/lotsdenadal.cat\/wp-content\/uploads\/2023\/10\/pb-josep-foraster-vi-negre-els-nanos-collita-280x280.jpg 280w, https:\/\/lotsdenadal.cat\/wp-content\/uploads\/2023\/10\/pb-josep-foraster-vi-negre-els-nanos-collita-100x100.jpg 100w\" sizes=\"auto, (max-width: 500px) 100vw, 500px\" \/>\t\t\t\t\t\t\n\t\t\t\t\t<\/div>\n\t\t\t\t\t\t\t\t\n<style>\n#image_1841082022 {\n  width: 35%;\n}\n@media (min-width:550px) {\n  #image_1841082022 {\n    width: 100%;\n  }\n}\n@media (min-width:850px) {\n  #image_1841082022 {\n    width: 60%;\n  }\n}\n<\/style>\n\t<\/div>\n\t\n\n\n        <\/div>\n      <\/div>\n\n            \n<style>\n#banner-498764230 {\n  padding-top: 200px;\n  background-color: rgb(255,255,255);\n}\n@media (min-width:850px) {\n  #banner-498764230 {\n    padding-top: 200px;\n  }\n}\n<\/style>\n  <\/div>\n\n\n\n\t\t<\/div>\n\t\t\t\t\t<\/div>\n\n\t\n\n\t<div id=\"col-454024859\" class=\"col medium-5 small-12 large-5\"  >\n\t\t\t\t<div class=\"col-inner text-center\"  >\n\t\t\t\n\t\t\t\n\n\n  <div class=\"banner has-hover\" id=\"banner-2111916067\">\n          <div class=\"banner-inner fill\">\n        <div class=\"banner-bg fill\" >\n            <img loading=\"lazy\" decoding=\"async\" width=\"550\" height=\"250\" src=\"https:\/\/lotsdenadal.cat\/wp-content\/uploads\/2023\/10\/pb-josep-foraster-vi-negre-els-nanos-collita-b.jpg\" class=\"bg attachment-large size-large\" alt=\"Vino Tinto Josep Foraster Els Nanos Collita vino de proximidad\" \/>                                    \n                    <\/div>\n\t\t\n        <div class=\"banner-layers container\">\n            <div class=\"fill banner-link\"><\/div>            \n\n\n        <\/div>\n      <\/div>\n\n            \n<style>\n#banner-2111916067 {\n  padding-top: 180px;\n  background-color: rgb(255, 255, 255);\n}\n#banner-2111916067 .banner-bg img {\n  object-position: 49% 56%;\n}\n@media (min-width:550px) {\n  #banner-2111916067 {\n    padding-top: 190px;\n  }\n}\n@media (min-width:850px) {\n  #banner-2111916067 {\n    padding-top: 200px;\n  }\n}\n<\/style>\n  <\/div>\n\n\n\n\t\t<\/div>\n\t\t\t\t\t<\/div>\n\n\t\n\n<\/div>\n<div class=\"row align-middle\"  id=\"row-1098150955\">\n\n\n\t<div id=\"col-475211286\" class=\"col medium-7 small-12 large-4\"  >\n\t\t\t\t<div class=\"col-inner\"  >\n\t\t\t\n\t\t\t\n\n<h4><a href=\"https:\/\/shop.castelodepedregosa.com\/products\/Petit-Cuvee-p574820709\" target=\"_blank\" rel=\"noopener\">PETIT CUV\u00c9E BODEGA CASTELO DE PEDREGOSA<\/a><\/h4>\n<p>Elaborado con las variedades tradicionales de Macabeo, Xarel\u00b7lo y Parellada, ofrece una experiencia fresca y vibrante. Criado durante al menos 12 meses, su sabor destaca por el equilibrio entre frutas ligeras y sutiles notas de su crianza. Un Brut Nature ecol\u00f3gico de fina burbuja que expresa la naturalidad y autenticidad del terreno de donde proviene.<\/p>\n\n\t\t<\/div>\n\t\t\t\t\t<\/div>\n\n\t\n\n\t<div id=\"col-1581059095\" class=\"col hide-for-medium medium-5 small-12 large-3\"  >\n\t\t\t\t<div class=\"col-inner\"  >\n\t\t\t\n\t\t\t\n\n\n  <div class=\"banner has-hover\" id=\"banner-1501663165\">\n          <div class=\"banner-inner fill\">\n        <div class=\"banner-bg fill\" >\n                                                \n                    <\/div>\n\t\t\n        <div class=\"banner-layers container\">\n            <div class=\"fill banner-link\"><\/div>            \n\n\t<div class=\"img has-hover x50 md-x50 lg-x50 y50 md-y50 lg-y50\" id=\"image_19405141\">\n\t\t\t\t\t\t\t\t<div class=\"img-inner dark\" >\n\t\t\t<img loading=\"lazy\" decoding=\"async\" width=\"1024\" height=\"1024\" src=\"https:\/\/lotsdenadal.cat\/wp-content\/uploads\/2025\/01\/pb-pedregosa-petit-cuvee.jpg\" class=\"attachment-original size-original\" alt=\"Cava Petit Cuv\u00e9e Bodega Castelo de Pedregosa Brut Nature ecol\u00f3gico\" srcset=\"https:\/\/lotsdenadal.cat\/wp-content\/uploads\/2025\/01\/pb-pedregosa-petit-cuvee.jpg 1024w, https:\/\/lotsdenadal.cat\/wp-content\/uploads\/2025\/01\/pb-pedregosa-petit-cuvee-400x400.jpg 400w, https:\/\/lotsdenadal.cat\/wp-content\/uploads\/2025\/01\/pb-pedregosa-petit-cuvee-800x800.jpg 800w, https:\/\/lotsdenadal.cat\/wp-content\/uploads\/2025\/01\/pb-pedregosa-petit-cuvee-280x280.jpg 280w, https:\/\/lotsdenadal.cat\/wp-content\/uploads\/2025\/01\/pb-pedregosa-petit-cuvee-768x768.jpg 768w, https:\/\/lotsdenadal.cat\/wp-content\/uploads\/2025\/01\/pb-pedregosa-petit-cuvee-100x100.jpg 100w\" sizes=\"auto, (max-width: 1024px) 100vw, 1024px\" \/>\t\t\t\t\t\t\n\t\t\t\t\t<\/div>\n\t\t\t\t\t\t\t\t\n<style>\n#image_19405141 {\n  width: 35%;\n}\n@media (min-width:550px) {\n  #image_19405141 {\n    width: 100%;\n  }\n}\n@media (min-width:850px) {\n  #image_19405141 {\n    width: 60%;\n  }\n}\n<\/style>\n\t<\/div>\n\t\n\n\n        <\/div>\n      <\/div>\n\n            \n<style>\n#banner-1501663165 {\n  padding-top: 200px;\n  background-color: rgb(255,255,255);\n}\n@media (min-width:850px) {\n  #banner-1501663165 {\n    padding-top: 200px;\n  }\n}\n<\/style>\n  <\/div>\n\n\n\n\t\t<\/div>\n\t\t\t\t\t<\/div>\n\n\t\n\n\t<div id=\"col-353321567\" class=\"col medium-5 small-12 large-5\"  >\n\t\t\t\t<div class=\"col-inner text-center\"  >\n\t\t\t\n\t\t\t\n\n\n  <div class=\"banner has-hover\" id=\"banner-525629566\">\n          <div class=\"banner-inner fill\">\n        <div class=\"banner-bg fill\" >\n            <img loading=\"lazy\" decoding=\"async\" width=\"550\" height=\"250\" src=\"https:\/\/lotsdenadal.cat\/wp-content\/uploads\/2025\/01\/pb-pedregosa-petit-cuvee-b.jpg\" class=\"bg attachment-large size-large\" alt=\"Castelo de Pedregosa\" \/>                                    \n                    <\/div>\n\t\t\n        <div class=\"banner-layers container\">\n            <div class=\"fill banner-link\"><\/div>            \n\n\n        <\/div>\n      <\/div>\n\n            \n<style>\n#banner-525629566 {\n  padding-top: 180px;\n  background-color: rgb(255, 255, 255);\n}\n#banner-525629566 .banner-bg img {\n  object-position: 49% 56%;\n}\n@media (min-width:550px) {\n  #banner-525629566 {\n    padding-top: 190px;\n  }\n}\n@media (min-width:850px) {\n  #banner-525629566 {\n    padding-top: 200px;\n  }\n}\n<\/style>\n  <\/div>\n\n\n\n\t\t<\/div>\n\t\t\t\t\t<\/div>\n\n\t\n\n<\/div>\n<div class=\"row align-middle\"  id=\"row-459191079\">\r\n\r\n\n\t<div id=\"col-645178874\" class=\"col medium-7 small-12 large-4\"  >\n\t\t\t\t<div class=\"col-inner\"  >\n\t\t\t\n\t\t\t\r\n\r\n<h4><a href=\"https:\/\/artesanssoler.com\/es\/productos\/turrones\" target=\"_blank\" rel=\"noopener\">TURR\u00d3N QUEMADO VEGANO ARTESANS SOLER<\/a><\/h4>\r\n<p>Fusi\u00f3n de la tradici\u00f3n navide\u00f1a con las exigencias alimentarias actuales. Elaborado artesanalmente con ingredientes de primera calidad, este turr\u00f3n ofrece una textura suave y un sabor intenso que recuerda al cl\u00e1sico turr\u00f3n quemado adaptado a una dieta vegana. Tan fiel al sabor original que, si no te lo dicen, ser\u00eda imposible distinguirlo de un turr\u00f3n cl\u00e1sico.<\/p>\r\n\r\n\t\t<\/div>\n\t\t\t\t\t<\/div>\n\n\t\r\n\n\t<div id=\"col-864887859\" class=\"col hide-for-medium medium-5 small-12 large-3\"  >\n\t\t\t\t<div class=\"col-inner\"  >\n\t\t\t\n\t\t\t\r\n\r\n\n  <div class=\"banner has-hover\" id=\"banner-2022890800\">\n          <div class=\"banner-inner fill\">\n        <div class=\"banner-bg fill\" >\n                                                \n                    <\/div>\n\t\t\n        <div class=\"banner-layers container\">\n            <div class=\"fill banner-link\"><\/div>            \r\n\r\n\t<div class=\"img has-hover x50 md-x50 lg-x50 y50 md-y50 lg-y50\" id=\"image_1292319903\">\n\t\t\t\t\t\t\t\t<div class=\"img-inner dark\" >\n\t\t\t<img loading=\"lazy\" decoding=\"async\" width=\"1024\" height=\"1024\" src=\"https:\/\/lotsdenadal.cat\/wp-content\/uploads\/2025\/09\/pd-torro-cremat-vega.jpg\" class=\"attachment-original size-original\" alt=\"Turr\u00f3n cremado vegano Artesans Soler\" srcset=\"https:\/\/lotsdenadal.cat\/wp-content\/uploads\/2025\/09\/pd-torro-cremat-vega.jpg 1024w, https:\/\/lotsdenadal.cat\/wp-content\/uploads\/2025\/09\/pd-torro-cremat-vega-400x400.jpg 400w, https:\/\/lotsdenadal.cat\/wp-content\/uploads\/2025\/09\/pd-torro-cremat-vega-800x800.jpg 800w, https:\/\/lotsdenadal.cat\/wp-content\/uploads\/2025\/09\/pd-torro-cremat-vega-280x280.jpg 280w, https:\/\/lotsdenadal.cat\/wp-content\/uploads\/2025\/09\/pd-torro-cremat-vega-768x768.jpg 768w, https:\/\/lotsdenadal.cat\/wp-content\/uploads\/2025\/09\/pd-torro-cremat-vega-100x100.jpg 100w\" sizes=\"auto, (max-width: 1024px) 100vw, 1024px\" \/>\t\t\t\t\t\t\n\t\t\t\t\t<\/div>\n\t\t\t\t\t\t\t\t\n<style>\n#image_1292319903 {\n  width: 35%;\n}\n@media (min-width:550px) {\n  #image_1292319903 {\n    width: 100%;\n  }\n}\n@media (min-width:850px) {\n  #image_1292319903 {\n    width: 60%;\n  }\n}\n<\/style>\n\t<\/div>\n\t\r\n\r\n\r\n        <\/div>\n      <\/div>\n\n            \n<style>\n#banner-2022890800 {\n  padding-top: 200px;\n  background-color: rgb(255,255,255);\n}\n@media (min-width:850px) {\n  #banner-2022890800 {\n    padding-top: 200px;\n  }\n}\n<\/style>\n  <\/div>\n\n\r\n\r\n\t\t<\/div>\n\t\t\t\t\t<\/div>\n\n\t\r\n\n\t<div id=\"col-904598137\" class=\"col medium-5 small-12 large-5\"  >\n\t\t\t\t<div class=\"col-inner text-center\"  >\n\t\t\t\n\t\t\t\r\n\r\n\n  <div class=\"banner has-hover\" id=\"banner-1880051305\">\n          <div class=\"banner-inner fill\">\n        <div class=\"banner-bg fill\" >\n            <img loading=\"lazy\" decoding=\"async\" width=\"550\" height=\"250\" src=\"https:\/\/lotsdenadal.cat\/wp-content\/uploads\/2025\/09\/pd-torro-cremat-vega-b.jpg\" class=\"bg attachment-large size-large\" alt=\"Artesans Soler\" \/>                                    \n                    <\/div>\n\t\t\n        <div class=\"banner-layers container\">\n            <div class=\"fill banner-link\"><\/div>            \r\n\r\n\r\n        <\/div>\n      <\/div>\n\n            \n<style>\n#banner-1880051305 {\n  padding-top: 180px;\n  background-color: rgb(255, 255, 255);\n}\n#banner-1880051305 .banner-bg img {\n  object-position: 49% 77%;\n}\n@media (min-width:550px) {\n  #banner-1880051305 {\n    padding-top: 190px;\n  }\n}\n@media (min-width:850px) {\n  #banner-1880051305 {\n    padding-top: 200px;\n  }\n}\n<\/style>\n  <\/div>\n\n\r\n\r\n\t\t<\/div>\n\t\t\t\t\t<\/div>\n\n\t\r\n\r\n<\/div>\n<div class=\"row align-middle\"  id=\"row-746542437\">\n\n\n\t<div id=\"col-291984127\" class=\"col medium-7 small-12 large-4\"  >\n\t\t\t\t<div class=\"col-inner\"  >\n\t\t\t\n\t\t\t\n\n<h4><a href=\"https:\/\/terrafruits.coop\/es\/nos-es\/\" target=\"_blank\" rel=\"noopener\">ACEITE DE OLIVA VIRGEN EXTRA NOS<\/a><\/h4>\n<p>Natural, Original, Sostenible. Un aceite puro y natural, obtenido de las mejores aceitunas arbequinas seleccionadas de la DOP Siurana, procedentes de la zona del Camp de Tarragona y el Priorat. Recogen las aceitunas y las llevan en el molino con el m\u00ednimo tiempo posible, donde elaboran el aceite a baja temperatura. En boca, destaca su amargura y picante muy equilibrado.<\/p>\n\n\t\t<\/div>\n\t\t\t\t\t<\/div>\n\n\t\n\n\t<div id=\"col-2064010617\" class=\"col hide-for-medium medium-5 small-12 large-3\"  >\n\t\t\t\t<div class=\"col-inner\"  >\n\t\t\t\n\t\t\t\n\n\n  <div class=\"banner has-hover\" id=\"banner-1905314230\">\n          <div class=\"banner-inner fill\">\n        <div class=\"banner-bg fill\" >\n                                                \n                    <\/div>\n\t\t\n        <div class=\"banner-layers container\">\n            <div class=\"fill banner-link\"><\/div>            \n\n\t<div class=\"img has-hover x50 md-x50 lg-x50 y50 md-y50 lg-y50\" id=\"image_1128235882\">\n\t\t\t\t\t\t\t\t<div class=\"img-inner dark\" >\n\t\t\t<img loading=\"lazy\" decoding=\"async\" width=\"1024\" height=\"1024\" src=\"https:\/\/lotsdenadal.cat\/wp-content\/uploads\/2025\/01\/pc-terra-fruits-oli-nos.jpg\" class=\"attachment-original size-original\" alt=\"\" srcset=\"https:\/\/lotsdenadal.cat\/wp-content\/uploads\/2025\/01\/pc-terra-fruits-oli-nos.jpg 1024w, https:\/\/lotsdenadal.cat\/wp-content\/uploads\/2025\/01\/pc-terra-fruits-oli-nos-400x400.jpg 400w, https:\/\/lotsdenadal.cat\/wp-content\/uploads\/2025\/01\/pc-terra-fruits-oli-nos-800x800.jpg 800w, https:\/\/lotsdenadal.cat\/wp-content\/uploads\/2025\/01\/pc-terra-fruits-oli-nos-280x280.jpg 280w, https:\/\/lotsdenadal.cat\/wp-content\/uploads\/2025\/01\/pc-terra-fruits-oli-nos-768x768.jpg 768w, https:\/\/lotsdenadal.cat\/wp-content\/uploads\/2025\/01\/pc-terra-fruits-oli-nos-100x100.jpg 100w\" sizes=\"auto, (max-width: 1024px) 100vw, 1024px\" \/>\t\t\t\t\t\t\n\t\t\t\t\t<\/div>\n\t\t\t\t\t\t\t\t\n<style>\n#image_1128235882 {\n  width: 35%;\n}\n@media (min-width:550px) {\n  #image_1128235882 {\n    width: 100%;\n  }\n}\n@media (min-width:850px) {\n  #image_1128235882 {\n    width: 60%;\n  }\n}\n<\/style>\n\t<\/div>\n\t\n\n\n        <\/div>\n      <\/div>\n\n            \n<style>\n#banner-1905314230 {\n  padding-top: 200px;\n  background-color: rgb(255,255,255);\n}\n@media (min-width:850px) {\n  #banner-1905314230 {\n    padding-top: 200px;\n  }\n}\n<\/style>\n  <\/div>\n\n\n\n\t\t<\/div>\n\t\t\t\t\t<\/div>\n\n\t\n\n\t<div id=\"col-122750846\" class=\"col medium-5 small-12 large-5\"  >\n\t\t\t\t<div class=\"col-inner text-center\"  >\n\t\t\t\n\t\t\t\n\n\n  <div class=\"banner has-hover\" id=\"banner-458709775\">\n          <div class=\"banner-inner fill\">\n        <div class=\"banner-bg fill\" >\n            <img loading=\"lazy\" decoding=\"async\" width=\"550\" height=\"250\" src=\"https:\/\/lotsdenadal.cat\/wp-content\/uploads\/2025\/01\/pc-terra-fruits-oli-nos-b.jpg\" class=\"bg attachment-large size-large\" alt=\"\" \/>                                    \n                    <\/div>\n\t\t\n        <div class=\"banner-layers container\">\n            <div class=\"fill banner-link\"><\/div>            \n\n\n        <\/div>\n      <\/div>\n\n            \n<style>\n#banner-458709775 {\n  padding-top: 180px;\n  background-color: rgb(255, 255, 255);\n}\n#banner-458709775 .banner-bg img {\n  object-position: 52% 18%;\n}\n@media (min-width:550px) {\n  #banner-458709775 {\n    padding-top: 190px;\n  }\n}\n@media (min-width:850px) {\n  #banner-458709775 {\n    padding-top: 200px;\n  }\n}\n<\/style>\n  <\/div>\n\n\n\n\t\t<\/div>\n\t\t\t\t\t<\/div>\n\n\t\n\n<\/div>\n<div class=\"row align-middle\"  id=\"row-1637461898\">\r\n\r\n\n\t<div id=\"col-1005782728\" class=\"col medium-7 small-12 large-4\"  >\n\t\t\t\t<div class=\"col-inner\"  >\n\t\t\t\n\t\t\t\r\n\r\n<h4><a href=\"https:\/\/badiavinagreshop.com\/es\/p\/vinagre-ecologico-de-manzana-sin-filtrar\" target=\"_blank\" rel=\"noopener\">VINAGRE MANZANA ECOL\u00d3GICO BADIA VINAGRES<\/a><\/h4>\r\n<p>Una selecci\u00f3n de las manzanas, sabrosas y ecol\u00f3gicas de la plana de Lleida da origen a un cuidado vinagre en extremo, muy saludable y sostenible por definici\u00f3n. Al no ser un vinagre filtrado viene con sus madres. Sin pasteurizar. Apto para veganos, sin gluten y sin sulfitos. Es una apuesta de vinagre natural, 100% ecol\u00f3gico y de proximidad.<\/p>\r\n\r\n\t\t<\/div>\n\t\t\t\t\t<\/div>\n\n\t\r\n\n\t<div id=\"col-734783304\" class=\"col hide-for-medium medium-5 small-12 large-3\"  >\n\t\t\t\t<div class=\"col-inner\"  >\n\t\t\t\n\t\t\t\r\n\r\n\n  <div class=\"banner has-hover\" id=\"banner-1091925399\">\n          <div class=\"banner-inner fill\">\n        <div class=\"banner-bg fill\" >\n                                                \n                    <\/div>\n\t\t\n        <div class=\"banner-layers container\">\n            <div class=\"fill banner-link\"><\/div>            \r\n\r\n\t<div class=\"img has-hover x50 md-x50 lg-x50 y50 md-y50 lg-y50\" id=\"image_1541086080\">\n\t\t\t\t\t\t\t\t<div class=\"img-inner dark\" >\n\t\t\t<img loading=\"lazy\" decoding=\"async\" width=\"500\" height=\"500\" src=\"https:\/\/lotsdenadal.cat\/wp-content\/uploads\/2023\/10\/pc-badia-vinagres-vinagre-poma-ecologic.jpg\" class=\"attachment-original size-original\" alt=\"Vinagre Badia Manzana Eologic producto de proximidad y calidad\" srcset=\"https:\/\/lotsdenadal.cat\/wp-content\/uploads\/2023\/10\/pc-badia-vinagres-vinagre-poma-ecologic.jpg 500w, https:\/\/lotsdenadal.cat\/wp-content\/uploads\/2023\/10\/pc-badia-vinagres-vinagre-poma-ecologic-400x400.jpg 400w, https:\/\/lotsdenadal.cat\/wp-content\/uploads\/2023\/10\/pc-badia-vinagres-vinagre-poma-ecologic-280x280.jpg 280w, https:\/\/lotsdenadal.cat\/wp-content\/uploads\/2023\/10\/pc-badia-vinagres-vinagre-poma-ecologic-100x100.jpg 100w\" sizes=\"auto, (max-width: 500px) 100vw, 500px\" \/>\t\t\t\t\t\t\n\t\t\t\t\t<\/div>\n\t\t\t\t\t\t\t\t\n<style>\n#image_1541086080 {\n  width: 35%;\n}\n@media (min-width:550px) {\n  #image_1541086080 {\n    width: 100%;\n  }\n}\n@media (min-width:850px) {\n  #image_1541086080 {\n    width: 60%;\n  }\n}\n<\/style>\n\t<\/div>\n\t\r\n\r\n\r\n        <\/div>\n      <\/div>\n\n            \n<style>\n#banner-1091925399 {\n  padding-top: 200px;\n  background-color: rgb(255,255,255);\n}\n@media (min-width:850px) {\n  #banner-1091925399 {\n    padding-top: 200px;\n  }\n}\n<\/style>\n  <\/div>\n\n\r\n\r\n\t\t<\/div>\n\t\t\t\t\t<\/div>\n\n\t\r\n\n\t<div id=\"col-913481587\" class=\"col medium-5 small-12 large-5\"  >\n\t\t\t\t<div class=\"col-inner text-center\"  >\n\t\t\t\n\t\t\t\r\n\r\n\n  <div class=\"banner has-hover\" id=\"banner-1194585749\">\n          <div class=\"banner-inner fill\">\n        <div class=\"banner-bg fill\" >\n            <img loading=\"lazy\" decoding=\"async\" width=\"550\" height=\"250\" src=\"https:\/\/lotsdenadal.cat\/wp-content\/uploads\/2023\/10\/pc-badia-vinagres-vinagre-poma-ecologic-b.jpg\" class=\"bg attachment-large size-large\" alt=\"Vinagre Badia Manzana Eologic producto de proximidad y calidad\" \/>                                    \n                    <\/div>\n\t\t\n        <div class=\"banner-layers container\">\n            <div class=\"fill banner-link\"><\/div>            \r\n\r\n\r\n        <\/div>\n      <\/div>\n\n            \n<style>\n#banner-1194585749 {\n  padding-top: 180px;\n  background-color: rgb(255, 255, 255);\n}\n#banner-1194585749 .banner-bg img {\n  object-position: 49% 56%;\n}\n@media (min-width:550px) {\n  #banner-1194585749 {\n    padding-top: 190px;\n  }\n}\n@media (min-width:850px) {\n  #banner-1194585749 {\n    padding-top: 200px;\n  }\n}\n<\/style>\n  <\/div>\n\n\r\n\r\n\t\t<\/div>\n\t\t\t\t\t<\/div>\n\n\t\r\n\r\n<\/div>\n<div class=\"row align-middle\"  id=\"row-1273861465\">\r\n\r\n\n\t<div id=\"col-1455098300\" class=\"col medium-7 small-12 large-4\"  >\n\t\t\t\t<div class=\"col-inner\"  >\n\t\t\t\n\t\t\t\r\n\r\n<h4><a href=\"https:\/\/fossilriver.com\/comprar\/sal-con-vino-y-rosas\/\" target=\"_blank\" rel=\"noopener\">SAL CON VINO Y ROSAS FOSSIL RIVER<\/a><\/h4>\r\n<p>Escamas de sal gourmet combinadas con la delicadeza de los p\u00e9talos de rosa deshidratados, hojas de romero y vino del Priorat. El conjunto crea un condimento arom\u00e1tico ideal para ensaladas, platos de pescado o postres. Su elegancia y sabor distintivo es una elecci\u00f3n perfecta para amantes de la cocina que buscan innovar y sorprender a sus invitados.<\/p>\r\n\r\n\t\t<\/div>\n\t\t\t\t\t<\/div>\n\n\t\r\n\n\t<div id=\"col-189880527\" class=\"col hide-for-medium medium-5 small-12 large-3\"  >\n\t\t\t\t<div class=\"col-inner\"  >\n\t\t\t\n\t\t\t\r\n\r\n\n  <div class=\"banner has-hover\" id=\"banner-429191447\">\n          <div class=\"banner-inner fill\">\n        <div class=\"banner-bg fill\" >\n                                                \n                    <\/div>\n\t\t\n        <div class=\"banner-layers container\">\n            <div class=\"fill banner-link\"><\/div>            \r\n\r\n\t<div class=\"img has-hover x50 md-x50 lg-x50 y50 md-y50 lg-y50\" id=\"image_1336158696\">\n\t\t\t\t\t\t\t\t<div class=\"img-inner dark\" >\n\t\t\t<img loading=\"lazy\" decoding=\"async\" width=\"1024\" height=\"1024\" src=\"https:\/\/lotsdenadal.cat\/wp-content\/uploads\/2025\/09\/pc-sal-vi-i-roses.jpg\" class=\"attachment-original size-original\" alt=\"Sal vino y rosas Fossil River\" srcset=\"https:\/\/lotsdenadal.cat\/wp-content\/uploads\/2025\/09\/pc-sal-vi-i-roses.jpg 1024w, https:\/\/lotsdenadal.cat\/wp-content\/uploads\/2025\/09\/pc-sal-vi-i-roses-400x400.jpg 400w, https:\/\/lotsdenadal.cat\/wp-content\/uploads\/2025\/09\/pc-sal-vi-i-roses-800x800.jpg 800w, https:\/\/lotsdenadal.cat\/wp-content\/uploads\/2025\/09\/pc-sal-vi-i-roses-280x280.jpg 280w, https:\/\/lotsdenadal.cat\/wp-content\/uploads\/2025\/09\/pc-sal-vi-i-roses-768x768.jpg 768w, https:\/\/lotsdenadal.cat\/wp-content\/uploads\/2025\/09\/pc-sal-vi-i-roses-100x100.jpg 100w\" sizes=\"auto, (max-width: 1024px) 100vw, 1024px\" \/>\t\t\t\t\t\t\n\t\t\t\t\t<\/div>\n\t\t\t\t\t\t\t\t\n<style>\n#image_1336158696 {\n  width: 35%;\n}\n@media (min-width:550px) {\n  #image_1336158696 {\n    width: 100%;\n  }\n}\n@media (min-width:850px) {\n  #image_1336158696 {\n    width: 60%;\n  }\n}\n<\/style>\n\t<\/div>\n\t\r\n\r\n\r\n        <\/div>\n      <\/div>\n\n            \n<style>\n#banner-429191447 {\n  padding-top: 200px;\n  background-color: rgb(255,255,255);\n}\n@media (min-width:850px) {\n  #banner-429191447 {\n    padding-top: 200px;\n  }\n}\n<\/style>\n  <\/div>\n\n\r\n\r\n\t\t<\/div>\n\t\t\t\t\t<\/div>\n\n\t\r\n\n\t<div id=\"col-976298377\" class=\"col medium-5 small-12 large-5\"  >\n\t\t\t\t<div class=\"col-inner text-center\"  >\n\t\t\t\n\t\t\t\r\n\r\n\n  <div class=\"banner has-hover\" id=\"banner-774589124\">\n          <div class=\"banner-inner fill\">\n        <div class=\"banner-bg fill\" >\n            <img loading=\"lazy\" decoding=\"async\" width=\"550\" height=\"250\" src=\"https:\/\/lotsdenadal.cat\/wp-content\/uploads\/2025\/09\/pc-sal-vi-i-roses-b.jpg\" class=\"bg attachment-large size-large\" alt=\"Fossil River\" \/>                                    \n                    <\/div>\n\t\t\n        <div class=\"banner-layers container\">\n            <div class=\"fill banner-link\"><\/div>            \r\n\r\n\r\n        <\/div>\n      <\/div>\n\n            \n<style>\n#banner-774589124 {\n  padding-top: 180px;\n  background-color: rgb(255, 255, 255);\n}\n#banner-774589124 .banner-bg img {\n  object-position: 49% 56%;\n}\n@media (min-width:550px) {\n  #banner-774589124 {\n    padding-top: 190px;\n  }\n}\n@media (min-width:850px) {\n  #banner-774589124 {\n    padding-top: 200px;\n  }\n}\n<\/style>\n  <\/div>\n\n\r\n\r\n\t\t<\/div>\n\t\t\t\t\t<\/div>\n\n\t\r\n\r\n<\/div>\n<div class=\"row align-middle\"  id=\"row-1860620917\">\r\n\r\n\n\t<div id=\"col-268391713\" class=\"col medium-7 small-12 large-4\"  >\n\t\t\t\t<div class=\"col-inner\"  >\n\t\t\t\n\t\t\t\r\n\r\n<h4><a href=\"https:\/\/www.agrariavalles.coop\/producte\/cigro-menut-eco-conserva\/\" target=\"_blank\" rel=\"noopener\">GARBANCILLO AGR\u00c0RIA VALL\u00c8S<\/a><\/h4>\r\n<p>Garbanzos peque\u00f1os de agricultura ecol\u00f3gica, una variedad que ya forma parte de la familia de productos de los cultivos del Vall\u00e8s. Conservados \u00fanicamente en el agua de su propia cocci\u00f3n y sal marina, preservando al m\u00e1ximo sus cualidades nutritivas. Las tierras y el clima del Vall\u00e8s les aportan un sabor y una textura diferenciada que los hace muy apreciados por los consumidores.<\/p>\r\n\r\n\t\t<\/div>\n\t\t\t\t\t<\/div>\n\n\t\r\n\n\t<div id=\"col-1325743549\" class=\"col hide-for-medium medium-5 small-12 large-3\"  >\n\t\t\t\t<div class=\"col-inner\"  >\n\t\t\t\n\t\t\t\r\n\r\n\n  <div class=\"banner has-hover\" id=\"banner-1206655471\">\n          <div class=\"banner-inner fill\">\n        <div class=\"banner-bg fill\" >\n                                                \n                    <\/div>\n\t\t\n        <div class=\"banner-layers container\">\n            <div class=\"fill banner-link\"><\/div>            \r\n\r\n\t<div class=\"img has-hover x50 md-x50 lg-x50 y50 md-y50 lg-y50\" id=\"image_2018789647\">\n\t\t\t\t\t\t\t\t<div class=\"img-inner dark\" >\n\t\t\t\t\t\t\t\t\t\n\t\t\t\t\t<\/div>\n\t\t\t\t\t\t\t\t\n<style>\n#image_2018789647 {\n  width: 35%;\n}\n@media (min-width:550px) {\n  #image_2018789647 {\n    width: 100%;\n  }\n}\n@media (min-width:850px) {\n  #image_2018789647 {\n    width: 60%;\n  }\n}\n<\/style>\n\t<\/div>\n\t\r\n\r\n\r\n        <\/div>\n      <\/div>\n\n            \n<style>\n#banner-1206655471 {\n  padding-top: 200px;\n  background-color: rgb(255,255,255);\n}\n@media (min-width:850px) {\n  #banner-1206655471 {\n    padding-top: 200px;\n  }\n}\n<\/style>\n  <\/div>\n\n\r\n\r\n\t\t<\/div>\n\t\t\t\t\t<\/div>\n\n\t\r\n\n\t<div id=\"col-1354498198\" class=\"col medium-5 small-12 large-5\"  >\n\t\t\t\t<div class=\"col-inner text-center\"  >\n\t\t\t\n\t\t\t\r\n\r\n\n  <div class=\"banner has-hover\" id=\"banner-1738025532\">\n          <div class=\"banner-inner fill\">\n        <div class=\"banner-bg fill\" >\n                                                \n                    <\/div>\n\t\t\n        <div class=\"banner-layers container\">\n            <div class=\"fill banner-link\"><\/div>            \r\n\r\n\r\n        <\/div>\n      <\/div>\n\n            \n<style>\n#banner-1738025532 {\n  padding-top: 180px;\n  background-color: rgb(255, 255, 255);\n}\n#banner-1738025532 .banner-bg img {\n  object-position: 49% 56%;\n}\n@media (min-width:550px) {\n  #banner-1738025532 {\n    padding-top: 190px;\n  }\n}\n@media (min-width:850px) {\n  #banner-1738025532 {\n    padding-top: 200px;\n  }\n}\n<\/style>\n  <\/div>\n\n\r\n\r\n\t\t<\/div>\n\t\t\t\t\t<\/div>\n\n\t\r\n\r\n<\/div>\n<div class=\"row align-middle\"  id=\"row-2044302547\">\n\n\n\t<div id=\"col-21733616\" class=\"col medium-7 small-12 large-4\"  >\n\t\t\t\t<div class=\"col-inner\"  >\n\t\t\t\n\t\t\t\n\n<h4><a href=\"https:\/\/zealiabioglutenfree.com\/es\/snacks-dulces-y-salados\/92\/colines-mediterraneos-bio-sg\" target=\"_blank\" rel=\"noopener\">MINI GRISSINI MEDITERR\u00c1NEOS ZEALIA<\/a><\/h4>\n<p>Los Mini grissinis Mediterr\u00e1neos son la delicia perfecta para estas fiestas. Crujientes palillos con tomate y or\u00e9gano, ecol\u00f3gicos y sin gluten. Un equilibrado snack ideal para un aperitivo a cualquier hora del d\u00eda. Se convierten en el complemento ideal para tu cesta navide\u00f1a. Disfruta de su sabor mediterr\u00e1neo. \u00a1Un regalo para tu paladar!<\/p>\n\n\t\t<\/div>\n\t\t\t\t\t<\/div>\n\n\t\n\n\t<div id=\"col-325991429\" class=\"col hide-for-medium medium-5 small-12 large-3\"  >\n\t\t\t\t<div class=\"col-inner\"  >\n\t\t\t\n\t\t\t\n\n\n  <div class=\"banner has-hover\" id=\"banner-1304516460\">\n          <div class=\"banner-inner fill\">\n        <div class=\"banner-bg fill\" >\n                                                \n                    <\/div>\n\t\t\n        <div class=\"banner-layers container\">\n            <div class=\"fill banner-link\"><\/div>            \n\n\t<div class=\"img has-hover x50 md-x50 lg-x50 y50 md-y50 lg-y50\" id=\"image_1270487034\">\n\t\t\t\t\t\t\t\t<div class=\"img-inner dark\" >\n\t\t\t<img loading=\"lazy\" decoding=\"async\" width=\"500\" height=\"500\" src=\"https:\/\/lotsdenadal.cat\/wp-content\/uploads\/2023\/10\/pp-zealia-mini-grissini-mediterranis.jpg\" class=\"attachment-original size-original\" alt=\"Mini Grissini Mediterranis Zealia product ecologico sin gluten\" srcset=\"https:\/\/lotsdenadal.cat\/wp-content\/uploads\/2023\/10\/pp-zealia-mini-grissini-mediterranis.jpg 500w, https:\/\/lotsdenadal.cat\/wp-content\/uploads\/2023\/10\/pp-zealia-mini-grissini-mediterranis-400x400.jpg 400w, https:\/\/lotsdenadal.cat\/wp-content\/uploads\/2023\/10\/pp-zealia-mini-grissini-mediterranis-280x280.jpg 280w, https:\/\/lotsdenadal.cat\/wp-content\/uploads\/2023\/10\/pp-zealia-mini-grissini-mediterranis-100x100.jpg 100w\" sizes=\"auto, (max-width: 500px) 100vw, 500px\" \/>\t\t\t\t\t\t\n\t\t\t\t\t<\/div>\n\t\t\t\t\t\t\t\t\n<style>\n#image_1270487034 {\n  width: 35%;\n}\n@media (min-width:550px) {\n  #image_1270487034 {\n    width: 100%;\n  }\n}\n@media (min-width:850px) {\n  #image_1270487034 {\n    width: 60%;\n  }\n}\n<\/style>\n\t<\/div>\n\t\n\n\n        <\/div>\n      <\/div>\n\n            \n<style>\n#banner-1304516460 {\n  padding-top: 200px;\n  background-color: rgb(255,255,255);\n}\n@media (min-width:850px) {\n  #banner-1304516460 {\n    padding-top: 200px;\n  }\n}\n<\/style>\n  <\/div>\n\n\n\n\t\t<\/div>\n\t\t\t\t\t<\/div>\n\n\t\n\n\t<div id=\"col-122929387\" class=\"col medium-5 small-12 large-5\"  >\n\t\t\t\t<div class=\"col-inner text-center\"  >\n\t\t\t\n\t\t\t\n\n\n  <div class=\"banner has-hover\" id=\"banner-910186969\">\n          <div class=\"banner-inner fill\">\n        <div class=\"banner-bg fill\" >\n            <img loading=\"lazy\" decoding=\"async\" width=\"550\" height=\"250\" src=\"https:\/\/lotsdenadal.cat\/wp-content\/uploads\/2023\/10\/pp-zealia-mini-grissini-mediterranis-b.jpg\" class=\"bg attachment-large size-large\" alt=\"Mini Grissini Mediterranis Zealia product ecologico sin gluten\" \/>                                    \n                    <\/div>\n\t\t\n        <div class=\"banner-layers container\">\n            <div class=\"fill banner-link\"><\/div>            \n\n\n        <\/div>\n      <\/div>\n\n            \n<style>\n#banner-910186969 {\n  padding-top: 180px;\n  background-color: rgb(255, 255, 255);\n}\n#banner-910186969 .banner-bg img {\n  object-position: 49% 56%;\n}\n@media (min-width:550px) {\n  #banner-910186969 {\n    padding-top: 190px;\n  }\n}\n@media (min-width:850px) {\n  #banner-910186969 {\n    padding-top: 200px;\n  }\n}\n<\/style>\n  <\/div>\n\n\n\n\t\t<\/div>\n\t\t\t\t\t<\/div>\n\n\t\n\n<\/div>\n<div class=\"row align-middle\"  id=\"row-1836734880\">\r\n\r\n\n\t<div id=\"col-701621702\" class=\"col medium-7 small-12 large-4\"  >\n\t\t\t\t<div class=\"col-inner\"  >\n\t\t\t\n\t\t\t\r\n\r\n<h4><a href=\"https:\/\/vacka.es\/producto\/mozza-rallada\/\" target=\"_blank\" rel=\"noopener\">MOZZA RALLADA V\u00c4CKA<\/a><\/h4>\r\n<p>Queso vegano fermentado y elaborado con semillas de mel\u00f3n y aceite de oliva, que funde y gratina de manera natural, aportando sabor intenso y textura real a cualquier plato. Ideal para pizzas, s\u00e1ndwiches gratinados, pastas o creaciones culinarias imaginativas, a\u00f1adiendo versatilidad, placer y creatividad a cada receta. Sin lactosa y 100\u202f% ingredientes de origen vegetal.<\/p>\r\n\r\n\t\t<\/div>\n\t\t\t\t\t<\/div>\n\n\t\r\n\n\t<div id=\"col-24571556\" class=\"col hide-for-medium medium-5 small-12 large-3\"  >\n\t\t\t\t<div class=\"col-inner\"  >\n\t\t\t\n\t\t\t\r\n\r\n\n  <div class=\"banner has-hover\" id=\"banner-1936351044\">\n          <div class=\"banner-inner fill\">\n        <div class=\"banner-bg fill\" >\n                                                \n                    <\/div>\n\t\t\n        <div class=\"banner-layers container\">\n            <div class=\"fill banner-link\"><\/div>            \r\n\r\n\t<div class=\"img has-hover x50 md-x50 lg-x50 y50 md-y50 lg-y50\" id=\"image_1870121813\">\n\t\t\t\t\t\t\t\t<div class=\"img-inner dark\" >\n\t\t\t<img loading=\"lazy\" decoding=\"async\" width=\"1024\" height=\"1024\" src=\"https:\/\/lotsdenadal.cat\/wp-content\/uploads\/2025\/09\/pp-mozza-rallada.jpg\" class=\"attachment-original size-original\" alt=\"Mozza rallada Vacka\" srcset=\"https:\/\/lotsdenadal.cat\/wp-content\/uploads\/2025\/09\/pp-mozza-rallada.jpg 1024w, https:\/\/lotsdenadal.cat\/wp-content\/uploads\/2025\/09\/pp-mozza-rallada-400x400.jpg 400w, https:\/\/lotsdenadal.cat\/wp-content\/uploads\/2025\/09\/pp-mozza-rallada-800x800.jpg 800w, https:\/\/lotsdenadal.cat\/wp-content\/uploads\/2025\/09\/pp-mozza-rallada-280x280.jpg 280w, https:\/\/lotsdenadal.cat\/wp-content\/uploads\/2025\/09\/pp-mozza-rallada-768x768.jpg 768w, https:\/\/lotsdenadal.cat\/wp-content\/uploads\/2025\/09\/pp-mozza-rallada-100x100.jpg 100w\" sizes=\"auto, (max-width: 1024px) 100vw, 1024px\" \/>\t\t\t\t\t\t\n\t\t\t\t\t<\/div>\n\t\t\t\t\t\t\t\t\n<style>\n#image_1870121813 {\n  width: 35%;\n}\n@media (min-width:550px) {\n  #image_1870121813 {\n    width: 100%;\n  }\n}\n@media (min-width:850px) {\n  #image_1870121813 {\n    width: 60%;\n  }\n}\n<\/style>\n\t<\/div>\n\t\r\n\r\n\r\n        <\/div>\n      <\/div>\n\n            \n<style>\n#banner-1936351044 {\n  padding-top: 200px;\n  background-color: rgb(255,255,255);\n}\n@media (min-width:850px) {\n  #banner-1936351044 {\n    padding-top: 200px;\n  }\n}\n<\/style>\n  <\/div>\n\n\r\n\r\n\t\t<\/div>\n\t\t\t\t\t<\/div>\n\n\t\r\n\n\t<div id=\"col-1433091934\" class=\"col medium-5 small-12 large-5\"  >\n\t\t\t\t<div class=\"col-inner text-center\"  >\n\t\t\t\n\t\t\t\r\n\r\n\n  <div class=\"banner has-hover\" id=\"banner-962474114\">\n          <div class=\"banner-inner fill\">\n        <div class=\"banner-bg fill\" >\n            <img loading=\"lazy\" decoding=\"async\" width=\"550\" height=\"250\" src=\"https:\/\/lotsdenadal.cat\/wp-content\/uploads\/2025\/09\/pp-mozza-rallada-b.jpg\" class=\"bg attachment-large size-large\" alt=\"V\u00e4cka\" \/>                                    \n                    <\/div>\n\t\t\n        <div class=\"banner-layers container\">\n            <div class=\"fill banner-link\"><\/div>            \r\n\r\n\r\n        <\/div>\n      <\/div>\n\n            \n<style>\n#banner-962474114 {\n  padding-top: 180px;\n  background-color: rgb(255, 255, 255);\n}\n#banner-962474114 .banner-bg img {\n  object-position: 49% 56%;\n}\n@media (min-width:550px) {\n  #banner-962474114 {\n    padding-top: 190px;\n  }\n}\n@media (min-width:850px) {\n  #banner-962474114 {\n    padding-top: 200px;\n  }\n}\n<\/style>\n  <\/div>\n\n\r\n\r\n\t\t<\/div>\n\t\t\t\t\t<\/div>\n\n\t\r\n\r\n<\/div>\n<div class=\"row align-middle\"  id=\"row-155237205\">\n\n\n\t<div id=\"col-1385517694\" class=\"col medium-7 small-12 large-4\"  >\n\t\t\t\t<div class=\"col-inner\"  >\n\t\t\t\n\t\t\t\n\n<h4><a href=\"https:\/\/www.almateas.es\/es\/tes-e-infusiones\/infusiones\/rooibos\/rooibos-naranja-manzana-piramides-sin-envoltura\" target=\"_blank\" rel=\"noopener\">INFUSI\u00d3N ROOIBOS ALMA HOME<\/a><\/h4>\n<p>La combinaci\u00f3n perfecta entre la suavidad del rooibos, la dulzura natural de la manzana y la frescura c\u00edtrica de la naranja se unen en esta infusi\u00f3n equilibrada y reconfortante. Adem\u00e1s de su delicioso sabor, la Infusi\u00f3n Rooibos Naranja Manzana es una fuente natural de antioxidantes, ideal para fortalecer el sistema inmune y disfrutar de un momento de bienestar pleno.<\/p>\n\n\t\t<\/div>\n\t\t\t\t\t<\/div>\n\n\t\n\n\t<div id=\"col-721076164\" class=\"col hide-for-medium medium-5 small-12 large-3\"  >\n\t\t\t\t<div class=\"col-inner\"  >\n\t\t\t\n\t\t\t\n\n\n  <div class=\"banner has-hover\" id=\"banner-892389930\">\n          <div class=\"banner-inner fill\">\n        <div class=\"banner-bg fill\" >\n                                                \n                    <\/div>\n\t\t\n        <div class=\"banner-layers container\">\n            <div class=\"fill banner-link\"><\/div>            \n\n\t<div class=\"img has-hover x50 md-x50 lg-x50 y50 md-y50 lg-y50\" id=\"image_1574514532\">\n\t\t\t\t\t\t\t\t<div class=\"img-inner dark\" >\n\t\t\t<img loading=\"lazy\" decoding=\"async\" width=\"1024\" height=\"1024\" src=\"https:\/\/lotsdenadal.cat\/wp-content\/uploads\/2025\/09\/pp-infusio-rooibos-taronja-i-poma.jpg\" class=\"attachment-original size-original\" alt=\"Infusi\u00f3 Rooibos taronja i poma Alma Home\" srcset=\"https:\/\/lotsdenadal.cat\/wp-content\/uploads\/2025\/09\/pp-infusio-rooibos-taronja-i-poma.jpg 1024w, https:\/\/lotsdenadal.cat\/wp-content\/uploads\/2025\/09\/pp-infusio-rooibos-taronja-i-poma-400x400.jpg 400w, https:\/\/lotsdenadal.cat\/wp-content\/uploads\/2025\/09\/pp-infusio-rooibos-taronja-i-poma-800x800.jpg 800w, https:\/\/lotsdenadal.cat\/wp-content\/uploads\/2025\/09\/pp-infusio-rooibos-taronja-i-poma-280x280.jpg 280w, https:\/\/lotsdenadal.cat\/wp-content\/uploads\/2025\/09\/pp-infusio-rooibos-taronja-i-poma-768x768.jpg 768w, https:\/\/lotsdenadal.cat\/wp-content\/uploads\/2025\/09\/pp-infusio-rooibos-taronja-i-poma-100x100.jpg 100w\" sizes=\"auto, (max-width: 1024px) 100vw, 1024px\" \/>\t\t\t\t\t\t\n\t\t\t\t\t<\/div>\n\t\t\t\t\t\t\t\t\n<style>\n#image_1574514532 {\n  width: 35%;\n}\n@media (min-width:550px) {\n  #image_1574514532 {\n    width: 100%;\n  }\n}\n@media (min-width:850px) {\n  #image_1574514532 {\n    width: 60%;\n  }\n}\n<\/style>\n\t<\/div>\n\t\n\n\n        <\/div>\n      <\/div>\n\n            \n<style>\n#banner-892389930 {\n  padding-top: 200px;\n  background-color: rgb(255,255,255);\n}\n@media (min-width:850px) {\n  #banner-892389930 {\n    padding-top: 200px;\n  }\n}\n<\/style>\n  <\/div>\n\n\n\n\t\t<\/div>\n\t\t\t\t\t<\/div>\n\n\t\n\n\t<div id=\"col-724174476\" class=\"col medium-5 small-12 large-5\"  >\n\t\t\t\t<div class=\"col-inner text-center\"  >\n\t\t\t\n\t\t\t\n\n\n  <div class=\"banner has-hover\" id=\"banner-1686891527\">\n          <div class=\"banner-inner fill\">\n        <div class=\"banner-bg fill\" >\n            <img loading=\"lazy\" decoding=\"async\" width=\"550\" height=\"250\" src=\"https:\/\/lotsdenadal.cat\/wp-content\/uploads\/2025\/01\/pr-alma-home-infusio-rooibos-b.jpg\" class=\"bg attachment-large size-large\" alt=\"Alma Home\" \/>                                    \n                    <\/div>\n\t\t\n        <div class=\"banner-layers container\">\n            <div class=\"fill banner-link\"><\/div>            \n\n\n        <\/div>\n      <\/div>\n\n            \n<style>\n#banner-1686891527 {\n  padding-top: 180px;\n  background-color: rgb(255, 255, 255);\n}\n#banner-1686891527 .banner-bg img {\n  object-position: 49% 56%;\n}\n@media (min-width:550px) {\n  #banner-1686891527 {\n    padding-top: 190px;\n  }\n}\n@media (min-width:850px) {\n  #banner-1686891527 {\n    padding-top: 200px;\n  }\n}\n<\/style>\n  <\/div>\n\n\n\n\t\t<\/div>\n\t\t\t\t\t<\/div>\n\n\t\n\n<\/div><div class=\"row align-middle\"  id=\"row-1429948924\">\n\n\n\t<div id=\"col-31417202\" class=\"col medium-7 small-12 large-4\"  >\n\t\t\t\t<div class=\"col-inner\"  >\n\t\t\t\n\t\t\t\n\n<h4><a href=\"https:\/\/www.botanicandfruits.com\/producto\/risotto-de-boletus-bio\/\" target=\"_blank\" rel=\"noopener\">RISOTTO DE BOLETUS BOTANIC&FRUITS<\/a><\/h4>\n<p>Risotto ecol\u00f3gico de setas listo para cocinar. \u00a1Con caldo incluido! Una propuesta culinaria que combina la conveniencia de un plato de f\u00e1cil preparaci\u00f3n con la calidad de ingredientes 100% ecol\u00f3gicos. El ingrediente protagonista, las setas, aportan un sabor profundo y terroso, complementado con hierbas y especias naturales, lo que resulta en un plato sabroso y equilibrado.<\/p>\n\n\t\t<\/div>\n\t\t\t\t\t<\/div>\n\n\t\n\n\t<div id=\"col-1433425015\" class=\"col hide-for-medium medium-5 small-12 large-3\"  >\n\t\t\t\t<div class=\"col-inner\"  >\n\t\t\t\n\t\t\t\n\n\n  <div class=\"banner has-hover\" id=\"banner-2142788436\">\n          <div class=\"banner-inner fill\">\n        <div class=\"banner-bg fill\" >\n                                                \n                    <\/div>\n\t\t\n        <div class=\"banner-layers container\">\n            <div class=\"fill banner-link\"><\/div>            \n\n\t<div class=\"img has-hover x50 md-x50 lg-x50 y50 md-y50 lg-y50\" id=\"image_35973207\">\n\t\t\t\t\t\t\t\t<div class=\"img-inner dark\" >\n\t\t\t<img loading=\"lazy\" decoding=\"async\" width=\"1024\" height=\"1024\" src=\"https:\/\/lotsdenadal.cat\/wp-content\/uploads\/2025\/01\/pr-botanic-and-fruits-risotto-boletus-ecologic.jpg\" class=\"attachment-original size-original\" alt=\"Risotto ecol\u00f3gico de boletus Botanic&amp;Fruits\" srcset=\"https:\/\/lotsdenadal.cat\/wp-content\/uploads\/2025\/01\/pr-botanic-and-fruits-risotto-boletus-ecologic.jpg 1024w, https:\/\/lotsdenadal.cat\/wp-content\/uploads\/2025\/01\/pr-botanic-and-fruits-risotto-boletus-ecologic-400x400.jpg 400w, https:\/\/lotsdenadal.cat\/wp-content\/uploads\/2025\/01\/pr-botanic-and-fruits-risotto-boletus-ecologic-800x800.jpg 800w, https:\/\/lotsdenadal.cat\/wp-content\/uploads\/2025\/01\/pr-botanic-and-fruits-risotto-boletus-ecologic-280x280.jpg 280w, https:\/\/lotsdenadal.cat\/wp-content\/uploads\/2025\/01\/pr-botanic-and-fruits-risotto-boletus-ecologic-768x768.jpg 768w, https:\/\/lotsdenadal.cat\/wp-content\/uploads\/2025\/01\/pr-botanic-and-fruits-risotto-boletus-ecologic-100x100.jpg 100w\" sizes=\"auto, (max-width: 1024px) 100vw, 1024px\" \/>\t\t\t\t\t\t\n\t\t\t\t\t<\/div>\n\t\t\t\t\t\t\t\t\n<style>\n#image_35973207 {\n  width: 35%;\n}\n@media (min-width:550px) {\n  #image_35973207 {\n    width: 100%;\n  }\n}\n@media (min-width:850px) {\n  #image_35973207 {\n    width: 60%;\n  }\n}\n<\/style>\n\t<\/div>\n\t\n\n\n        <\/div>\n      <\/div>\n\n            \n<style>\n#banner-2142788436 {\n  padding-top: 200px;\n  background-color: rgb(255,255,255);\n}\n@media (min-width:850px) {\n  #banner-2142788436 {\n    padding-top: 200px;\n  }\n}\n<\/style>\n  <\/div>\n\n\n\n\t\t<\/div>\n\t\t\t\t\t<\/div>\n\n\t\n\n\t<div id=\"col-1680916914\" class=\"col medium-5 small-12 large-5\"  >\n\t\t\t\t<div class=\"col-inner text-center\"  >\n\t\t\t\n\t\t\t\n\n\n  <div class=\"banner has-hover\" id=\"banner-977855473\">\n          <div class=\"banner-inner fill\">\n        <div class=\"banner-bg fill\" >\n            <img loading=\"lazy\" decoding=\"async\" width=\"550\" height=\"250\" src=\"https:\/\/lotsdenadal.cat\/wp-content\/uploads\/2025\/01\/pr-botanic-and-fruits-risotto-boletus-ecologic-b.jpg\" class=\"bg attachment-large size-large\" alt=\"Botanic&amp;Fruits\" \/>                                    \n                    <\/div>\n\t\t\n        <div class=\"banner-layers container\">\n            <div class=\"fill banner-link\"><\/div>            \n\n\n        <\/div>\n      <\/div>\n\n            \n<style>\n#banner-977855473 {\n  padding-top: 180px;\n  background-color: rgb(255, 255, 255);\n}\n#banner-977855473 .banner-bg img {\n  object-position: 49% 56%;\n}\n@media (min-width:550px) {\n  #banner-977855473 {\n    padding-top: 190px;\n  }\n}\n@media (min-width:850px) {\n  #banner-977855473 {\n    padding-top: 200px;\n  }\n}\n<\/style>\n  <\/div>\n\n\n\n\t\t<\/div>\n\t\t\t\t\t<\/div>\n\n\t\n\n<\/div>\n<div class=\"row align-middle\"  id=\"row-1056215685\">\r\n\r\n\n\t<div id=\"col-493389330\" class=\"col medium-7 small-12 large-4\"  >\n\t\t\t\t<div class=\"col-inner\"  >\n\t\t\t\n\t\t\t\r\n\r\n<h4><a href=\"https:\/\/nuveg.eu\/familia-nuveg-comida-vegetariana-2\/pollo-al-curry\/\" target=\"_blank\" rel=\"noopener\">POLLO AL CURRY NUVEG<\/a><\/h4>\r\n<p>Deliciosa alternativa vegetal con textura sorprendentemente similar al pollo y un intenso sabor a curry. Sin soja, gluten ni lactosa, con bajo \u00edndice gluc\u00e9mico y certificaci\u00f3n ecol\u00f3gica europea. Una opci\u00f3n rica en prote\u00ednas que contribuyen a la masa muscular, f\u00e1cil de preparar y que encantar\u00e1 a quienes siguen una dieta vegana.<\/p>\r\n\r\n\t\t<\/div>\n\t\t\t\t\t<\/div>\n\n\t\r\n\n\t<div id=\"col-699219840\" class=\"col hide-for-medium medium-5 small-12 large-3\"  >\n\t\t\t\t<div class=\"col-inner\"  >\n\t\t\t\n\t\t\t\r\n\r\n\n  <div class=\"banner has-hover\" id=\"banner-628740993\">\n          <div class=\"banner-inner fill\">\n        <div class=\"banner-bg fill\" >\n                                                \n                    <\/div>\n\t\t\n        <div class=\"banner-layers container\">\n            <div class=\"fill banner-link\"><\/div>            \r\n\r\n\t<div class=\"img has-hover x50 md-x50 lg-x50 y50 md-y50 lg-y50\" id=\"image_290567732\">\n\t\t\t\t\t\t\t\t<div class=\"img-inner dark\" >\n\t\t\t<img loading=\"lazy\" decoding=\"async\" width=\"1024\" height=\"1024\" src=\"https:\/\/lotsdenadal.cat\/wp-content\/uploads\/2025\/09\/pr-pollastre-al-curri.jpg\" class=\"attachment-original size-original\" alt=\"Pollo al curry Nuveg\" srcset=\"https:\/\/lotsdenadal.cat\/wp-content\/uploads\/2025\/09\/pr-pollastre-al-curri.jpg 1024w, https:\/\/lotsdenadal.cat\/wp-content\/uploads\/2025\/09\/pr-pollastre-al-curri-400x400.jpg 400w, https:\/\/lotsdenadal.cat\/wp-content\/uploads\/2025\/09\/pr-pollastre-al-curri-800x800.jpg 800w, https:\/\/lotsdenadal.cat\/wp-content\/uploads\/2025\/09\/pr-pollastre-al-curri-280x280.jpg 280w, https:\/\/lotsdenadal.cat\/wp-content\/uploads\/2025\/09\/pr-pollastre-al-curri-768x768.jpg 768w, https:\/\/lotsdenadal.cat\/wp-content\/uploads\/2025\/09\/pr-pollastre-al-curri-100x100.jpg 100w\" sizes=\"auto, (max-width: 1024px) 100vw, 1024px\" \/>\t\t\t\t\t\t\n\t\t\t\t\t<\/div>\n\t\t\t\t\t\t\t\t\n<style>\n#image_290567732 {\n  width: 35%;\n}\n@media (min-width:550px) {\n  #image_290567732 {\n    width: 100%;\n  }\n}\n@media (min-width:850px) {\n  #image_290567732 {\n    width: 60%;\n  }\n}\n<\/style>\n\t<\/div>\n\t\r\n\r\n\r\n        <\/div>\n      <\/div>\n\n            \n<style>\n#banner-628740993 {\n  padding-top: 200px;\n  background-color: rgb(255,255,255);\n}\n@media (min-width:850px) {\n  #banner-628740993 {\n    padding-top: 200px;\n  }\n}\n<\/style>\n  <\/div>\n\n\r\n\r\n\t\t<\/div>\n\t\t\t\t\t<\/div>\n\n\t\r\n\n\t<div id=\"col-643463289\" class=\"col medium-5 small-12 large-5\"  >\n\t\t\t\t<div class=\"col-inner text-center\"  >\n\t\t\t\n\t\t\t\r\n\r\n\n  <div class=\"banner has-hover\" id=\"banner-1172286066\">\n          <div class=\"banner-inner fill\">\n        <div class=\"banner-bg fill\" >\n            <img loading=\"lazy\" decoding=\"async\" width=\"550\" height=\"250\" src=\"https:\/\/lotsdenadal.cat\/wp-content\/uploads\/2025\/09\/pr-pollastre-al-curri-b.jpg\" class=\"bg attachment-large size-large\" alt=\"Nuveg\" \/>                                    \n                    <\/div>\n\t\t\n        <div class=\"banner-layers container\">\n            <div class=\"fill banner-link\"><\/div>            \r\n\r\n\r\n        <\/div>\n      <\/div>\n\n            \n<style>\n#banner-1172286066 {\n  padding-top: 180px;\n  background-color: rgb(255, 255, 255);\n}\n#banner-1172286066 .banner-bg img {\n  object-position: 49% 56%;\n}\n@media (min-width:550px) {\n  #banner-1172286066 {\n    padding-top: 190px;\n  }\n}\n@media (min-width:850px) {\n  #banner-1172286066 {\n    padding-top: 200px;\n  }\n}\n<\/style>\n  <\/div>\n\n\r\n\r\n\t\t<\/div>\n\t\t\t\t\t<\/div>\n\n\t\r\n\r\n<\/div>\n<div class=\"row align-middle\"  id=\"row-2030656380\">\n\n\n\t<div id=\"col-1757616577\" class=\"col medium-7 small-12 large-4\"  >\n\t\t\t\t<div class=\"col-inner\"  >\n\t\t\t\n\t\t\t\n\n<h4><a href=\"https:\/\/www.mosdetros.com\/para-vermutear-c-343\/pate-artesano-de-berenjena-p-1728?language=es&zenid=k1lj4hfl0jcmfv1j47q171v956\" target=\"_blank\" rel=\"noopener\">PAT\u00c9 DE BERENJENA MOS DE TROS<\/a><\/h4>\n<p>Este pat\u00e9 de berenjena artesano es una aut\u00e9ntica delicia para el paladar. Pru\u00e9balo en una tostada crujiente o util\u00edzalo para dar un toque especial a platos de carne, pescado o verduras. te proponemos un aperitivo irresistible: una tostadita con pat\u00e9, mermelada de pimiento rojo y una anchoa encima.<\/p>\n\n\t\t<\/div>\n\t\t\t\t\t<\/div>\n\n\t\n\n\t<div id=\"col-575949601\" class=\"col hide-for-medium medium-5 small-12 large-3\"  >\n\t\t\t\t<div class=\"col-inner\"  >\n\t\t\t\n\t\t\t\n\n\n  <div class=\"banner has-hover\" id=\"banner-323313549\">\n          <div class=\"banner-inner fill\">\n        <div class=\"banner-bg fill\" >\n                                                \n                    <\/div>\n\t\t\n        <div class=\"banner-layers container\">\n            <div class=\"fill banner-link\"><\/div>            \n\n\t<div class=\"img has-hover x50 md-x50 lg-x50 y50 md-y50 lg-y50\" id=\"image_113004555\">\n\t\t\t\t\t\t\t\t<div class=\"img-inner dark\" >\n\t\t\t<img loading=\"lazy\" decoding=\"async\" width=\"1024\" height=\"1024\" src=\"https:\/\/lotsdenadal.cat\/wp-content\/uploads\/2025\/01\/pr-mos-de-tros-pate-alberginia.jpg\" class=\"attachment-original size-original\" alt=\"Pat\u00e9 artesano de berenjena Mos de Tros\" srcset=\"https:\/\/lotsdenadal.cat\/wp-content\/uploads\/2025\/01\/pr-mos-de-tros-pate-alberginia.jpg 1024w, https:\/\/lotsdenadal.cat\/wp-content\/uploads\/2025\/01\/pr-mos-de-tros-pate-alberginia-400x400.jpg 400w, https:\/\/lotsdenadal.cat\/wp-content\/uploads\/2025\/01\/pr-mos-de-tros-pate-alberginia-800x800.jpg 800w, https:\/\/lotsdenadal.cat\/wp-content\/uploads\/2025\/01\/pr-mos-de-tros-pate-alberginia-280x280.jpg 280w, https:\/\/lotsdenadal.cat\/wp-content\/uploads\/2025\/01\/pr-mos-de-tros-pate-alberginia-768x768.jpg 768w, https:\/\/lotsdenadal.cat\/wp-content\/uploads\/2025\/01\/pr-mos-de-tros-pate-alberginia-100x100.jpg 100w\" sizes=\"auto, (max-width: 1024px) 100vw, 1024px\" \/>\t\t\t\t\t\t\n\t\t\t\t\t<\/div>\n\t\t\t\t\t\t\t\t\n<style>\n#image_113004555 {\n  width: 35%;\n}\n@media (min-width:550px) {\n  #image_113004555 {\n    width: 100%;\n  }\n}\n@media (min-width:850px) {\n  #image_113004555 {\n    width: 60%;\n  }\n}\n<\/style>\n\t<\/div>\n\t\n\n\n        <\/div>\n      <\/div>\n\n            \n<style>\n#banner-323313549 {\n  padding-top: 200px;\n  background-color: rgb(255,255,255);\n}\n@media (min-width:850px) {\n  #banner-323313549 {\n    padding-top: 200px;\n  }\n}\n<\/style>\n  <\/div>\n\n\n\n\t\t<\/div>\n\t\t\t\t\t<\/div>\n\n\t\n\n\t<div id=\"col-564741008\" class=\"col medium-5 small-12 large-5\"  >\n\t\t\t\t<div class=\"col-inner text-center\"  >\n\t\t\t\n\t\t\t\n\n\n  <div class=\"banner has-hover\" id=\"banner-1574333934\">\n          <div class=\"banner-inner fill\">\n        <div class=\"banner-bg fill\" >\n            <img loading=\"lazy\" decoding=\"async\" width=\"550\" height=\"250\" src=\"https:\/\/lotsdenadal.cat\/wp-content\/uploads\/2025\/01\/pr-mos-de-tros-pate-alberginia-b.jpg\" class=\"bg attachment-large size-large\" alt=\"Conservas Mos de Tros\" \/>                                    \n                    <\/div>\n\t\t\n        <div class=\"banner-layers container\">\n            <div class=\"fill banner-link\"><\/div>            \n\n\n        <\/div>\n      <\/div>\n\n            \n<style>\n#banner-1574333934 {\n  padding-top: 180px;\n  background-color: rgb(255, 255, 255);\n}\n#banner-1574333934 .banner-bg img {\n  object-position: 47% 40%;\n}\n@media (min-width:550px) {\n  #banner-1574333934 {\n    padding-top: 190px;\n  }\n}\n@media (min-width:850px) {\n  #banner-1574333934 {\n    padding-top: 200px;\n  }\n}\n<\/style>\n  <\/div>\n\n\n\n\t\t<\/div>\n\t\t\t\t\t<\/div>\n\n\t\n\n<\/div>\n<div class=\"row align-middle\"  id=\"row-1722562674\">\n\n\n\t<div id=\"col-615719295\" class=\"col medium-7 small-12 large-4\"  >\n\t\t\t\t<div class=\"col-inner\"  >\n\t\t\t\n\t\t\t\n\n<h4><a href=\"https:\/\/casasalieri.com\/producto\/patatas-fritas-premium-casa-salieri-150g\/\" target=\"_blank\" rel=\"noopener\">PATATAS CHIPS CASA SALIERI<\/a><\/h4>\n<p>Chips seleccionadas con cuidado, cortadas finas y ligeramente doradas para conseguir una textura crujiente e irresistible. Preparadas con aceite de oliva y sal, ofrecen un sabor aut\u00e9ntico y un toque mediterr\u00e1neo que deleitar\u00e1 tu paladar en cada bocado. Disfruta de una experiencia gastron\u00f3mica \u00fanica que te transportar\u00e1 al Mediterr\u00e1neo. Perfectas para cualquier momento.<\/p>\n\n\t\t<\/div>\n\t\t\t\t\t<\/div>\n\n\t\n\n\t<div id=\"col-2078069437\" class=\"col hide-for-medium medium-5 small-12 large-3\"  >\n\t\t\t\t<div class=\"col-inner\"  >\n\t\t\t\n\t\t\t\n\n\n  <div class=\"banner has-hover\" id=\"banner-2084535\">\n          <div class=\"banner-inner fill\">\n        <div class=\"banner-bg fill\" >\n                                                \n                    <\/div>\n\t\t\n        <div class=\"banner-layers container\">\n            <div class=\"fill banner-link\"><\/div>            \n\n\t<div class=\"img has-hover x50 md-x50 lg-x50 y50 md-y50 lg-y50\" id=\"image_909698278\">\n\t\t\t\t\t\t\t\t<div class=\"img-inner dark\" >\n\t\t\t<img loading=\"lazy\" decoding=\"async\" width=\"1024\" height=\"1024\" src=\"https:\/\/lotsdenadal.cat\/wp-content\/uploads\/2024\/09\/pp-salieri-patates-xips.jpg\" class=\"attachment-original size-original\" alt=\"Patatas Salieri Chips Salieri\" srcset=\"https:\/\/lotsdenadal.cat\/wp-content\/uploads\/2024\/09\/pp-salieri-patates-xips.jpg 1024w, https:\/\/lotsdenadal.cat\/wp-content\/uploads\/2024\/09\/pp-salieri-patates-xips-400x400.jpg 400w, https:\/\/lotsdenadal.cat\/wp-content\/uploads\/2024\/09\/pp-salieri-patates-xips-800x800.jpg 800w, https:\/\/lotsdenadal.cat\/wp-content\/uploads\/2024\/09\/pp-salieri-patates-xips-280x280.jpg 280w, https:\/\/lotsdenadal.cat\/wp-content\/uploads\/2024\/09\/pp-salieri-patates-xips-768x768.jpg 768w, https:\/\/lotsdenadal.cat\/wp-content\/uploads\/2024\/09\/pp-salieri-patates-xips-100x100.jpg 100w\" sizes=\"auto, (max-width: 1024px) 100vw, 1024px\" \/>\t\t\t\t\t\t\n\t\t\t\t\t<\/div>\n\t\t\t\t\t\t\t\t\n<style>\n#image_909698278 {\n  width: 35%;\n}\n@media (min-width:550px) {\n  #image_909698278 {\n    width: 100%;\n  }\n}\n@media (min-width:850px) {\n  #image_909698278 {\n    width: 60%;\n  }\n}\n<\/style>\n\t<\/div>\n\t\n\n\n        <\/div>\n      <\/div>\n\n            \n<style>\n#banner-2084535 {\n  padding-top: 200px;\n  background-color: rgb(255,255,255);\n}\n@media (min-width:850px) {\n  #banner-2084535 {\n    padding-top: 200px;\n  }\n}\n<\/style>\n  <\/div>\n\n\n\n\t\t<\/div>\n\t\t\t\t\t<\/div>\n\n\t\n\n\t<div id=\"col-1800984795\" class=\"col medium-5 small-12 large-5\"  >\n\t\t\t\t<div class=\"col-inner text-center\"  >\n\t\t\t\n\t\t\t\n\n\n  <div class=\"banner has-hover\" id=\"banner-832670303\">\n          <div class=\"banner-inner fill\">\n        <div class=\"banner-bg fill\" >\n            <img loading=\"lazy\" decoding=\"async\" width=\"550\" height=\"250\" src=\"https:\/\/lotsdenadal.cat\/wp-content\/uploads\/2024\/09\/pp-salieri-patates-xips-b.jpg\" class=\"bg attachment-large size-large\" alt=\"Salieri\" \/>                                    \n                    <\/div>\n\t\t\n        <div class=\"banner-layers container\">\n            <div class=\"fill banner-link\"><\/div>            \n\n\n        <\/div>\n      <\/div>\n\n            \n<style>\n#banner-832670303 {\n  padding-top: 180px;\n  background-color: rgb(255, 255, 255);\n}\n#banner-832670303 .banner-bg img {\n  object-position: 49% 56%;\n}\n@media (min-width:550px) {\n  #banner-832670303 {\n    padding-top: 190px;\n  }\n}\n@media (min-width:850px) {\n  #banner-832670303 {\n    padding-top: 200px;\n  }\n}\n<\/style>\n  <\/div>\n\n\n\n\t\t<\/div>\n\t\t\t\t\t<\/div>\n\n\t\n\n<\/div>\n<div class=\"row align-middle\"  id=\"row-487053797\">\r\n\r\n\n\t<div id=\"col-1595747398\" class=\"col medium-7 small-12 large-4\"  >\n\t\t\t\t<div class=\"col-inner\"  >\n\t\t\t\n\t\t\t\r\n\r\n<h4><a href=\"https:\/\/vacka.es\/producto\/frais-con-albahaca\/\" target=\"_blank\" rel=\"noopener\">FRAIS DE ALBAHACA V\u00c4CKA<\/a><\/h4>\r\n<p>Cremoso ecol\u00f3gico de almendras y anacardos, con textura suave. Ideal para untar en tostadas y s\u00e1ndwiches, como dip saludable o para a\u00f1adir en pasteler\u00eda y postres. Elaborado con ingredientes naturales que ofrecen un sabor delicado, nutritivo y vers\u00e1til que potencia cualquier receta, aportando cremosidad en cada bocado. Sin lactosa y 100\u202f% ingredientes de origen vegetal.<\/p>\r\n\r\n\t\t<\/div>\n\t\t\t\t\t<\/div>\n\n\t\r\n\n\t<div id=\"col-668147216\" class=\"col hide-for-medium medium-5 small-12 large-3\"  >\n\t\t\t\t<div class=\"col-inner\"  >\n\t\t\t\n\t\t\t\r\n\r\n\n  <div class=\"banner has-hover\" id=\"banner-596221273\">\n          <div class=\"banner-inner fill\">\n        <div class=\"banner-bg fill\" >\n                                                \n                    <\/div>\n\t\t\n        <div class=\"banner-layers container\">\n            <div class=\"fill banner-link\"><\/div>            \r\n\r\n\t<div class=\"img has-hover x50 md-x50 lg-x50 y50 md-y50 lg-y50\" id=\"image_1350602686\">\n\t\t\t\t\t\t\t\t<div class=\"img-inner dark\" >\n\t\t\t<img loading=\"lazy\" decoding=\"async\" width=\"1024\" height=\"1024\" src=\"https:\/\/lotsdenadal.cat\/wp-content\/uploads\/2025\/09\/pp-frais-alfabrega.jpg\" class=\"attachment-original size-original\" alt=\"Frais alf\u00e0brega Vacka\" srcset=\"https:\/\/lotsdenadal.cat\/wp-content\/uploads\/2025\/09\/pp-frais-alfabrega.jpg 1024w, https:\/\/lotsdenadal.cat\/wp-content\/uploads\/2025\/09\/pp-frais-alfabrega-400x400.jpg 400w, https:\/\/lotsdenadal.cat\/wp-content\/uploads\/2025\/09\/pp-frais-alfabrega-800x800.jpg 800w, https:\/\/lotsdenadal.cat\/wp-content\/uploads\/2025\/09\/pp-frais-alfabrega-280x280.jpg 280w, https:\/\/lotsdenadal.cat\/wp-content\/uploads\/2025\/09\/pp-frais-alfabrega-768x768.jpg 768w, https:\/\/lotsdenadal.cat\/wp-content\/uploads\/2025\/09\/pp-frais-alfabrega-100x100.jpg 100w\" sizes=\"auto, (max-width: 1024px) 100vw, 1024px\" \/>\t\t\t\t\t\t\n\t\t\t\t\t<\/div>\n\t\t\t\t\t\t\t\t\n<style>\n#image_1350602686 {\n  width: 35%;\n}\n@media (min-width:550px) {\n  #image_1350602686 {\n    width: 100%;\n  }\n}\n@media (min-width:850px) {\n  #image_1350602686 {\n    width: 60%;\n  }\n}\n<\/style>\n\t<\/div>\n\t\r\n\r\n\r\n        <\/div>\n      <\/div>\n\n            \n<style>\n#banner-596221273 {\n  padding-top: 200px;\n  background-color: rgb(255,255,255);\n}\n@media (min-width:850px) {\n  #banner-596221273 {\n    padding-top: 200px;\n  }\n}\n<\/style>\n  <\/div>\n\n\r\n\r\n\t\t<\/div>\n\t\t\t\t\t<\/div>\n\n\t\r\n\n\t<div id=\"col-1128871230\" class=\"col medium-5 small-12 large-5\"  >\n\t\t\t\t<div class=\"col-inner text-center\"  >\n\t\t\t\n\t\t\t\r\n\r\n\n  <div class=\"banner has-hover\" id=\"banner-1811222787\">\n          <div class=\"banner-inner fill\">\n        <div class=\"banner-bg fill\" >\n            <img loading=\"lazy\" decoding=\"async\" width=\"550\" height=\"250\" src=\"https:\/\/lotsdenadal.cat\/wp-content\/uploads\/2025\/09\/pp-frais-alfabrega-b.jpg\" class=\"bg attachment-large size-large\" alt=\"V\u00e4cka\" \/>                                    \n                    <\/div>\n\t\t\n        <div class=\"banner-layers container\">\n            <div class=\"fill banner-link\"><\/div>            \r\n\r\n\r\n        <\/div>\n      <\/div>\n\n            \n<style>\n#banner-1811222787 {\n  padding-top: 180px;\n  background-color: rgb(255, 255, 255);\n}\n#banner-1811222787 .banner-bg img {\n  object-position: 51% 6%;\n}\n@media (min-width:550px) {\n  #banner-1811222787 {\n    padding-top: 190px;\n  }\n}\n@media (min-width:850px) {\n  #banner-1811222787 {\n    padding-top: 200px;\n  }\n}\n<\/style>\n  <\/div>\n\n\r\n\r\n\t\t<\/div>\n\t\t\t\t\t<\/div>\n\n\t\r\n\r\n<\/div>\n<div class=\"row align-middle\"  id=\"row-1360380514\">\n\n\n\t<div id=\"col-1633835026\" class=\"col medium-7 small-12 large-4\"  >\n\t\t\t\t<div class=\"col-inner\"  >\n\t\t\t\n\t\t\t\n\n<h4><a href=\"https:\/\/www.forndepacanpuig.com\/productes\/\" target=\"_blank\" rel=\"noopener\">TOSTADAS ARTESANAS GOURMET CAN PUIG<\/a><\/h4>\n<p>Las tostadas del horno de Can Puig son fruto de materias primas de calidad y de la dedicaci\u00f3n de los artesanos que trabajan juntos, as\u00ed como del encanto del horno de piedra. Con m\u00e1s de 100 a\u00f1os de historia, este horno utiliza un ingenio sencillo para girar la base y asegurar que el pan est\u00e9 bien cocido. Una verdadera maravilla de la tradici\u00f3n.<\/p>\n\n\t\t<\/div>\n\t\t\t\t\t<\/div>\n\n\t\n\n\t<div id=\"col-123204653\" class=\"col hide-for-medium medium-5 small-12 large-3\"  >\n\t\t\t\t<div class=\"col-inner\"  >\n\t\t\t\n\t\t\t\n\n\n  <div class=\"banner has-hover\" id=\"banner-1945213146\">\n          <div class=\"banner-inner fill\">\n        <div class=\"banner-bg fill\" >\n                                                \n                    <\/div>\n\t\t\n        <div class=\"banner-layers container\">\n            <div class=\"fill banner-link\"><\/div>            \n\n\t<div class=\"img has-hover x50 md-x50 lg-x50 y50 md-y50 lg-y50\" id=\"image_15386912\">\n\t\t\t\t\t\t\t\t<div class=\"img-inner dark\" >\n\t\t\t<img loading=\"lazy\" decoding=\"async\" width=\"500\" height=\"500\" src=\"https:\/\/lotsdenadal.cat\/wp-content\/uploads\/2023\/10\/pr-can-puig-torrades-normals.jpg\" class=\"attachment-original size-original\" alt=\"Tostadas Can Puig catalan\" srcset=\"https:\/\/lotsdenadal.cat\/wp-content\/uploads\/2023\/10\/pr-can-puig-torrades-normals.jpg 500w, https:\/\/lotsdenadal.cat\/wp-content\/uploads\/2023\/10\/pr-can-puig-torrades-normals-400x400.jpg 400w, https:\/\/lotsdenadal.cat\/wp-content\/uploads\/2023\/10\/pr-can-puig-torrades-normals-280x280.jpg 280w, https:\/\/lotsdenadal.cat\/wp-content\/uploads\/2023\/10\/pr-can-puig-torrades-normals-100x100.jpg 100w\" sizes=\"auto, (max-width: 500px) 100vw, 500px\" \/>\t\t\t\t\t\t\n\t\t\t\t\t<\/div>\n\t\t\t\t\t\t\t\t\n<style>\n#image_15386912 {\n  width: 35%;\n}\n@media (min-width:550px) {\n  #image_15386912 {\n    width: 100%;\n  }\n}\n@media (min-width:850px) {\n  #image_15386912 {\n    width: 60%;\n  }\n}\n<\/style>\n\t<\/div>\n\t\n\n\n        <\/div>\n      <\/div>\n\n            \n<style>\n#banner-1945213146 {\n  padding-top: 200px;\n  background-color: rgb(255,255,255);\n}\n@media (min-width:850px) {\n  #banner-1945213146 {\n    padding-top: 200px;\n  }\n}\n<\/style>\n  <\/div>\n\n\n\n\t\t<\/div>\n\t\t\t\t\t<\/div>\n\n\t\n\n\t<div id=\"col-1912148077\" class=\"col medium-5 small-12 large-5\"  >\n\t\t\t\t<div class=\"col-inner text-center\"  >\n\t\t\t\n\t\t\t\n\n\n  <div class=\"banner has-hover\" id=\"banner-915867244\">\n          <div class=\"banner-inner fill\">\n        <div class=\"banner-bg fill\" >\n            <img loading=\"lazy\" decoding=\"async\" width=\"550\" height=\"250\" src=\"https:\/\/lotsdenadal.cat\/wp-content\/uploads\/2023\/10\/pr-can-puig-torrades-normals-b.jpg\" class=\"bg attachment-large size-large\" alt=\"Tostadas Can Puig producto catalan\" \/>                                    \n                    <\/div>\n\t\t\n        <div class=\"banner-layers container\">\n            <div class=\"fill banner-link\"><\/div>            \n\n\n        <\/div>\n      <\/div>\n\n            \n<style>\n#banner-915867244 {\n  padding-top: 180px;\n  background-color: rgb(255, 255, 255);\n}\n#banner-915867244 .banner-bg img {\n  object-position: 49% 56%;\n}\n@media (min-width:550px) {\n  #banner-915867244 {\n    padding-top: 190px;\n  }\n}\n@media (min-width:850px) {\n  #banner-915867244 {\n    padding-top: 200px;\n  }\n}\n<\/style>\n  <\/div>\n\n\n\n\t\t<\/div>\n\t\t\t\t\t<\/div>\n\n\t\n\n<\/div>\n<div class=\"row align-middle\"  id=\"row-134323854\">\r\n\r\n\n\t<div id=\"col-606004017\" class=\"col medium-7 small-12 large-4\"  >\n\t\t\t\t<div class=\"col-inner\"  >\n\t\t\t\n\t\t\t\r\n\r\n<h4><a href=\"https:\/\/shop.canbech.com\/es\/clasicas\/64-mermelada-extra-de-higos-negros.html\" target=\"_blank\" rel=\"noopener\">MERMELADA DE HIGOS CAN BECH<\/a><\/h4>\r\n<p>Se trata de una de las mermeladas m\u00e1s preciadas de Can Bech debido a la dulzura natural de esta fruta y a sus m\u00faltiples combinaciones. Recomendamos probarla con una tostada de queso azul, con una tostada de foie gras, con helado de nueces de macadamia o bien con una ensalada o s\u00e1ndwich de r\u00facula, queso parmesano y jam\u00f3n de bellota. \u00a1Es deliciosa!<\/p>\r\n\r\n\t\t<\/div>\n\t\t\t\t\t<\/div>\n\n\t\r\n\n\t<div id=\"col-702450808\" class=\"col hide-for-medium medium-5 small-12 large-3\"  >\n\t\t\t\t<div class=\"col-inner\"  >\n\t\t\t\n\t\t\t\r\n\r\n\n  <div class=\"banner has-hover\" id=\"banner-303438347\">\n          <div class=\"banner-inner fill\">\n        <div class=\"banner-bg fill\" >\n                                                \n                    <\/div>\n\t\t\n        <div class=\"banner-layers container\">\n            <div class=\"fill banner-link\"><\/div>            \r\n\r\n\t<div class=\"img has-hover x50 md-x50 lg-x50 y50 md-y50 lg-y50\" id=\"image_753234572\">\n\t\t\t\t\t\t\t\t<div class=\"img-inner dark\" >\n\t\t\t<img loading=\"lazy\" decoding=\"async\" width=\"1024\" height=\"1024\" src=\"https:\/\/lotsdenadal.cat\/wp-content\/uploads\/2025\/09\/pr-melmelada-figues.png\" class=\"attachment-original size-original\" alt=\"Mermelada higos Can Bech\" srcset=\"https:\/\/lotsdenadal.cat\/wp-content\/uploads\/2025\/09\/pr-melmelada-figues.png 1024w, https:\/\/lotsdenadal.cat\/wp-content\/uploads\/2025\/09\/pr-melmelada-figues-400x400.png 400w, https:\/\/lotsdenadal.cat\/wp-content\/uploads\/2025\/09\/pr-melmelada-figues-800x800.png 800w, https:\/\/lotsdenadal.cat\/wp-content\/uploads\/2025\/09\/pr-melmelada-figues-280x280.png 280w, https:\/\/lotsdenadal.cat\/wp-content\/uploads\/2025\/09\/pr-melmelada-figues-768x768.png 768w, https:\/\/lotsdenadal.cat\/wp-content\/uploads\/2025\/09\/pr-melmelada-figues-100x100.png 100w\" sizes=\"auto, (max-width: 1024px) 100vw, 1024px\" \/>\t\t\t\t\t\t\n\t\t\t\t\t<\/div>\n\t\t\t\t\t\t\t\t\n<style>\n#image_753234572 {\n  width: 35%;\n}\n@media (min-width:550px) {\n  #image_753234572 {\n    width: 100%;\n  }\n}\n@media (min-width:850px) {\n  #image_753234572 {\n    width: 60%;\n  }\n}\n<\/style>\n\t<\/div>\n\t\r\n\r\n\r\n        <\/div>\n      <\/div>\n\n            \n<style>\n#banner-303438347 {\n  padding-top: 200px;\n  background-color: rgb(255,255,255);\n}\n@media (min-width:850px) {\n  #banner-303438347 {\n    padding-top: 200px;\n  }\n}\n<\/style>\n  <\/div>\n\n\r\n\r\n\t\t<\/div>\n\t\t\t\t\t<\/div>\n\n\t\r\n\n\t<div id=\"col-34125775\" class=\"col medium-5 small-12 large-5\"  >\n\t\t\t\t<div class=\"col-inner text-center\"  >\n\t\t\t\n\t\t\t\r\n\r\n\n  <div class=\"banner has-hover\" id=\"banner-50056180\">\n          <div class=\"banner-inner fill\">\n        <div class=\"banner-bg fill\" >\n            <img loading=\"lazy\" decoding=\"async\" width=\"550\" height=\"250\" src=\"https:\/\/lotsdenadal.cat\/wp-content\/uploads\/2025\/09\/pr-melmelada-figues-b.jpg\" class=\"bg attachment-large size-large\" alt=\"Can Bech\" \/>                                    \n                    <\/div>\n\t\t\n        <div class=\"banner-layers container\">\n            <div class=\"fill banner-link\"><\/div>            \r\n\r\n\r\n        <\/div>\n      <\/div>\n\n            \n<style>\n#banner-50056180 {\n  padding-top: 180px;\n  background-color: rgb(255, 255, 255);\n}\n#banner-50056180 .banner-bg img {\n  object-position: 49% 98%;\n}\n@media (min-width:550px) {\n  #banner-50056180 {\n    padding-top: 190px;\n  }\n}\n@media (min-width:850px) {\n  #banner-50056180 {\n    padding-top: 200px;\n  }\n}\n<\/style>\n  <\/div>\n\n\r\n\r\n\t\t<\/div>\n\t\t\t\t\t<\/div>\n\n\t\r\n\r\n<\/div>\n<div class=\"row align-middle\"  id=\"row-541894710\">\n\n\n\t<div id=\"col-803685514\" class=\"col medium-7 small-12 large-4\"  >\n\t\t\t\t<div class=\"col-inner\"  >\n\t\t\t\n\t\t\t\n\n<h4><a href=\"https:\/\/www.nouca.es\/producto\/nueces-con-cascara-ecologicas-nacionales-malla-400g\/\" target=\"_blank\" rel=\"noopener\">NUECES CON C\u00c1SCARA ECOL\u00d3GICAS NOUCA<\/a><\/h4>\n<p>Desde la provincia de Lleida, en un peque\u00f1o pueblo llamado Golm\u00e9s, se han dedicado a acercarte a los productos m\u00e1s saludables que cuidan de las personas y tambi\u00e9n del medio ambiente. Han entendido este cultivo tan noble para producir las nueces m\u00e1s sanas, frescas y elaborarlas de la mejor manera. \u00a1Nueces sostenibles que te aportar\u00e1n grandes valores nutricionales!<\/p>\n\n\t\t<\/div>\n\t\t\t\t\t<\/div>\n\n\t\n\n\t<div id=\"col-669608266\" class=\"col hide-for-medium medium-5 small-12 large-3\"  >\n\t\t\t\t<div class=\"col-inner\"  >\n\t\t\t\n\t\t\t\n\n\n  <div class=\"banner has-hover\" id=\"banner-1219081896\">\n          <div class=\"banner-inner fill\">\n        <div class=\"banner-bg fill\" >\n                                                \n                    <\/div>\n\t\t\n        <div class=\"banner-layers container\">\n            <div class=\"fill banner-link\"><\/div>            \n\n\t<div class=\"img has-hover x50 md-x50 lg-x50 y50 md-y50 lg-y50\" id=\"image_1933990405\">\n\t\t\t\t\t\t\t\t<div class=\"img-inner dark\" >\n\t\t\t<img loading=\"lazy\" decoding=\"async\" width=\"500\" height=\"500\" src=\"https:\/\/lotsdenadal.cat\/wp-content\/uploads\/2023\/10\/pr-nouca-nous-amb-closca.jpg\" class=\"attachment-original size-original\" alt=\"Nueces con cascara Nouca producte km 0\" srcset=\"https:\/\/lotsdenadal.cat\/wp-content\/uploads\/2023\/10\/pr-nouca-nous-amb-closca.jpg 500w, https:\/\/lotsdenadal.cat\/wp-content\/uploads\/2023\/10\/pr-nouca-nous-amb-closca-400x400.jpg 400w, https:\/\/lotsdenadal.cat\/wp-content\/uploads\/2023\/10\/pr-nouca-nous-amb-closca-280x280.jpg 280w, https:\/\/lotsdenadal.cat\/wp-content\/uploads\/2023\/10\/pr-nouca-nous-amb-closca-100x100.jpg 100w\" sizes=\"auto, (max-width: 500px) 100vw, 500px\" \/>\t\t\t\t\t\t\n\t\t\t\t\t<\/div>\n\t\t\t\t\t\t\t\t\n<style>\n#image_1933990405 {\n  width: 35%;\n}\n@media (min-width:550px) {\n  #image_1933990405 {\n    width: 100%;\n  }\n}\n@media (min-width:850px) {\n  #image_1933990405 {\n    width: 60%;\n  }\n}\n<\/style>\n\t<\/div>\n\t\n\n\n        <\/div>\n      <\/div>\n\n            \n<style>\n#banner-1219081896 {\n  padding-top: 200px;\n  background-color: rgb(255,255,255);\n}\n@media (min-width:850px) {\n  #banner-1219081896 {\n    padding-top: 200px;\n  }\n}\n<\/style>\n  <\/div>\n\n\n\n\t\t<\/div>\n\t\t\t\t\t<\/div>\n\n\t\n\n\t<div id=\"col-632850262\" class=\"col medium-5 small-12 large-5\"  >\n\t\t\t\t<div class=\"col-inner text-center\"  >\n\t\t\t\n\t\t\t\n\n\n  <div class=\"banner has-hover\" id=\"banner-451452590\">\n          <div class=\"banner-inner fill\">\n        <div class=\"banner-bg fill\" >\n            <img loading=\"lazy\" decoding=\"async\" width=\"550\" height=\"250\" src=\"https:\/\/lotsdenadal.cat\/wp-content\/uploads\/2023\/10\/pr-nouca-nous-amb-closca-b.jpg\" class=\"bg attachment-large size-large\" alt=\"Nueces con cascara Nouca producte km 0\" \/>                                    \n                    <\/div>\n\t\t\n        <div class=\"banner-layers container\">\n            <div class=\"fill banner-link\"><\/div>            \n\n\n        <\/div>\n      <\/div>\n\n            \n<style>\n#banner-451452590 {\n  padding-top: 180px;\n  background-color: rgb(255, 255, 255);\n}\n#banner-451452590 .banner-bg img {\n  object-position: 49% 56%;\n}\n@media (min-width:550px) {\n  #banner-451452590 {\n    padding-top: 190px;\n  }\n}\n@media (min-width:850px) {\n  #banner-451452590 {\n    padding-top: 200px;\n  }\n}\n<\/style>\n  <\/div>\n\n\n\n\t\t<\/div>\n\t\t\t\t\t<\/div>\n\n\t\n\n<\/div>\n<p class=\"text-center\"><mark>Block <strong>\"pp-veggie-karma-ricotta-vegetal_es\"<\/strong> not found<\/mark><\/p>\n<div class=\"row align-middle\"  id=\"row-1856174356\">\r\n\r\n\n\t<div id=\"col-1179624438\" class=\"col medium-7 small-12 large-4\"  >\n\t\t\t\t<div class=\"col-inner\"  >\n\t\t\t\n\t\t\t\r\n\r\n<h4><a href=\"https:\/\/veggie-karma.com\/es\/producto\/queso-vegano-semicurado-con-pimenton?srsltid=AfmBOopc25ky3viqLI6gWhwzAb_kw0vtVkr5nyxjDmkYR6O9fLspF4x2\" target=\"_blank\" rel=\"noopener\">SEMICURADO VEGETAL VEGGIE KARMA<\/a><\/h4>\r\n<p>Elaborado con altramuz, anacardos y fermentos naturales. Se trata del queso con el proceso de fermentaci\u00f3n m\u00e1s largo de Veggie Karma, que oscila entre 5 y 8 semanas. Esta maduraci\u00f3n prolongada intensifica su sabor ahumado y robusto, ofreciendo una experiencia gastron\u00f3mica singular pensada para los paladares que buscan sensaciones fuertes e intensas.<\/p>\r\n\r\n\t\t<\/div>\n\t\t\t\t\t<\/div>\n\n\t\r\n\n\t<div id=\"col-258125486\" class=\"col hide-for-medium medium-5 small-12 large-3\"  >\n\t\t\t\t<div class=\"col-inner\"  >\n\t\t\t\n\t\t\t\r\n\r\n\n  <div class=\"banner has-hover\" id=\"banner-1669687864\">\n          <div class=\"banner-inner fill\">\n        <div class=\"banner-bg fill\" >\n                                                \n                    <\/div>\n\t\t\n        <div class=\"banner-layers container\">\n            <div class=\"fill banner-link\"><\/div>            \r\n\r\n\t<div class=\"img has-hover x50 md-x50 lg-x50 y50 md-y50 lg-y50\" id=\"image_619144260\">\n\t\t\t\t\t\t\t\t<div class=\"img-inner dark\" >\n\t\t\t<img loading=\"lazy\" decoding=\"async\" width=\"1024\" height=\"1024\" src=\"https:\/\/lotsdenadal.cat\/wp-content\/uploads\/2025\/09\/pp-semicurat-vegetal-pimenton.jpg\" class=\"attachment-original size-original\" alt=\"Semicurado vegetal Piment\u00f3n Veggie Karma\" srcset=\"https:\/\/lotsdenadal.cat\/wp-content\/uploads\/2025\/09\/pp-semicurat-vegetal-pimenton.jpg 1024w, https:\/\/lotsdenadal.cat\/wp-content\/uploads\/2025\/09\/pp-semicurat-vegetal-pimenton-400x400.jpg 400w, https:\/\/lotsdenadal.cat\/wp-content\/uploads\/2025\/09\/pp-semicurat-vegetal-pimenton-800x800.jpg 800w, https:\/\/lotsdenadal.cat\/wp-content\/uploads\/2025\/09\/pp-semicurat-vegetal-pimenton-280x280.jpg 280w, https:\/\/lotsdenadal.cat\/wp-content\/uploads\/2025\/09\/pp-semicurat-vegetal-pimenton-768x768.jpg 768w, https:\/\/lotsdenadal.cat\/wp-content\/uploads\/2025\/09\/pp-semicurat-vegetal-pimenton-100x100.jpg 100w\" sizes=\"auto, (max-width: 1024px) 100vw, 1024px\" \/>\t\t\t\t\t\t\n\t\t\t\t\t<\/div>\n\t\t\t\t\t\t\t\t\n<style>\n#image_619144260 {\n  width: 35%;\n}\n@media (min-width:550px) {\n  #image_619144260 {\n    width: 100%;\n  }\n}\n@media (min-width:850px) {\n  #image_619144260 {\n    width: 60%;\n  }\n}\n<\/style>\n\t<\/div>\n\t\r\n\r\n\r\n        <\/div>\n      <\/div>\n\n            \n<style>\n#banner-1669687864 {\n  padding-top: 200px;\n  background-color: rgb(255,255,255);\n}\n@media (min-width:850px) {\n  #banner-1669687864 {\n    padding-top: 200px;\n  }\n}\n<\/style>\n  <\/div>\n\n\r\n\r\n\t\t<\/div>\n\t\t\t\t\t<\/div>\n\n\t\r\n\n\t<div id=\"col-1381939188\" class=\"col medium-5 small-12 large-5\"  >\n\t\t\t\t<div class=\"col-inner text-center\"  >\n\t\t\t\n\t\t\t\r\n\r\n\n  <div class=\"banner has-hover\" id=\"banner-1013648218\">\n          <div class=\"banner-inner fill\">\n        <div class=\"banner-bg fill\" >\n            <img loading=\"lazy\" decoding=\"async\" width=\"550\" height=\"250\" src=\"https:\/\/lotsdenadal.cat\/wp-content\/uploads\/2025\/09\/pp-semicurat-vegetal-pimenton-b.jpg\" class=\"bg attachment-large size-large\" alt=\"Veggie Karma\" \/>                                    \n                    <\/div>\n\t\t\n        <div class=\"banner-layers container\">\n            <div class=\"fill banner-link\"><\/div>            \r\n\r\n\r\n        <\/div>\n      <\/div>\n\n            \n<style>\n#banner-1013648218 {\n  padding-top: 180px;\n  background-color: rgb(255, 255, 255);\n}\n#banner-1013648218 .banner-bg img {\n  object-position: 50% 22%;\n}\n@media (min-width:550px) {\n  #banner-1013648218 {\n    padding-top: 190px;\n  }\n}\n@media (min-width:850px) {\n  #banner-1013648218 {\n    padding-top: 200px;\n  }\n}\n<\/style>\n  <\/div>\n\n\r\n\r\n\t\t<\/div>\n\t\t\t\t\t<\/div>\n\n\t\r\n\r\n<\/div>\n","protected":false},"excerpt":{"rendered":"<h4><span style=\"font-size: 27px; line-height: 0.8 em; font-weight: 200; color:#c1d5bf;\">Lot Natura | 21 productos <\/span><span style=\"font-size: 27px; line-height: 0.8 em; font-weight: 200; color:  #becd4f;\"> | <\/span><img decoding=\"async\" src=\"\/wp-content\/uploads\/2023\/09\/eco_ue.jpg\"  alt=\"Certificado CCPAE\" width=\"35\"\/><span style=\"font-size: 20px; line-height: 1 em; font-weight: 200; color: #becd4f;\"> 11 ecol\u00f3gicos<\/span><\/h4>\n<div class=\"row row-collapse row-full-width align-middle\"  id=\"row-1702189050\">\n\t<div id=\"col-1316306249\" class=\"col medium-2 small-3 large-2\"  >\n\t\t\t\t<div class=\"col-inner\"  >\n\t\t\t\n\t\t\t<img loading=\"lazy\" decoding=\"async\" class=\"alignleft\" src=\"\/wp-content\/uploads\/2023\/09\/lots-de-nadal-sense-oli-palma.png\"  alt=\"Lote de Navidad sin aceite de palma\" width=\"90\" height=\"90\" \/>\t\t<\/div>\n\t\t\t\t\t<\/div>\n\n\t\n\t<div id=\"col-1609873118\" class=\"col medium-2 small-3 large-2\"  >\n\t\t\t\t<div class=\"col-inner\"  >\n\t\t\t\n\t\t\t<img loading=\"lazy\" decoding=\"async\" class=\"alignleft\" src=\"\/wp-content\/uploads\/2023\/06\/lots-de-nadal-vegetaria.png\"  alt=\"Lote de Navidad vegetariano\" width=\"90\" height=\"90\" \/>\t\t<\/div>\n\t\t\t\t\t<\/div>\n\n\t\n\t<div id=\"col-750254809\" class=\"col medium-2 small-3 large-2\"  >\n\t\t\t\t<div class=\"col-inner\"  >\n\t\t\t\n\t\t\t<img loading=\"lazy\" decoding=\"async\" class=\"alignleft\" src=\"\/wp-content\/uploads\/2023\/06\/lots-de-nadal-vega.png\"  alt=\"Lote de Navidad vegano\" width=\"90\" height=\"90\" \/>\t\t<\/div>\n\t\t\t\t\t<\/div>\n\n\t\n<style>\n#row-1702189050 > .col > .col-inner {\n  padding: -50px 0px 0px 0px;\n}\n<\/style>\n<\/div>\n<h4><\/h4>\n<ul>\n<li>\n<tr>\n<td><span style=\"font-size: 87%\">&nbsp;&nbsp;&nbsp;&nbsp;Ginebra artesana elaborada con el m\u00e9todo London Dry Girona Excel\u00b7lent Quevall 70 cl.<\/span><\/td>\n<td><img decoding=\"async\" src=\"\/wp-content\/uploads\/2023\/09\/girona-excellent.png\" title=\"Girona excellent\" alt=\"Girona excellent\" width=\"25\"\/><\/td>\n<\/tr>\n<\/li>\n<li>\n<tr>\n<td><img decoding=\"async\" src=\"\/wp-content\/uploads\/2023\/09\/eco_mini.png\"  alt=\"producto eco\u00f3gico\" width=\"12\"\/><\/td>\n<td><span style=\"font-size: 87%\">Els Nanos Collita. Vino tinto ecol\u00f3gico DO Conca de Barber\u00e0 Bodega Josep Foraster<\/span><\/td>\n<td><img decoding=\"async\" src=\"\/wp-content\/uploads\/2023\/09\/penin87.png\" title=\"Guia Pe\u00f1in\" alt=\"Guia Pe\u00f1in\" width=\"40\"\/><\/td>\n<\/tr>\n<\/li>\n<li>\n<tr>\n<td><img decoding=\"async\" src=\"\/wp-content\/uploads\/2023\/09\/eco_mini.png\"  alt=\"producto eco\u00f3gico\" width=\"12\"\/><\/td>\n<td><span style=\"font-size: 87%\">Petit Cuv\u00e9e. Cava eco BN elaborado con Macabeu Xarel\u00b7lo Parellada Castelo de Pedregosa<\/span><\/td>\n<\/tr>\n<\/li>\n<li>\n<tr>\n<td><span style=\"font-size: 87%\">&nbsp;&nbsp;&nbsp;&nbsp;Turr\u00f3n de estilo quemado que mantiene la esencia tradicional Artesans Soler 200 g.<\/span><\/td>\n<\/tr>\n<\/li>\n<li>\n<tr>\n<td><span style=\"font-size: 87%\">&nbsp;&nbsp;&nbsp;&nbsp;NOS. Aceite de oliva virgen extra variedad Arbequina Terra Fruits 250 ml.<\/span><\/td>\n<\/tr>\n<\/li>\n<li>\n<tr>\n<td><img decoding=\"async\" src=\"\/wp-content\/uploads\/2023\/09\/eco_mini.png\"  alt=\"producto eco\u00f3gico\" width=\"12\"\/><\/td>\n<td><span style=\"font-size: 87%\">Vinagre de manzana eco, sin sulfitos y vegano Badia 500 ml.<\/span><\/td>\n<\/tr>\n<\/li>\n<li>\n<tr>\n<td><span style=\"font-size: 87%\">&nbsp;&nbsp;&nbsp;&nbsp;Escamas de sal de manantial con rosas. Termina tus platos con aroma y color Fossil River 20 g.<\/span><\/td>\n<\/tr>\n<\/li>\n<li>\n<tr>\n<td><img decoding=\"async\" src=\"\/wp-content\/uploads\/2023\/09\/eco_mini.png\"  alt=\"producto eco\u00f3gico\" width=\"12\"\/><\/td>\n<td><span style=\"font-size: 87%\">Garbanzillo ecol\u00f3gico cultivado en el Vall\u00e8s y elaborado en conserva Agr\u00e0ria Vall\u00e8s 360 g.<\/span><\/td>\n<\/tr>\n<\/li>\n<li>\n<tr>\n<td><img decoding=\"async\" src=\"\/wp-content\/uploads\/2023\/09\/eco_mini.png\"  alt=\"producto eco\u00f3gico\" width=\"12\"\/><\/td>\n<td><span style=\"font-size: 87%\">Crujientes colines ecol\u00f3gicos con tomate y or\u00e9gano Zealia 75 g.<\/span><\/td>\n<\/tr>\n<\/li>\n<li>\n<tr>\n<td><span style=\"font-size: 87%\">&nbsp;&nbsp;&nbsp;&nbsp;Queso M\u00f6zza, la alternativa vegetal a la mozzarella. Ideal para gratinar V\u00e4cka 200 g.<\/span><\/td>\n<\/tr>\n<\/li>\n<li>\n<tr>\n<td><img decoding=\"async\" src=\"\/wp-content\/uploads\/2023\/09\/eco_mini.png\"  alt=\"producto eco\u00f3gico\" width=\"12\"\/><\/td>\n<td><span style=\"font-size: 87%\">Infusi\u00f3n ecol\u00f3gica Rooibos de naranja y manzana. Fresca y rica en antioxidantes Alma Home<\/span><\/td>\n<\/tr>\n<\/li>\n<li>\n<tr>\n<td><span style=\"font-size: 87%\">&nbsp;&nbsp;&nbsp;&nbsp;Risotto de boletus y alcachofa con caldo incluido. Listo para cocinar Botanic &#038; Fruits 210 g.<\/span><\/td>\n<\/tr>\n<\/li>\n<li>\n<tr>\n<td><img decoding=\"async\" src=\"\/wp-content\/uploads\/2023\/09\/eco_mini.png\"  alt=\"producto eco\u00f3gico\" width=\"12\"\/><\/td>\n<td><span style=\"font-size: 87%\">Pollo vegano al curry. F\u00e1cil de preparar y con una textura deliciosa Nuveg 270 g.<\/span><\/td>\n<\/tr>\n<\/li>\n<li>\n<tr>\n<td><span style=\"font-size: 87%\">&nbsp;&nbsp;&nbsp;&nbsp;Pat\u00e9 artesano de berenjena. D\u00e9jate sorprendrer por su aroma. Mos de Tros 180 g.<\/span><\/td>\n<\/tr>\n<\/li>\n<li>\n<tr>\n<td><span style=\"font-size: 87%\">&nbsp;&nbsp;&nbsp;&nbsp;Patatas chips Pr\u00e9mium de corte fino y doradas con aceite de oliva Casa Salieri 150 g. <\/span><\/td>\n<\/tr>\n<\/li>\n<li>\n<tr>\n<td><img decoding=\"async\" src=\"\/wp-content\/uploads\/2023\/09\/eco_mini.png\"  alt=\"producto eco\u00f3gico\" width=\"12\"\/><\/td>\n<td><span style=\"font-size: 87%\">Cremoso de albahaca ecol\u00f3gico. Para dipear o como salsa para bocadillos V\u00e4cka 150 g.<\/span><\/td>\n<\/tr>\n<\/li>\n<li>\n<tr>\n<td><span style=\"font-size: 87%\">&nbsp;&nbsp;&nbsp;&nbsp;Tostaditas artesanas gourmet elaboradas por la Panader\u00eda Can Puig Arenys de Munt 150 g.<\/span><\/td>\n<\/tr>\n<\/li>\n<li>\n<tr>\n<td><span style=\"font-size: 87%\">&nbsp;&nbsp;&nbsp;&nbsp;Mermelada de higo. Con helado de nueces o ensalada Girona Excel\u00b7lent Can Bech 285 g.<\/span><\/td>\n<td><img decoding=\"async\" src=\"\/wp-content\/uploads\/2023\/09\/girona-excellent.png\" title=\"Girona excellent\" alt=\"Girona excellent\" width=\"25\"\/><\/td>\n<\/tr>\n<\/li>\n<li>\n<tr>\n<td><img decoding=\"async\" src=\"\/wp-content\/uploads\/2023\/09\/eco_mini.png\"  alt=\"producto eco\u00f3gico\" width=\"12\"\/><\/td>\n<td><span style=\"font-size: 87%\">Nueces eco con c\u00e1scara de calibre grande producidas en las tierras de Lleida Nouca 500 g.<\/span><\/td>\n<\/tr>\n<\/li>\n<li>\n<tr>\n<td><img decoding=\"async\" src=\"\/wp-content\/uploads\/2023\/09\/eco_mini.png\"  alt=\"producto eco\u00f3gico\" width=\"12\"\/><\/td>\n<td><span style=\"font-size: 87%\">Queso Ricotta vegano. Perfecto para combinar con ensaladas y gratinados Veggie Karma 250g.<\/span><\/td>\n<\/tr>\n<\/li>\n<li>\n<tr>\n<td><img decoding=\"async\" src=\"\/wp-content\/uploads\/2023\/09\/eco_mini.png\"  alt=\"producto eco\u00f3gico\" width=\"12\"\/><\/td>\n<td><span style=\"font-size: 87%\">Queso Semicurado vegano y ecol\u00f3gico con piment\u00f3n ahumado Veggie Karma 200 g.<\/span><\/td>\n<\/tr>\n<\/li>\n<\/ul>\n<\/div>\n","protected":false},"featured_media":500643,"template":"","meta":{"_monsterinsights_skip_tracking":false,"_monsterinsights_sitenote_active":false,"_monsterinsights_sitenote_note":"","_monsterinsights_sitenote_category":0},"product_brand":[],"product_cat":[125,147,154,158],"product_tag":[142,143,264,155,173,139],"class_list":{"0":"post-2001042","1":"product","2":"type-product","3":"status-publish","4":"has-post-thumbnail","6":"product_cat-todos","7":"product_cat-hasta-95-95-euros","8":"product_cat-cestas-de-navidad-vegetarianas","9":"product_cat-cestas-de-navidad-veganas","10":"product_tag-cava-es","11":"product_tag-cava-brut-nature-es","12":"product_tag-destilados-es","13":"product_tag-lot-natura-es","14":"product_tag-lotes-de-navidad-es","15":"product_tag-vino-tinto-es","17":"first","18":"instock","19":"taxable","20":"shipping-taxable","21":"purchasable","22":"product-type-simple"},"group_of_quantity":0,"min_quantity":0,"max_quantity":"","exclude_order_quantity_value_rules":"no","exclude_category_quantity_rules":"no","combine_variations":"no","yoast_head":"<!-- This site is optimized with the Yoast SEO Premium plugin v25.8 (Yoast SEO v25.8) - https:\/\/yoast.com\/wordpress\/plugins\/seo\/ -->\n<title>Lote de Navidad Natura 1042 vgn | Harcogourmet<\/title>\n<meta name=\"description\" content=\"\u00bfBuscas Lotes de Navidad veganos? El Lote de Navidad Natura 1042 vgn contiene productos ecol\u00f3gicos y veganos. Tu lote a un click de distancia\" \/>\n<meta name=\"robots\" content=\"index, follow, max-snippet:-1, max-image-preview:large, max-video-preview:-1\" \/>\n<link rel=\"canonical\" href=\"https:\/\/lotsdenadal.cat\/es\/producto\/lote-de-navidad-natura-1042-vgn\/\" \/>\n<meta property=\"og:locale\" content=\"es_ES\" \/>\n<meta property=\"og:type\" content=\"article\" \/>\n<meta property=\"og:title\" content=\"Lote de Navidad Natura 1042 vgn\" \/>\n<meta property=\"og:description\" content=\"\u00bfBuscas Lotes de Navidad veganos? El Lote de Navidad Natura 1042 vgn contiene productos ecol\u00f3gicos y veganos. Tu lote a un click de distancia\" \/>\n<meta property=\"og:url\" content=\"https:\/\/lotsdenadal.cat\/es\/producto\/lote-de-navidad-natura-1042-vgn\/\" \/>\n<meta property=\"og:site_name\" content=\"Lotes de Navidad\" \/>\n<meta property=\"article:publisher\" content=\"https:\/\/facebook.com\/harcogourmet\" \/>\n<meta property=\"article:modified_time\" content=\"2025-09-18T00:20:49+00:00\" \/>\n<meta property=\"og:image\" content=\"https:\/\/lotsdenadal.cat\/wp-content\/uploads\/2023\/08\/lot-de-nadal-natura-1042-vgn.jpg\" \/>\n\t<meta property=\"og:image:width\" content=\"1500\" \/>\n\t<meta property=\"og:image:height\" content=\"1500\" \/>\n\t<meta property=\"og:image:type\" content=\"image\/jpeg\" \/>\n<meta name=\"twitter:card\" content=\"summary_large_image\" \/>\n<meta name=\"twitter:site\" content=\"@harcogourmet\" \/>\n<meta name=\"twitter:label1\" content=\"Precio\" \/>\n\t<meta name=\"twitter:data1\" content=\"92,95&nbsp;&euro; + IVA\" \/>\n\t<meta name=\"twitter:label2\" content=\"Disponibilidad\" \/>\n\t<meta name=\"twitter:data2\" content=\"Disponible\" \/>\n<script type=\"application\/ld+json\" class=\"yoast-schema-graph\">{\"@context\":\"https:\/\/schema.org\",\"@graph\":[{\"@type\":\"WebPage\",\"@id\":\"https:\/\/lotsdenadal.cat\/es\/producto\/lote-de-navidad-natura-1042-vgn\/\",\"url\":\"https:\/\/lotsdenadal.cat\/es\/producto\/lote-de-navidad-natura-1042-vgn\/\",\"name\":\"Lote de Navidad Natura 1042 vgn | Harcogourmet\",\"isPartOf\":{\"@id\":\"https:\/\/lotsdenadal.cat\/es\/#website\"},\"primaryImageOfPage\":{\"@id\":\"https:\/\/lotsdenadal.cat\/es\/producto\/lote-de-navidad-natura-1042-vgn\/#primaryimage\"},\"image\":{\"@id\":\"https:\/\/lotsdenadal.cat\/es\/producto\/lote-de-navidad-natura-1042-vgn\/#primaryimage\"},\"thumbnailUrl\":\"https:\/\/lotsdenadal.cat\/wp-content\/uploads\/2023\/08\/lot-de-nadal-natura-1042-vgn.jpg\",\"datePublished\":\"2023-08-23T20:31:13+00:00\",\"dateModified\":\"2025-09-18T00:20:49+00:00\",\"description\":\"\u00bfBuscas Lotes de Navidad veganos? El Lote de Navidad Natura 1042 vgn contiene productos ecol\u00f3gicos y veganos. Tu lote a un click de distancia\",\"breadcrumb\":{\"@id\":\"https:\/\/lotsdenadal.cat\/es\/producto\/lote-de-navidad-natura-1042-vgn\/#breadcrumb\"},\"inLanguage\":\"es\",\"potentialAction\":[{\"@type\":\"ReadAction\",\"target\":[\"https:\/\/lotsdenadal.cat\/es\/producto\/lote-de-navidad-natura-1042-vgn\/\"]}]},{\"@type\":\"ImageObject\",\"inLanguage\":\"es\",\"@id\":\"https:\/\/lotsdenadal.cat\/es\/producto\/lote-de-navidad-natura-1042-vgn\/#primaryimage\",\"url\":\"https:\/\/lotsdenadal.cat\/wp-content\/uploads\/2023\/08\/lot-de-nadal-natura-1042-vgn.jpg\",\"contentUrl\":\"https:\/\/lotsdenadal.cat\/wp-content\/uploads\/2023\/08\/lot-de-nadal-natura-1042-vgn.jpg\",\"width\":1500,\"height\":1500,\"caption\":\"Lotes de Navidad, Lot Natura 1042 vgn, lote de navidad vegano, cestas de navidad veganas\"},{\"@type\":\"BreadcrumbList\",\"@id\":\"https:\/\/lotsdenadal.cat\/es\/producto\/lote-de-navidad-natura-1042-vgn\/#breadcrumb\",\"itemListElement\":[{\"@type\":\"ListItem\",\"position\":1,\"name\":\"Inicio\",\"item\":\"https:\/\/lotsdenadal.cat\/es\/\"},{\"@type\":\"ListItem\",\"position\":2,\"name\":\"Elige tu Cesta de Navidad\",\"item\":\"https:\/\/lotsdenadal.cat\/es\/elige-tu-lote-de-navidad\/\"},{\"@type\":\"ListItem\",\"position\":3,\"name\":\"Lote de Navidad Natura 1042 vgn\"}]},{\"@type\":\"WebSite\",\"@id\":\"https:\/\/lotsdenadal.cat\/es\/#website\",\"url\":\"https:\/\/lotsdenadal.cat\/es\/\",\"name\":\"Lots de Nadal Harcogourmet\",\"description\":\"Lotes de Navidad con productos catalanes\",\"publisher\":{\"@id\":\"https:\/\/lotsdenadal.cat\/es\/#organization\"},\"alternateName\":\"LN Harcogourmet\",\"potentialAction\":[{\"@type\":\"SearchAction\",\"target\":{\"@type\":\"EntryPoint\",\"urlTemplate\":\"https:\/\/lotsdenadal.cat\/es\/?s={search_term_string}\"},\"query-input\":{\"@type\":\"PropertyValueSpecification\",\"valueRequired\":true,\"valueName\":\"search_term_string\"}}],\"inLanguage\":\"es\"},{\"@type\":\"Organization\",\"@id\":\"https:\/\/lotsdenadal.cat\/es\/#organization\",\"name\":\"Lotes de Navidad Harcogourmet\",\"alternateName\":\"Harcogourmet\",\"url\":\"https:\/\/lotsdenadal.cat\/es\/\",\"logo\":{\"@type\":\"ImageObject\",\"inLanguage\":\"es\",\"@id\":\"https:\/\/lotsdenadal.cat\/es\/#\/schema\/logo\/image\/\",\"url\":\"https:\/\/lotsdenadal.cat\/wp-content\/uploads\/2023\/06\/HG_negre.png\",\"contentUrl\":\"https:\/\/lotsdenadal.cat\/wp-content\/uploads\/2023\/06\/HG_negre.png\",\"width\":604,\"height\":108,\"caption\":\"Lotes de Navidad Harcogourmet\"},\"image\":{\"@id\":\"https:\/\/lotsdenadal.cat\/es\/#\/schema\/logo\/image\/\"},\"sameAs\":[\"https:\/\/facebook.com\/harcogourmet\",\"https:\/\/x.com\/harcogourmet\",\"https:\/\/instagram.com\/harcogourmet\",\"https:\/\/www.linkedin.com\/company\/3240347\/\",\"https:\/\/www.youtube.com\/channel\/UCoWNvGkEBJxGoCzwURxSrcQ\"]}]}<\/script>\n<meta property=\"product:price:amount\" content=\"92.95\" \/>\n<meta property=\"product:price:currency\" content=\"EUR\" \/>\n<meta property=\"og:availability\" content=\"instock\" \/>\n<meta property=\"product:availability\" content=\"instock\" \/>\n<meta property=\"product:retailer_item_id\" content=\"25NC_1042\" \/>\n<meta property=\"product:condition\" content=\"new\" \/>\n<!-- \/ Yoast SEO Premium plugin. -->","yoast_head_json":{"title":"Lote de Navidad Natura 1042 vgn | Harcogourmet","description":"\u00bfBuscas Lotes de Navidad veganos? El Lote de Navidad Natura 1042 vgn contiene productos ecol\u00f3gicos y veganos. Tu lote a un click de distancia","robots":{"index":"index","follow":"follow","max-snippet":"max-snippet:-1","max-image-preview":"max-image-preview:large","max-video-preview":"max-video-preview:-1"},"canonical":"https:\/\/lotsdenadal.cat\/es\/producto\/lote-de-navidad-natura-1042-vgn\/","og_locale":"es_ES","og_type":"article","og_title":"Lote de Navidad Natura 1042 vgn","og_description":"\u00bfBuscas Lotes de Navidad veganos? El Lote de Navidad Natura 1042 vgn contiene productos ecol\u00f3gicos y veganos. Tu lote a un click de distancia","og_url":"https:\/\/lotsdenadal.cat\/es\/producto\/lote-de-navidad-natura-1042-vgn\/","og_site_name":"Lotes de Navidad","article_publisher":"https:\/\/facebook.com\/harcogourmet","article_modified_time":"2025-09-18T00:20:49+00:00","og_image":[{"width":1500,"height":1500,"url":"https:\/\/lotsdenadal.cat\/wp-content\/uploads\/2023\/08\/lot-de-nadal-natura-1042-vgn.jpg","type":"image\/jpeg"}],"twitter_card":"summary_large_image","twitter_site":"@harcogourmet","twitter_misc":{"Precio":"92,95&nbsp;&euro; + IVA","Disponibilidad":"Disponible"},"schema":{"@context":"https:\/\/schema.org","@graph":[{"@type":"WebPage","@id":"https:\/\/lotsdenadal.cat\/es\/producto\/lote-de-navidad-natura-1042-vgn\/","url":"https:\/\/lotsdenadal.cat\/es\/producto\/lote-de-navidad-natura-1042-vgn\/","name":"Lote de Navidad Natura 1042 vgn | Harcogourmet","isPartOf":{"@id":"https:\/\/lotsdenadal.cat\/es\/#website"},"primaryImageOfPage":{"@id":"https:\/\/lotsdenadal.cat\/es\/producto\/lote-de-navidad-natura-1042-vgn\/#primaryimage"},"image":{"@id":"https:\/\/lotsdenadal.cat\/es\/producto\/lote-de-navidad-natura-1042-vgn\/#primaryimage"},"thumbnailUrl":"https:\/\/lotsdenadal.cat\/wp-content\/uploads\/2023\/08\/lot-de-nadal-natura-1042-vgn.jpg","datePublished":"2023-08-23T20:31:13+00:00","dateModified":"2025-09-18T00:20:49+00:00","description":"\u00bfBuscas Lotes de Navidad veganos? El Lote de Navidad Natura 1042 vgn contiene productos ecol\u00f3gicos y veganos. Tu lote a un click de distancia","breadcrumb":{"@id":"https:\/\/lotsdenadal.cat\/es\/producto\/lote-de-navidad-natura-1042-vgn\/#breadcrumb"},"inLanguage":"es","potentialAction":[{"@type":"ReadAction","target":["https:\/\/lotsdenadal.cat\/es\/producto\/lote-de-navidad-natura-1042-vgn\/"]}]},{"@type":"ImageObject","inLanguage":"es","@id":"https:\/\/lotsdenadal.cat\/es\/producto\/lote-de-navidad-natura-1042-vgn\/#primaryimage","url":"https:\/\/lotsdenadal.cat\/wp-content\/uploads\/2023\/08\/lot-de-nadal-natura-1042-vgn.jpg","contentUrl":"https:\/\/lotsdenadal.cat\/wp-content\/uploads\/2023\/08\/lot-de-nadal-natura-1042-vgn.jpg","width":1500,"height":1500,"caption":"Lotes de Navidad, Lot Natura 1042 vgn, lote de navidad vegano, cestas de navidad veganas"},{"@type":"BreadcrumbList","@id":"https:\/\/lotsdenadal.cat\/es\/producto\/lote-de-navidad-natura-1042-vgn\/#breadcrumb","itemListElement":[{"@type":"ListItem","position":1,"name":"Inicio","item":"https:\/\/lotsdenadal.cat\/es\/"},{"@type":"ListItem","position":2,"name":"Elige tu Cesta de Navidad","item":"https:\/\/lotsdenadal.cat\/es\/elige-tu-lote-de-navidad\/"},{"@type":"ListItem","position":3,"name":"Lote de Navidad Natura 1042 vgn"}]},{"@type":"WebSite","@id":"https:\/\/lotsdenadal.cat\/es\/#website","url":"https:\/\/lotsdenadal.cat\/es\/","name":"Lots de Nadal Harcogourmet","description":"Lotes de Navidad con productos catalanes","publisher":{"@id":"https:\/\/lotsdenadal.cat\/es\/#organization"},"alternateName":"LN Harcogourmet","potentialAction":[{"@type":"SearchAction","target":{"@type":"EntryPoint","urlTemplate":"https:\/\/lotsdenadal.cat\/es\/?s={search_term_string}"},"query-input":{"@type":"PropertyValueSpecification","valueRequired":true,"valueName":"search_term_string"}}],"inLanguage":"es"},{"@type":"Organization","@id":"https:\/\/lotsdenadal.cat\/es\/#organization","name":"Lotes de Navidad Harcogourmet","alternateName":"Harcogourmet","url":"https:\/\/lotsdenadal.cat\/es\/","logo":{"@type":"ImageObject","inLanguage":"es","@id":"https:\/\/lotsdenadal.cat\/es\/#\/schema\/logo\/image\/","url":"https:\/\/lotsdenadal.cat\/wp-content\/uploads\/2023\/06\/HG_negre.png","contentUrl":"https:\/\/lotsdenadal.cat\/wp-content\/uploads\/2023\/06\/HG_negre.png","width":604,"height":108,"caption":"Lotes de Navidad Harcogourmet"},"image":{"@id":"https:\/\/lotsdenadal.cat\/es\/#\/schema\/logo\/image\/"},"sameAs":["https:\/\/facebook.com\/harcogourmet","https:\/\/x.com\/harcogourmet","https:\/\/instagram.com\/harcogourmet","https:\/\/www.linkedin.com\/company\/3240347\/","https:\/\/www.youtube.com\/channel\/UCoWNvGkEBJxGoCzwURxSrcQ"]}]},"product_price_amount":"92.95","product_price_currency":"EUR","og_availability":"instock","product_availability":"instock","product_retailer_item_id":"25NC_1042","product_condition":"new"},"_links":{"self":[{"href":"https:\/\/lotsdenadal.cat\/es\/wp-json\/wp\/v2\/product\/2001042","targetHints":{"allow":["GET"]}}],"collection":[{"href":"https:\/\/lotsdenadal.cat\/es\/wp-json\/wp\/v2\/product"}],"about":[{"href":"https:\/\/lotsdenadal.cat\/es\/wp-json\/wp\/v2\/types\/product"}],"wp:featuredmedia":[{"embeddable":true,"href":"https:\/\/lotsdenadal.cat\/es\/wp-json\/wp\/v2\/media\/500643"}],"wp:attachment":[{"href":"https:\/\/lotsdenadal.cat\/es\/wp-json\/wp\/v2\/media?parent=2001042"}],"wp:term":[{"taxonomy":"product_brand","embeddable":true,"href":"https:\/\/lotsdenadal.cat\/es\/wp-json\/wp\/v2\/product_brand?post=2001042"},{"taxonomy":"product_cat","embeddable":true,"href":"https:\/\/lotsdenadal.cat\/es\/wp-json\/wp\/v2\/product_cat?post=2001042"},{"taxonomy":"product_tag","embeddable":true,"href":"https:\/\/lotsdenadal.cat\/es\/wp-json\/wp\/v2\/product_tag?post=2001042"}],"curies":[{"name":"wp","href":"https:\/\/api.w.org\/{rel}","templated":true}]}}