{"id":2001036,"date":"2023-08-23T22:31:09","date_gmt":"2023-08-23T20:31:09","guid":{"rendered":"https:\/\/lotsdenadal.cat\/product\/lote-de-navidad-natura-1036-gfr\/"},"modified":"2025-09-18T02:20:43","modified_gmt":"2025-09-18T00:20:43","slug":"lote-de-navidad-natura-1036-gfr","status":"publish","type":"product","link":"https:\/\/lotsdenadal.cat\/es\/producto\/lote-de-navidad-natura-1036-gfr\/","title":{"rendered":"Lote de Navidad Natura 1036 gfr"},"content":{"rendered":"<div class=\"row\"  id=\"row-692202679\">\r\n\r\n\n\t<div id=\"col-999861254\" class=\"col medium-12 small-12 large-12\"  >\n\t\t\t\t<div class=\"col-inner text-left\" style=\"background-color:rgb(255, 255, 255);\" >\n\t\t\t\n\t\t\t\r\n\r\n<div class=\"row\"  id=\"row-617215781\">\r\n\r\n\n\t<div id=\"col-1410824233\" class=\"col small-12 large-12\"  >\n\t\t\t\t<div class=\"col-inner\" style=\"background-color:rgb(255, 255, 255);\" >\n\t\t\t\n\t\t\t\r\n\r\n<div class=\"is-divider divider clearfix\" style=\"max-width:470px;height:2px;\"><\/div>\r\n\r\n<h2><span style=\"background-color: #ffffff; color: #333333; font-size: 105%;\">ALGUNAS JOYAS GASTRON\u00d3MICAS <br \/>DEL LOTE DE NAVIDAD SON...<\/span>\u00a0 <img decoding=\"async\" style=\"margin-bottom: 4px;\" title=\"regals gastron\u00f2mics\" src=\"\/wp-content\/uploads\/2023\/06\/logo-estrella.png\" alt=\"regals gastron\u00f2mics\" width=\"35\"\/><\/h2>\r\n\r\n\t\t<\/div>\n\t\t\t\t\n<style>\n#col-1410824233 > .col-inner {\n  padding: 0px 0px 0px 0px;\n  margin: 0px 0px -35px 0px;\n}\n<\/style>\n\t<\/div>\n\n\t\r\n\r\n<\/div>\r\n\r\n\t\t<\/div>\n\t\t\t\t\t<\/div>\n\n\t\r\n\r\n<\/div>\n<div class=\"row align-middle\"  id=\"row-116292900\">\n\n\n\t<div id=\"col-625750404\" class=\"col medium-7 small-12 large-4\"  >\n\t\t\t\t<div class=\"col-inner\"  >\n\t\t\t\n\t\t\t\n\n<h4><a href=\"https:\/\/www.josepforaster.com\/es\/productos\" target=\"_blank\" rel=\"noopener\">VINO TINTO ECOL\u00d3GICO ELS NANOS COLLITA JOSEP FORASTER<\/a><\/h4>\n<p>Els Nanos Collita es su vino tinto joven. Toda la uva proviene del vi\u00f1edo de Mas Castells, a los pies de la Sierra de Miramar, donde tienen plantadas las variedades Tempranillo, Cabernet Sauvignon y Trepat, con cultivo ecol\u00f3gico.<br \/>\nEs un vino donde se expresan al m\u00e1ximo los aromas primarios. Tiene aromas de fruta roja y un perfil fresco y goloso.<\/p>\n\n\t\t<\/div>\n\t\t\t\t\t<\/div>\n\n\t\n\n\t<div id=\"col-800787073\" class=\"col hide-for-medium medium-5 small-12 large-3\"  >\n\t\t\t\t<div class=\"col-inner\"  >\n\t\t\t\n\t\t\t\n\n\n  <div class=\"banner has-hover\" id=\"banner-2133239867\">\n          <div class=\"banner-inner fill\">\n        <div class=\"banner-bg fill\" >\n                                                \n                    <\/div>\n\t\t\n        <div class=\"banner-layers container\">\n            <div class=\"fill banner-link\"><\/div>            \n\n\t<div class=\"img has-hover x50 md-x50 lg-x50 y50 md-y50 lg-y50\" id=\"image_789168783\">\n\t\t\t\t\t\t\t\t<div class=\"img-inner dark\" >\n\t\t\t<img loading=\"lazy\" decoding=\"async\" width=\"500\" height=\"500\" src=\"https:\/\/lotsdenadal.cat\/wp-content\/uploads\/2023\/10\/pb-josep-foraster-vi-negre-els-nanos-collita.jpg\" class=\"attachment-original size-original\" alt=\"Vino Tinto Josep Foraster Els Nanos Collita vino de proximidad\" srcset=\"https:\/\/lotsdenadal.cat\/wp-content\/uploads\/2023\/10\/pb-josep-foraster-vi-negre-els-nanos-collita.jpg 500w, https:\/\/lotsdenadal.cat\/wp-content\/uploads\/2023\/10\/pb-josep-foraster-vi-negre-els-nanos-collita-400x400.jpg 400w, https:\/\/lotsdenadal.cat\/wp-content\/uploads\/2023\/10\/pb-josep-foraster-vi-negre-els-nanos-collita-280x280.jpg 280w, https:\/\/lotsdenadal.cat\/wp-content\/uploads\/2023\/10\/pb-josep-foraster-vi-negre-els-nanos-collita-100x100.jpg 100w\" sizes=\"auto, (max-width: 500px) 100vw, 500px\" \/>\t\t\t\t\t\t\n\t\t\t\t\t<\/div>\n\t\t\t\t\t\t\t\t\n<style>\n#image_789168783 {\n  width: 35%;\n}\n@media (min-width:550px) {\n  #image_789168783 {\n    width: 100%;\n  }\n}\n@media (min-width:850px) {\n  #image_789168783 {\n    width: 60%;\n  }\n}\n<\/style>\n\t<\/div>\n\t\n\n\n        <\/div>\n      <\/div>\n\n            \n<style>\n#banner-2133239867 {\n  padding-top: 200px;\n  background-color: rgb(255,255,255);\n}\n@media (min-width:850px) {\n  #banner-2133239867 {\n    padding-top: 200px;\n  }\n}\n<\/style>\n  <\/div>\n\n\n\n\t\t<\/div>\n\t\t\t\t\t<\/div>\n\n\t\n\n\t<div id=\"col-796855886\" class=\"col medium-5 small-12 large-5\"  >\n\t\t\t\t<div class=\"col-inner text-center\"  >\n\t\t\t\n\t\t\t\n\n\n  <div class=\"banner has-hover\" id=\"banner-1980319186\">\n          <div class=\"banner-inner fill\">\n        <div class=\"banner-bg fill\" >\n            <img loading=\"lazy\" decoding=\"async\" width=\"550\" height=\"250\" src=\"https:\/\/lotsdenadal.cat\/wp-content\/uploads\/2023\/10\/pb-josep-foraster-vi-negre-els-nanos-collita-b.jpg\" class=\"bg attachment-large size-large\" alt=\"Vino Tinto Josep Foraster Els Nanos Collita vino de proximidad\" \/>                                    \n                    <\/div>\n\t\t\n        <div class=\"banner-layers container\">\n            <div class=\"fill banner-link\"><\/div>            \n\n\n        <\/div>\n      <\/div>\n\n            \n<style>\n#banner-1980319186 {\n  padding-top: 180px;\n  background-color: rgb(255, 255, 255);\n}\n#banner-1980319186 .banner-bg img {\n  object-position: 49% 56%;\n}\n@media (min-width:550px) {\n  #banner-1980319186 {\n    padding-top: 190px;\n  }\n}\n@media (min-width:850px) {\n  #banner-1980319186 {\n    padding-top: 200px;\n  }\n}\n<\/style>\n  <\/div>\n\n\n\n\t\t<\/div>\n\t\t\t\t\t<\/div>\n\n\t\n\n<\/div>\n<div class=\"row align-middle\"  id=\"row-1640426365\">\r\n\r\n\n\t<div id=\"col-1643166993\" class=\"col medium-7 small-12 large-4\"  >\n\t\t\t\t<div class=\"col-inner\"  >\n\t\t\t\n\t\t\t\r\n\r\n<h4><a href=\"https:\/\/aymar.cat\/\" target=\"_blank\" rel=\"noopener\">VINO BLANCO ECOL\u00d3GICO CELLER DEL FOIX AYMAR<\/a><\/h4>\r\n<p>Elaborado con Xarl.lelo y un ligero toque de Muscat. De color dorado p\u00e1lido, con reflejos verdosos. En nariz es elegante y delicado donde destacan los aromas florales de jazm\u00edn y azahar. El paso por boca es intenso, suave y muy afrutado. Para tomar a copas aprovechando cualquier ocasi\u00f3n, maridando a la perfecci\u00f3n con ensaladas, platos de pasta o pescado.<\/p>\r\n\r\n\t\t<\/div>\n\t\t\t\t\t<\/div>\n\n\t\r\n\n\t<div id=\"col-891190715\" class=\"col hide-for-medium medium-5 small-12 large-3\"  >\n\t\t\t\t<div class=\"col-inner\"  >\n\t\t\t\n\t\t\t\r\n\r\n\n  <div class=\"banner has-hover\" id=\"banner-907069556\">\n          <div class=\"banner-inner fill\">\n        <div class=\"banner-bg fill\" >\n                                                \n                    <\/div>\n\t\t\n        <div class=\"banner-layers container\">\n            <div class=\"fill banner-link\"><\/div>            \r\n\r\n\t<div class=\"img has-hover x50 md-x50 lg-x50 y50 md-y50 lg-y50\" id=\"image_218976891\">\n\t\t\t\t\t\t\t\t<div class=\"img-inner dark\" >\n\t\t\t<img loading=\"lazy\" decoding=\"async\" width=\"500\" height=\"500\" src=\"https:\/\/lotsdenadal.cat\/wp-content\/uploads\/2023\/10\/pb-aymar-vi-blanc-celler-del-foix.jpg\" class=\"attachment-original size-original\" alt=\"Vino blanco Aymar vino catalan\" srcset=\"https:\/\/lotsdenadal.cat\/wp-content\/uploads\/2023\/10\/pb-aymar-vi-blanc-celler-del-foix.jpg 500w, https:\/\/lotsdenadal.cat\/wp-content\/uploads\/2023\/10\/pb-aymar-vi-blanc-celler-del-foix-400x400.jpg 400w, https:\/\/lotsdenadal.cat\/wp-content\/uploads\/2023\/10\/pb-aymar-vi-blanc-celler-del-foix-280x280.jpg 280w, https:\/\/lotsdenadal.cat\/wp-content\/uploads\/2023\/10\/pb-aymar-vi-blanc-celler-del-foix-100x100.jpg 100w\" sizes=\"auto, (max-width: 500px) 100vw, 500px\" \/>\t\t\t\t\t\t\n\t\t\t\t\t<\/div>\n\t\t\t\t\t\t\t\t\n<style>\n#image_218976891 {\n  width: 35%;\n}\n@media (min-width:550px) {\n  #image_218976891 {\n    width: 100%;\n  }\n}\n@media (min-width:850px) {\n  #image_218976891 {\n    width: 60%;\n  }\n}\n<\/style>\n\t<\/div>\n\t\r\n\r\n\r\n        <\/div>\n      <\/div>\n\n            \n<style>\n#banner-907069556 {\n  padding-top: 200px;\n  background-color: rgb(255,255,255);\n}\n@media (min-width:850px) {\n  #banner-907069556 {\n    padding-top: 200px;\n  }\n}\n<\/style>\n  <\/div>\n\n\r\n\r\n\t\t<\/div>\n\t\t\t\t\t<\/div>\n\n\t\r\n\n\t<div id=\"col-77210203\" class=\"col medium-5 small-12 large-5\"  >\n\t\t\t\t<div class=\"col-inner text-center\"  >\n\t\t\t\n\t\t\t\r\n\r\n\n  <div class=\"banner has-hover\" id=\"banner-593254066\">\n          <div class=\"banner-inner fill\">\n        <div class=\"banner-bg fill\" >\n            <img loading=\"lazy\" decoding=\"async\" width=\"550\" height=\"250\" src=\"https:\/\/lotsdenadal.cat\/wp-content\/uploads\/2023\/10\/pb-aymar-vi-blanc-celler-del-foix-b.jpg\" class=\"bg attachment-large size-large\" alt=\"Vino blanco Aymar vino catalan\" \/>                                    \n                    <\/div>\n\t\t\n        <div class=\"banner-layers container\">\n            <div class=\"fill banner-link\"><\/div>            \r\n\r\n\r\n        <\/div>\n      <\/div>\n\n            \n<style>\n#banner-593254066 {\n  padding-top: 180px;\n  background-color: rgb(255, 255, 255);\n}\n#banner-593254066 .banner-bg img {\n  object-position: 49% 56%;\n}\n@media (min-width:550px) {\n  #banner-593254066 {\n    padding-top: 190px;\n  }\n}\n@media (min-width:850px) {\n  #banner-593254066 {\n    padding-top: 200px;\n  }\n}\n<\/style>\n  <\/div>\n\n\r\n\r\n\t\t<\/div>\n\t\t\t\t\t<\/div>\n\n\t\r\n\r\n<\/div>\n<div class=\"row align-middle\"  id=\"row-86150340\">\n\n\n\t<div id=\"col-522645646\" class=\"col medium-7 small-12 large-4\"  >\n\t\t\t\t<div class=\"col-inner\"  >\n\t\t\t\n\t\t\t\n\n<h4><a href=\"https:\/\/raventos-rosell.com\/es\/producto\/cava-raventos-rosell-reserva-%c2%b7-brut-nature-%c2%b7-ecologico\/\" target=\"_blank\" rel=\"noopener\">CAVA BRUT NATURE RESERVA RAVENT\u00d3S ROSELL<\/a><\/h4>\n<p>Un espumoso de calidad superior, elaborado mediante el m\u00e9todo tradicional. Su composici\u00f3n incluye variedades tradicionales como Xarel\u00b7lo, Macabeo, Parellada y Pinot Noir, complementadas con Chardonnay. En boca, muestra una acidez equilibrada y un paso agradable y persistente, con un retrogusto afrutado que invita a seguir disfrutando de su degustaci\u00f3n.<\/p>\n\n\t\t<\/div>\n\t\t\t\t\t<\/div>\n\n\t\n\n\t<div id=\"col-268496635\" class=\"col hide-for-medium medium-5 small-12 large-3\"  >\n\t\t\t\t<div class=\"col-inner\"  >\n\t\t\t\n\t\t\t\n\n\n  <div class=\"banner has-hover\" id=\"banner-281470395\">\n          <div class=\"banner-inner fill\">\n        <div class=\"banner-bg fill\" >\n                                                \n                    <\/div>\n\t\t\n        <div class=\"banner-layers container\">\n            <div class=\"fill banner-link\"><\/div>            \n\n\t<div class=\"img has-hover x50 md-x50 lg-x50 y50 md-y50 lg-y50\" id=\"image_1631409708\">\n\t\t\t\t\t\t\t\t<div class=\"img-inner dark\" >\n\t\t\t<img loading=\"lazy\" decoding=\"async\" width=\"1024\" height=\"1024\" src=\"https:\/\/lotsdenadal.cat\/wp-content\/uploads\/2025\/09\/pr-cava-brut-nature-reserva.jpg\" class=\"attachment-original size-original\" alt=\"Cava Brut Nature Reserva Ravent\u00f3s Rosell\" srcset=\"https:\/\/lotsdenadal.cat\/wp-content\/uploads\/2025\/09\/pr-cava-brut-nature-reserva.jpg 1024w, https:\/\/lotsdenadal.cat\/wp-content\/uploads\/2025\/09\/pr-cava-brut-nature-reserva-400x400.jpg 400w, https:\/\/lotsdenadal.cat\/wp-content\/uploads\/2025\/09\/pr-cava-brut-nature-reserva-800x800.jpg 800w, https:\/\/lotsdenadal.cat\/wp-content\/uploads\/2025\/09\/pr-cava-brut-nature-reserva-280x280.jpg 280w, https:\/\/lotsdenadal.cat\/wp-content\/uploads\/2025\/09\/pr-cava-brut-nature-reserva-768x768.jpg 768w, https:\/\/lotsdenadal.cat\/wp-content\/uploads\/2025\/09\/pr-cava-brut-nature-reserva-100x100.jpg 100w\" sizes=\"auto, (max-width: 1024px) 100vw, 1024px\" \/>\t\t\t\t\t\t\n\t\t\t\t\t<\/div>\n\t\t\t\t\t\t\t\t\n<style>\n#image_1631409708 {\n  width: 35%;\n}\n@media (min-width:550px) {\n  #image_1631409708 {\n    width: 100%;\n  }\n}\n@media (min-width:850px) {\n  #image_1631409708 {\n    width: 60%;\n  }\n}\n<\/style>\n\t<\/div>\n\t\n\n\n        <\/div>\n      <\/div>\n\n            \n<style>\n#banner-281470395 {\n  padding-top: 200px;\n  background-color: rgb(255,255,255);\n}\n@media (min-width:850px) {\n  #banner-281470395 {\n    padding-top: 200px;\n  }\n}\n<\/style>\n  <\/div>\n\n\n\n\t\t<\/div>\n\t\t\t\t\t<\/div>\n\n\t\n\n\t<div id=\"col-1520698187\" class=\"col medium-5 small-12 large-5\"  >\n\t\t\t\t<div class=\"col-inner text-center\"  >\n\t\t\t\n\t\t\t\n\n\n  <div class=\"banner has-hover\" id=\"banner-1427046746\">\n          <div class=\"banner-inner fill\">\n        <div class=\"banner-bg fill\" >\n            <img loading=\"lazy\" decoding=\"async\" width=\"550\" height=\"250\" src=\"https:\/\/lotsdenadal.cat\/wp-content\/uploads\/2025\/09\/pr-cava-brut-nature-reserva-b.jpg\" class=\"bg attachment-large size-large\" alt=\"Ravent\u00f3s Rosell\" \/>                                    \n                    <\/div>\n\t\t\n        <div class=\"banner-layers container\">\n            <div class=\"fill banner-link\"><\/div>            \n\n\n        <\/div>\n      <\/div>\n\n            \n<style>\n#banner-1427046746 {\n  padding-top: 180px;\n  background-color: rgb(255, 255, 255);\n}\n#banner-1427046746 .banner-bg img {\n  object-position: 54% 48%;\n}\n@media (min-width:550px) {\n  #banner-1427046746 {\n    padding-top: 190px;\n  }\n}\n@media (min-width:850px) {\n  #banner-1427046746 {\n    padding-top: 200px;\n  }\n}\n<\/style>\n  <\/div>\n\n\n\n\t\t<\/div>\n\t\t\t\t\t<\/div>\n\n\t\n\n<\/div>\n<div class=\"row align-middle\"  id=\"row-1442407052\">\n\n\n\t<div id=\"col-1074282369\" class=\"col medium-7 small-12 large-4\"  >\n\t\t\t\t<div class=\"col-inner\"  >\n\t\t\t\n\t\t\t\n\n<h4><a href=\"https:\/\/www.empordalia.com\/es\/tienda-online\/sinols-moscatell\/\" target=\"_blank\" rel=\"noopener\">VINO DULCE SINOLS EMPORDALIA<\/a><\/h4>\n<p>Cl\u00e1sico entre los cl\u00e1sicos. Destaca por su coloraci\u00f3n amarilla con sutiles tonos de lim\u00f3n. Redondo y aterciopelado pero nunca pegajoso, de final fresco. Domina en los postres aunque tambi\u00e9n es apreciado en foies y quesos azules. Las uvas de Moscatel de Alejandr\u00eda tienen m\u00e1s de 20 a\u00f1os y se encuentran situadas en zonas de llanura con suelos aluviales, arenosos y gran\u00edticos.<\/p>\n\n\t\t<\/div>\n\t\t\t\t\t<\/div>\n\n\t\n\n\t<div id=\"col-619641148\" class=\"col hide-for-medium medium-5 small-12 large-3\"  >\n\t\t\t\t<div class=\"col-inner\"  >\n\t\t\t\n\t\t\t\n\n\n  <div class=\"banner has-hover\" id=\"banner-1886629860\">\n          <div class=\"banner-inner fill\">\n        <div class=\"banner-bg fill\" >\n                                                \n                    <\/div>\n\t\t\n        <div class=\"banner-layers container\">\n            <div class=\"fill banner-link\"><\/div>            \n\n\t<div class=\"img has-hover x50 md-x50 lg-x50 y50 md-y50 lg-y50\" id=\"image_199982758\">\n\t\t\t\t\t\t\t\t<div class=\"img-inner dark\" >\n\t\t\t<img loading=\"lazy\" decoding=\"async\" width=\"500\" height=\"500\" src=\"https:\/\/lotsdenadal.cat\/wp-content\/uploads\/2023\/10\/pb-empordalia-vi-dolc-sinols.jpg\" class=\"attachment-original size-original\" alt=\"Vino Dulce Sinols Empordalia vino de Catalu\u00f1a\" srcset=\"https:\/\/lotsdenadal.cat\/wp-content\/uploads\/2023\/10\/pb-empordalia-vi-dolc-sinols.jpg 500w, https:\/\/lotsdenadal.cat\/wp-content\/uploads\/2023\/10\/pb-empordalia-vi-dolc-sinols-400x400.jpg 400w, https:\/\/lotsdenadal.cat\/wp-content\/uploads\/2023\/10\/pb-empordalia-vi-dolc-sinols-280x280.jpg 280w, https:\/\/lotsdenadal.cat\/wp-content\/uploads\/2023\/10\/pb-empordalia-vi-dolc-sinols-100x100.jpg 100w\" sizes=\"auto, (max-width: 500px) 100vw, 500px\" \/>\t\t\t\t\t\t\n\t\t\t\t\t<\/div>\n\t\t\t\t\t\t\t\t\n<style>\n#image_199982758 {\n  width: 35%;\n}\n@media (min-width:550px) {\n  #image_199982758 {\n    width: 100%;\n  }\n}\n@media (min-width:850px) {\n  #image_199982758 {\n    width: 60%;\n  }\n}\n<\/style>\n\t<\/div>\n\t\n\n\n        <\/div>\n      <\/div>\n\n            \n<style>\n#banner-1886629860 {\n  padding-top: 200px;\n  background-color: rgb(255,255,255);\n}\n@media (min-width:850px) {\n  #banner-1886629860 {\n    padding-top: 200px;\n  }\n}\n<\/style>\n  <\/div>\n\n\n\n\t\t<\/div>\n\t\t\t\t\t<\/div>\n\n\t\n\n\t<div id=\"col-884276861\" class=\"col medium-5 small-12 large-5\"  >\n\t\t\t\t<div class=\"col-inner text-center\"  >\n\t\t\t\n\t\t\t\n\n\n  <div class=\"banner has-hover\" id=\"banner-649274366\">\n          <div class=\"banner-inner fill\">\n        <div class=\"banner-bg fill\" >\n            <img loading=\"lazy\" decoding=\"async\" width=\"550\" height=\"250\" src=\"https:\/\/lotsdenadal.cat\/wp-content\/uploads\/2023\/10\/pb-empordalia-vi-dolc-sinols-b.jpg\" class=\"bg attachment-large size-large\" alt=\"Vino Dulce Sinols Empordalia vino de Catalu\u00f1a\" \/>                                    \n                    <\/div>\n\t\t\n        <div class=\"banner-layers container\">\n            <div class=\"fill banner-link\"><\/div>            \n\n\n        <\/div>\n      <\/div>\n\n            \n<style>\n#banner-649274366 {\n  padding-top: 180px;\n  background-color: rgb(255, 255, 255);\n}\n#banner-649274366 .banner-bg img {\n  object-position: 49% 56%;\n}\n@media (min-width:550px) {\n  #banner-649274366 {\n    padding-top: 190px;\n  }\n}\n@media (min-width:850px) {\n  #banner-649274366 {\n    padding-top: 200px;\n  }\n}\n<\/style>\n  <\/div>\n\n\n\n\t\t<\/div>\n\t\t\t\t\t<\/div>\n\n\t\n\n<\/div>\n<div class=\"row align-middle\"  id=\"row-40293471\">\n\n\n\t<div id=\"col-506960830\" class=\"col medium-7 small-12 large-4\"  >\n\t\t\t\t<div class=\"col-inner\"  >\n\t\t\t\n\t\t\t\n\n<h4><a href=\"https:\/\/alemany.com\/shop\/es\/turron-artesano\/36-turron-yema-tostada-250g-8412614008082.html\" target=\"_blank\" rel=\"noopener\">TURR\u00d3NN ARTESANO CREMA TORRADA ALEMANY<\/a><\/h4>\n<p>Una cocci\u00f3n lenta, almendra de proximidad y miel de romero seleccionada son parte de un secreto que da un gusto particular al turr\u00f3n. Elaborado con almendra marcona y miel de romero del pa\u00eds. El turr\u00f3n Alem\u00e1n ha sido reconocido con los Great Taste Awards, un galard\u00f3n considerado el \u00d3scar del mundo de la alimentaci\u00f3n gourmet. Un b\u00e1sico de nuestros Lotes de Navidad.<\/p>\n\n\t\t<\/div>\n\t\t\t\t\t<\/div>\n\n\t\n\n\t<div id=\"col-137536959\" class=\"col hide-for-medium medium-5 small-12 large-3\"  >\n\t\t\t\t<div class=\"col-inner\"  >\n\t\t\t\n\t\t\t\n\n\n  <div class=\"banner has-hover\" id=\"banner-1422514829\">\n          <div class=\"banner-inner fill\">\n        <div class=\"banner-bg fill\" >\n                                                \n                    <\/div>\n\t\t\n        <div class=\"banner-layers container\">\n            <div class=\"fill banner-link\"><\/div>            \n\n\t<div class=\"img has-hover x50 md-x50 lg-x50 y50 md-y50 lg-y50\" id=\"image_1678528259\">\n\t\t\t\t\t\t\t\t<div class=\"img-inner dark\" >\n\t\t\t<img loading=\"lazy\" decoding=\"async\" width=\"500\" height=\"500\" src=\"https:\/\/lotsdenadal.cat\/wp-content\/uploads\/2023\/10\/pd-alemany-torro-crema-torrada.jpg\" class=\"attachment-original size-original\" alt=\"Turr\u00f3n de crema tostada Alemany dulces catalanes\" srcset=\"https:\/\/lotsdenadal.cat\/wp-content\/uploads\/2023\/10\/pd-alemany-torro-crema-torrada.jpg 500w, https:\/\/lotsdenadal.cat\/wp-content\/uploads\/2023\/10\/pd-alemany-torro-crema-torrada-400x400.jpg 400w, https:\/\/lotsdenadal.cat\/wp-content\/uploads\/2023\/10\/pd-alemany-torro-crema-torrada-280x280.jpg 280w, https:\/\/lotsdenadal.cat\/wp-content\/uploads\/2023\/10\/pd-alemany-torro-crema-torrada-100x100.jpg 100w\" sizes=\"auto, (max-width: 500px) 100vw, 500px\" \/>\t\t\t\t\t\t\n\t\t\t\t\t<\/div>\n\t\t\t\t\t\t\t\t\n<style>\n#image_1678528259 {\n  width: 35%;\n}\n@media (min-width:550px) {\n  #image_1678528259 {\n    width: 100%;\n  }\n}\n@media (min-width:850px) {\n  #image_1678528259 {\n    width: 60%;\n  }\n}\n<\/style>\n\t<\/div>\n\t\n\n\n        <\/div>\n      <\/div>\n\n            \n<style>\n#banner-1422514829 {\n  padding-top: 200px;\n  background-color: rgb(255,255,255);\n}\n@media (min-width:850px) {\n  #banner-1422514829 {\n    padding-top: 200px;\n  }\n}\n<\/style>\n  <\/div>\n\n\n\n\t\t<\/div>\n\t\t\t\t\t<\/div>\n\n\t\n\n\t<div id=\"col-1661291548\" class=\"col medium-5 small-12 large-5\"  >\n\t\t\t\t<div class=\"col-inner text-center\"  >\n\t\t\t\n\t\t\t\n\n\n  <div class=\"banner has-hover\" id=\"banner-243838996\">\n          <div class=\"banner-inner fill\">\n        <div class=\"banner-bg fill\" >\n            <img loading=\"lazy\" decoding=\"async\" width=\"550\" height=\"250\" src=\"https:\/\/lotsdenadal.cat\/wp-content\/uploads\/2023\/10\/pd-alemany-torro-crema-torrada-b.jpg\" class=\"bg attachment-large size-large\" alt=\"Turr\u00f3n de crema tostada Alemany dulces catalanes\" \/>                                    \n                    <\/div>\n\t\t\n        <div class=\"banner-layers container\">\n            <div class=\"fill banner-link\"><\/div>            \n\n\n        <\/div>\n      <\/div>\n\n            \n<style>\n#banner-243838996 {\n  padding-top: 180px;\n  background-color: rgb(255, 255, 255);\n}\n#banner-243838996 .banner-bg img {\n  object-position: 49% 56%;\n}\n@media (min-width:550px) {\n  #banner-243838996 {\n    padding-top: 190px;\n  }\n}\n@media (min-width:850px) {\n  #banner-243838996 {\n    padding-top: 200px;\n  }\n}\n<\/style>\n  <\/div>\n\n\n\n\t\t<\/div>\n\t\t\t\t\t<\/div>\n\n\t\n\n<\/div>\n<div class=\"row align-middle\"  id=\"row-2075164218\">\n\n\n\t<div id=\"col-234076540\" class=\"col medium-7 small-12 large-4\"  >\n\t\t\t\t<div class=\"col-inner\"  >\n\t\t\t\n\t\t\t\n\n<h4><a href=\"https:\/\/embotitsobradors.com\/ca\/products\/fuet\" target=\"_blank\" rel=\"noopener\">FUET ARTESANO CON TRIPA NATURAL EMBUTITS OBRADORS<\/a><\/h4>\n<p>Desde 1927, cuatro generaciones de dedicaci\u00f3n han dado fruto al fuet de Embutidos Obradors, un embutido tradicional catal\u00e1n, elaborado con carne seleccionada del cerdo.<br \/>\nProcesado artesanalmente, en la comarca prepirenaica del Bergued\u00e0, tiene unas caracter\u00edsticas propias de sabor y fermentaci\u00f3n que definen un producto sencillo de sabor suave y equilibrado.<\/p>\n\n\t\t<\/div>\n\t\t\t\t\t<\/div>\n\n\t\n\n\t<div id=\"col-1905391974\" class=\"col hide-for-medium medium-5 small-12 large-3\"  >\n\t\t\t\t<div class=\"col-inner\"  >\n\t\t\t\n\t\t\t\n\n\n  <div class=\"banner has-hover\" id=\"banner-255421649\">\n          <div class=\"banner-inner fill\">\n        <div class=\"banner-bg fill\" >\n                                                \n                    <\/div>\n\t\t\n        <div class=\"banner-layers container\">\n            <div class=\"fill banner-link\"><\/div>            \n\n\t<div class=\"img has-hover x50 md-x50 lg-x50 y50 md-y50 lg-y50\" id=\"image_1760279675\">\n\t\t\t\t\t\t\t\t<div class=\"img-inner dark\" >\n\t\t\t<img loading=\"lazy\" decoding=\"async\" width=\"500\" height=\"500\" src=\"https:\/\/lotsdenadal.cat\/wp-content\/uploads\/2023\/10\/px-obradors-fuet.jpg\" class=\"attachment-original size-original\" alt=\"Fuet Obradors producto artesano\" srcset=\"https:\/\/lotsdenadal.cat\/wp-content\/uploads\/2023\/10\/px-obradors-fuet.jpg 500w, https:\/\/lotsdenadal.cat\/wp-content\/uploads\/2023\/10\/px-obradors-fuet-400x400.jpg 400w, https:\/\/lotsdenadal.cat\/wp-content\/uploads\/2023\/10\/px-obradors-fuet-280x280.jpg 280w, https:\/\/lotsdenadal.cat\/wp-content\/uploads\/2023\/10\/px-obradors-fuet-100x100.jpg 100w\" sizes=\"auto, (max-width: 500px) 100vw, 500px\" \/>\t\t\t\t\t\t\n\t\t\t\t\t<\/div>\n\t\t\t\t\t\t\t\t\n<style>\n#image_1760279675 {\n  width: 35%;\n}\n@media (min-width:550px) {\n  #image_1760279675 {\n    width: 100%;\n  }\n}\n@media (min-width:850px) {\n  #image_1760279675 {\n    width: 60%;\n  }\n}\n<\/style>\n\t<\/div>\n\t\n\n\n        <\/div>\n      <\/div>\n\n            \n<style>\n#banner-255421649 {\n  padding-top: 200px;\n  background-color: rgb(255,255,255);\n}\n@media (min-width:850px) {\n  #banner-255421649 {\n    padding-top: 200px;\n  }\n}\n<\/style>\n  <\/div>\n\n\n\n\t\t<\/div>\n\t\t\t\t\t<\/div>\n\n\t\n\n\t<div id=\"col-821994871\" class=\"col medium-5 small-12 large-5\"  >\n\t\t\t\t<div class=\"col-inner text-center\"  >\n\t\t\t\n\t\t\t\n\n\n  <div class=\"banner has-hover\" id=\"banner-733999733\">\n          <div class=\"banner-inner fill\">\n        <div class=\"banner-bg fill\" >\n            <img loading=\"lazy\" decoding=\"async\" width=\"550\" height=\"250\" src=\"https:\/\/lotsdenadal.cat\/wp-content\/uploads\/2023\/10\/px-obradors-fuet-b.jpg\" class=\"bg attachment-large size-large\" alt=\"Fuet Obradors producto artesano\" \/>                                    \n                    <\/div>\n\t\t\n        <div class=\"banner-layers container\">\n            <div class=\"fill banner-link\"><\/div>            \n\n\n        <\/div>\n      <\/div>\n\n            \n<style>\n#banner-733999733 {\n  padding-top: 180px;\n  background-color: rgb(255, 255, 255);\n}\n#banner-733999733 .banner-bg img {\n  object-position: 49% 56%;\n}\n@media (min-width:550px) {\n  #banner-733999733 {\n    padding-top: 190px;\n  }\n}\n@media (min-width:850px) {\n  #banner-733999733 {\n    padding-top: 200px;\n  }\n}\n<\/style>\n  <\/div>\n\n\n\n\t\t<\/div>\n\t\t\t\t\t<\/div>\n\n\t\n\n<\/div>\n<div class=\"row align-middle\"  id=\"row-2004560179\">\r\n\r\n\n\t<div id=\"col-1346756360\" class=\"col medium-7 small-12 large-4\"  >\n\t\t\t\t<div class=\"col-inner\"  >\n\t\t\t\n\t\t\t\r\n\r\n<h4><a href=\"https:\/\/www.escairador.com\/es\/productos\/calamarata\/\" target=\"_blank\" rel=\"noopener\">PASTA SIN GLUTEN L'ESCAIRADOR<\/a><\/h4>\r\n<p>Elaborada con s\u00e9mola de ma\u00edz \"escairat\" una variedad tradicional del Bergued\u00e0. Este ma\u00edz se caracteriza por su cocci\u00f3n a baja temperatura que preserva sus propiedades. El proceso de pelado consiste en retirar la c\u00e1scara del grano a baja velocidad, manteniendo gran parte del germen y el salvado, aportando fibra, prote\u00ednas y minerales como f\u00f3sforo y potasio.<\/p>\r\n\r\n\t\t<\/div>\n\t\t\t\t\t<\/div>\n\n\t\r\n\n\t<div id=\"col-95938733\" class=\"col hide-for-medium medium-5 small-12 large-3\"  >\n\t\t\t\t<div class=\"col-inner\"  >\n\t\t\t\n\t\t\t\r\n\r\n\n  <div class=\"banner has-hover\" id=\"banner-733624069\">\n          <div class=\"banner-inner fill\">\n        <div class=\"banner-bg fill\" >\n                                                \n                    <\/div>\n\t\t\n        <div class=\"banner-layers container\">\n            <div class=\"fill banner-link\"><\/div>            \r\n\r\n\t<div class=\"img has-hover x50 md-x50 lg-x50 y50 md-y50 lg-y50\" id=\"image_871793789\">\n\t\t\t\t\t\t\t\t<div class=\"img-inner dark\" >\n\t\t\t<img loading=\"lazy\" decoding=\"async\" width=\"1024\" height=\"1024\" src=\"https:\/\/lotsdenadal.cat\/wp-content\/uploads\/2025\/09\/pr-pasta-sense-gluten-calamarata.jpg\" class=\"attachment-original size-original\" alt=\"Pasta sin gluten Calamarata L&#039;Escairador\" srcset=\"https:\/\/lotsdenadal.cat\/wp-content\/uploads\/2025\/09\/pr-pasta-sense-gluten-calamarata.jpg 1024w, https:\/\/lotsdenadal.cat\/wp-content\/uploads\/2025\/09\/pr-pasta-sense-gluten-calamarata-400x400.jpg 400w, https:\/\/lotsdenadal.cat\/wp-content\/uploads\/2025\/09\/pr-pasta-sense-gluten-calamarata-800x800.jpg 800w, https:\/\/lotsdenadal.cat\/wp-content\/uploads\/2025\/09\/pr-pasta-sense-gluten-calamarata-280x280.jpg 280w, https:\/\/lotsdenadal.cat\/wp-content\/uploads\/2025\/09\/pr-pasta-sense-gluten-calamarata-768x768.jpg 768w, https:\/\/lotsdenadal.cat\/wp-content\/uploads\/2025\/09\/pr-pasta-sense-gluten-calamarata-100x100.jpg 100w\" sizes=\"auto, (max-width: 1024px) 100vw, 1024px\" \/>\t\t\t\t\t\t\n\t\t\t\t\t<\/div>\n\t\t\t\t\t\t\t\t\n<style>\n#image_871793789 {\n  width: 35%;\n}\n@media (min-width:550px) {\n  #image_871793789 {\n    width: 100%;\n  }\n}\n@media (min-width:850px) {\n  #image_871793789 {\n    width: 60%;\n  }\n}\n<\/style>\n\t<\/div>\n\t\r\n\r\n\r\n        <\/div>\n      <\/div>\n\n            \n<style>\n#banner-733624069 {\n  padding-top: 200px;\n  background-color: rgb(255,255,255);\n}\n@media (min-width:850px) {\n  #banner-733624069 {\n    padding-top: 200px;\n  }\n}\n<\/style>\n  <\/div>\n\n\r\n\r\n\t\t<\/div>\n\t\t\t\t\t<\/div>\n\n\t\r\n\n\t<div id=\"col-1258462022\" class=\"col medium-5 small-12 large-5\"  >\n\t\t\t\t<div class=\"col-inner text-center\"  >\n\t\t\t\n\t\t\t\r\n\r\n\n  <div class=\"banner has-hover\" id=\"banner-1077746782\">\n          <div class=\"banner-inner fill\">\n        <div class=\"banner-bg fill\" >\n            <img loading=\"lazy\" decoding=\"async\" width=\"550\" height=\"250\" src=\"https:\/\/lotsdenadal.cat\/wp-content\/uploads\/2025\/09\/pr-pasta-sense-gluten-calamarata-b.jpg\" class=\"bg attachment-large size-large\" alt=\"L&#039;Escairador\" \/>                                    \n                    <\/div>\n\t\t\n        <div class=\"banner-layers container\">\n            <div class=\"fill banner-link\"><\/div>            \r\n\r\n\r\n        <\/div>\n      <\/div>\n\n            \n<style>\n#banner-1077746782 {\n  padding-top: 180px;\n  background-color: rgb(255, 255, 255);\n}\n#banner-1077746782 .banner-bg img {\n  object-position: 50% 73%;\n}\n@media (min-width:550px) {\n  #banner-1077746782 {\n    padding-top: 190px;\n  }\n}\n@media (min-width:850px) {\n  #banner-1077746782 {\n    padding-top: 200px;\n  }\n}\n<\/style>\n  <\/div>\n\n\r\n\r\n\t\t<\/div>\n\t\t\t\t\t<\/div>\n\n\t\r\n\r\n<\/div>\n<div class=\"row align-middle\"  id=\"row-36507417\">\n\n\n\t<div id=\"col-1728371186\" class=\"col medium-7 small-12 large-4\"  >\n\t\t\t\t<div class=\"col-inner\"  >\n\t\t\t\n\t\t\t\n\n<h4><a href=\"https:\/\/www.nouca.es\/producto\/nueces-con-cascara-ecologicas-nacionales-malla-400g\/\" target=\"_blank\" rel=\"noopener\">NUECES CON C\u00c1SCARA ECOL\u00d3GICAS NOUCA<\/a><\/h4>\n<p>Desde la provincia de Lleida, en un peque\u00f1o pueblo llamado Golm\u00e9s, se han dedicado a acercarte a los productos m\u00e1s saludables que cuidan de las personas y tambi\u00e9n del medio ambiente. Han entendido este cultivo tan noble para producir las nueces m\u00e1s sanas, frescas y elaborarlas de la mejor manera. \u00a1Nueces sostenibles que te aportar\u00e1n grandes valores nutricionales!<\/p>\n\n\t\t<\/div>\n\t\t\t\t\t<\/div>\n\n\t\n\n\t<div id=\"col-1500712396\" class=\"col hide-for-medium medium-5 small-12 large-3\"  >\n\t\t\t\t<div class=\"col-inner\"  >\n\t\t\t\n\t\t\t\n\n\n  <div class=\"banner has-hover\" id=\"banner-1158634609\">\n          <div class=\"banner-inner fill\">\n        <div class=\"banner-bg fill\" >\n                                                \n                    <\/div>\n\t\t\n        <div class=\"banner-layers container\">\n            <div class=\"fill banner-link\"><\/div>            \n\n\t<div class=\"img has-hover x50 md-x50 lg-x50 y50 md-y50 lg-y50\" id=\"image_1188378832\">\n\t\t\t\t\t\t\t\t<div class=\"img-inner dark\" >\n\t\t\t<img loading=\"lazy\" decoding=\"async\" width=\"500\" height=\"500\" src=\"https:\/\/lotsdenadal.cat\/wp-content\/uploads\/2023\/10\/pr-nouca-nous-amb-closca.jpg\" class=\"attachment-original size-original\" alt=\"Nueces con cascara Nouca producte km 0\" srcset=\"https:\/\/lotsdenadal.cat\/wp-content\/uploads\/2023\/10\/pr-nouca-nous-amb-closca.jpg 500w, https:\/\/lotsdenadal.cat\/wp-content\/uploads\/2023\/10\/pr-nouca-nous-amb-closca-400x400.jpg 400w, https:\/\/lotsdenadal.cat\/wp-content\/uploads\/2023\/10\/pr-nouca-nous-amb-closca-280x280.jpg 280w, https:\/\/lotsdenadal.cat\/wp-content\/uploads\/2023\/10\/pr-nouca-nous-amb-closca-100x100.jpg 100w\" sizes=\"auto, (max-width: 500px) 100vw, 500px\" \/>\t\t\t\t\t\t\n\t\t\t\t\t<\/div>\n\t\t\t\t\t\t\t\t\n<style>\n#image_1188378832 {\n  width: 35%;\n}\n@media (min-width:550px) {\n  #image_1188378832 {\n    width: 100%;\n  }\n}\n@media (min-width:850px) {\n  #image_1188378832 {\n    width: 60%;\n  }\n}\n<\/style>\n\t<\/div>\n\t\n\n\n        <\/div>\n      <\/div>\n\n            \n<style>\n#banner-1158634609 {\n  padding-top: 200px;\n  background-color: rgb(255,255,255);\n}\n@media (min-width:850px) {\n  #banner-1158634609 {\n    padding-top: 200px;\n  }\n}\n<\/style>\n  <\/div>\n\n\n\n\t\t<\/div>\n\t\t\t\t\t<\/div>\n\n\t\n\n\t<div id=\"col-981049636\" class=\"col medium-5 small-12 large-5\"  >\n\t\t\t\t<div class=\"col-inner text-center\"  >\n\t\t\t\n\t\t\t\n\n\n  <div class=\"banner has-hover\" id=\"banner-1986775265\">\n          <div class=\"banner-inner fill\">\n        <div class=\"banner-bg fill\" >\n            <img loading=\"lazy\" decoding=\"async\" width=\"550\" height=\"250\" src=\"https:\/\/lotsdenadal.cat\/wp-content\/uploads\/2023\/10\/pr-nouca-nous-amb-closca-b.jpg\" class=\"bg attachment-large size-large\" alt=\"Nueces con cascara Nouca producte km 0\" \/>                                    \n                    <\/div>\n\t\t\n        <div class=\"banner-layers container\">\n            <div class=\"fill banner-link\"><\/div>            \n\n\n        <\/div>\n      <\/div>\n\n            \n<style>\n#banner-1986775265 {\n  padding-top: 180px;\n  background-color: rgb(255, 255, 255);\n}\n#banner-1986775265 .banner-bg img {\n  object-position: 49% 56%;\n}\n@media (min-width:550px) {\n  #banner-1986775265 {\n    padding-top: 190px;\n  }\n}\n@media (min-width:850px) {\n  #banner-1986775265 {\n    padding-top: 200px;\n  }\n}\n<\/style>\n  <\/div>\n\n\n\n\t\t<\/div>\n\t\t\t\t\t<\/div>\n\n\t\n\n<\/div>\n<div class=\"row align-middle\"  id=\"row-37919247\">\n\n\n\t<div id=\"col-461645544\" class=\"col medium-7 small-12 large-4\"  >\n\t\t\t\t<div class=\"col-inner\"  >\n\t\t\t\n\t\t\t\n\n<h4><a href=\"https:\/\/www.almateas.es\/es\/tes-e-infusiones\/infusiones\/rooibos\/rooibos-naranja-manzana-piramides-sin-envoltura\" target=\"_blank\" rel=\"noopener\">INFUSI\u00d3N ROOIBOS ALMA HOME<\/a><\/h4>\n<p>La combinaci\u00f3n perfecta entre la suavidad del rooibos, la dulzura natural de la manzana y la frescura c\u00edtrica de la naranja se unen en esta infusi\u00f3n equilibrada y reconfortante. Adem\u00e1s de su delicioso sabor, la Infusi\u00f3n Rooibos Naranja Manzana es una fuente natural de antioxidantes, ideal para fortalecer el sistema inmune y disfrutar de un momento de bienestar pleno.<\/p>\n\n\t\t<\/div>\n\t\t\t\t\t<\/div>\n\n\t\n\n\t<div id=\"col-1525415386\" class=\"col hide-for-medium medium-5 small-12 large-3\"  >\n\t\t\t\t<div class=\"col-inner\"  >\n\t\t\t\n\t\t\t\n\n\n  <div class=\"banner has-hover\" id=\"banner-1409804565\">\n          <div class=\"banner-inner fill\">\n        <div class=\"banner-bg fill\" >\n                                                \n                    <\/div>\n\t\t\n        <div class=\"banner-layers container\">\n            <div class=\"fill banner-link\"><\/div>            \n\n\t<div class=\"img has-hover x50 md-x50 lg-x50 y50 md-y50 lg-y50\" id=\"image_1257350443\">\n\t\t\t\t\t\t\t\t<div class=\"img-inner dark\" >\n\t\t\t<img loading=\"lazy\" decoding=\"async\" width=\"1024\" height=\"1024\" src=\"https:\/\/lotsdenadal.cat\/wp-content\/uploads\/2025\/09\/pp-infusio-rooibos-taronja-i-poma.jpg\" class=\"attachment-original size-original\" alt=\"Infusi\u00f3 Rooibos taronja i poma Alma Home\" srcset=\"https:\/\/lotsdenadal.cat\/wp-content\/uploads\/2025\/09\/pp-infusio-rooibos-taronja-i-poma.jpg 1024w, https:\/\/lotsdenadal.cat\/wp-content\/uploads\/2025\/09\/pp-infusio-rooibos-taronja-i-poma-400x400.jpg 400w, https:\/\/lotsdenadal.cat\/wp-content\/uploads\/2025\/09\/pp-infusio-rooibos-taronja-i-poma-800x800.jpg 800w, https:\/\/lotsdenadal.cat\/wp-content\/uploads\/2025\/09\/pp-infusio-rooibos-taronja-i-poma-280x280.jpg 280w, https:\/\/lotsdenadal.cat\/wp-content\/uploads\/2025\/09\/pp-infusio-rooibos-taronja-i-poma-768x768.jpg 768w, https:\/\/lotsdenadal.cat\/wp-content\/uploads\/2025\/09\/pp-infusio-rooibos-taronja-i-poma-100x100.jpg 100w\" sizes=\"auto, (max-width: 1024px) 100vw, 1024px\" \/>\t\t\t\t\t\t\n\t\t\t\t\t<\/div>\n\t\t\t\t\t\t\t\t\n<style>\n#image_1257350443 {\n  width: 35%;\n}\n@media (min-width:550px) {\n  #image_1257350443 {\n    width: 100%;\n  }\n}\n@media (min-width:850px) {\n  #image_1257350443 {\n    width: 60%;\n  }\n}\n<\/style>\n\t<\/div>\n\t\n\n\n        <\/div>\n      <\/div>\n\n            \n<style>\n#banner-1409804565 {\n  padding-top: 200px;\n  background-color: rgb(255,255,255);\n}\n@media (min-width:850px) {\n  #banner-1409804565 {\n    padding-top: 200px;\n  }\n}\n<\/style>\n  <\/div>\n\n\n\n\t\t<\/div>\n\t\t\t\t\t<\/div>\n\n\t\n\n\t<div id=\"col-2086471135\" class=\"col medium-5 small-12 large-5\"  >\n\t\t\t\t<div class=\"col-inner text-center\"  >\n\t\t\t\n\t\t\t\n\n\n  <div class=\"banner has-hover\" id=\"banner-427776821\">\n          <div class=\"banner-inner fill\">\n        <div class=\"banner-bg fill\" >\n            <img loading=\"lazy\" decoding=\"async\" width=\"550\" height=\"250\" src=\"https:\/\/lotsdenadal.cat\/wp-content\/uploads\/2025\/01\/pr-alma-home-infusio-rooibos-b.jpg\" class=\"bg attachment-large size-large\" alt=\"Alma Home\" \/>                                    \n                    <\/div>\n\t\t\n        <div class=\"banner-layers container\">\n            <div class=\"fill banner-link\"><\/div>            \n\n\n        <\/div>\n      <\/div>\n\n            \n<style>\n#banner-427776821 {\n  padding-top: 180px;\n  background-color: rgb(255, 255, 255);\n}\n#banner-427776821 .banner-bg img {\n  object-position: 49% 56%;\n}\n@media (min-width:550px) {\n  #banner-427776821 {\n    padding-top: 190px;\n  }\n}\n@media (min-width:850px) {\n  #banner-427776821 {\n    padding-top: 200px;\n  }\n}\n<\/style>\n  <\/div>\n\n\n\n\t\t<\/div>\n\t\t\t\t\t<\/div>\n\n\t\n\n<\/div>\n<div class=\"row align-middle\"  id=\"row-2120270351\">\n\n\n\t<div id=\"col-1196306378\" class=\"col medium-7 small-12 large-4\"  >\n\t\t\t\t<div class=\"col-inner\"  >\n\t\t\t\n\t\t\t\n\n<h4><a href=\"https:\/\/carolinahonest.com\/products\/galleta-sin-gluten-bio-integral-digestive-avena-con-zumo-de-pina-y-coco-rallado-vegana\" target=\"_blank\" rel=\"noopener\">GALLETAS SIN GLUTEN CAROLINA<\/a><\/h4>\n<p>Elaborada con m\u00e1s del 95\u202f% de ingredientes ecol\u00f3gicos certificados. Una galleta endulzada con az\u00facar moreno de ca\u00f1a, es una opci\u00f3n rica en fibra y libre de conservantes, colorantes y aceite de palma. Ideal para desayunos equilibrados, meriendas saludables o como base para postres creativos con helados o combinada con yogur vegetal y fruta fresca.<\/p>\n\n\t\t<\/div>\n\t\t\t\t\t<\/div>\n\n\t\n\n\t<div id=\"col-1150495725\" class=\"col hide-for-medium medium-5 small-12 large-3\"  >\n\t\t\t\t<div class=\"col-inner\"  >\n\t\t\t\n\t\t\t\n\n\n  <div class=\"banner has-hover\" id=\"banner-355889555\">\n          <div class=\"banner-inner fill\">\n        <div class=\"banner-bg fill\" >\n                                                \n                    <\/div>\n\t\t\n        <div class=\"banner-layers container\">\n            <div class=\"fill banner-link\"><\/div>            \n\n\t<div class=\"img has-hover x50 md-x50 lg-x50 y50 md-y50 lg-y50\" id=\"image_687714615\">\n\t\t\t\t\t\t\t\t<div class=\"img-inner dark\" >\n\t\t\t<img loading=\"lazy\" decoding=\"async\" width=\"1024\" height=\"1024\" src=\"https:\/\/lotsdenadal.cat\/wp-content\/uploads\/2025\/09\/pd-carolina-galeta-sense-gluten.jpg\" class=\"attachment-original size-original\" alt=\"Galletas sin gluten Pi\u00f1a y Coco Carolina\" srcset=\"https:\/\/lotsdenadal.cat\/wp-content\/uploads\/2025\/09\/pd-carolina-galeta-sense-gluten.jpg 1024w, https:\/\/lotsdenadal.cat\/wp-content\/uploads\/2025\/09\/pd-carolina-galeta-sense-gluten-400x400.jpg 400w, https:\/\/lotsdenadal.cat\/wp-content\/uploads\/2025\/09\/pd-carolina-galeta-sense-gluten-800x800.jpg 800w, https:\/\/lotsdenadal.cat\/wp-content\/uploads\/2025\/09\/pd-carolina-galeta-sense-gluten-280x280.jpg 280w, https:\/\/lotsdenadal.cat\/wp-content\/uploads\/2025\/09\/pd-carolina-galeta-sense-gluten-768x768.jpg 768w, https:\/\/lotsdenadal.cat\/wp-content\/uploads\/2025\/09\/pd-carolina-galeta-sense-gluten-100x100.jpg 100w\" sizes=\"auto, (max-width: 1024px) 100vw, 1024px\" \/>\t\t\t\t\t\t\n\t\t\t\t\t<\/div>\n\t\t\t\t\t\t\t\t\n<style>\n#image_687714615 {\n  width: 35%;\n}\n@media (min-width:550px) {\n  #image_687714615 {\n    width: 100%;\n  }\n}\n@media (min-width:850px) {\n  #image_687714615 {\n    width: 60%;\n  }\n}\n<\/style>\n\t<\/div>\n\t\n\n\n        <\/div>\n      <\/div>\n\n            \n<style>\n#banner-355889555 {\n  padding-top: 200px;\n  background-color: rgb(255,255,255);\n}\n@media (min-width:850px) {\n  #banner-355889555 {\n    padding-top: 200px;\n  }\n}\n<\/style>\n  <\/div>\n\n\n\n\t\t<\/div>\n\t\t\t\t\t<\/div>\n\n\t\n\n\t<div id=\"col-261532179\" class=\"col medium-5 small-12 large-5\"  >\n\t\t\t\t<div class=\"col-inner text-center\"  >\n\t\t\t\n\t\t\t\n\n\n  <div class=\"banner has-hover\" id=\"banner-36608263\">\n          <div class=\"banner-inner fill\">\n        <div class=\"banner-bg fill\" >\n            <img loading=\"lazy\" decoding=\"async\" width=\"550\" height=\"250\" src=\"https:\/\/lotsdenadal.cat\/wp-content\/uploads\/2025\/09\/pd-carolina-galeta-sense-gluten-b.jpg\" class=\"bg attachment-large size-large\" alt=\"Carolina\" \/>                                    \n                    <\/div>\n\t\t\n        <div class=\"banner-layers container\">\n            <div class=\"fill banner-link\"><\/div>            \n\n\n        <\/div>\n      <\/div>\n\n            \n<style>\n#banner-36608263 {\n  padding-top: 180px;\n  background-color: rgb(255, 255, 255);\n}\n#banner-36608263 .banner-bg img {\n  object-position: 49% 56%;\n}\n@media (min-width:550px) {\n  #banner-36608263 {\n    padding-top: 190px;\n  }\n}\n@media (min-width:850px) {\n  #banner-36608263 {\n    padding-top: 200px;\n  }\n}\n<\/style>\n  <\/div>\n\n\n\n\t\t<\/div>\n\t\t\t\t\t<\/div>\n\n\t\n\n<\/div>\n<div class=\"row align-middle\"  id=\"row-634837419\">\r\n\r\n\n\t<div id=\"col-1938052128\" class=\"col medium-7 small-12 large-4\"  >\n\t\t\t\t<div class=\"col-inner\"  >\n\t\t\t\n\t\t\t\r\n\r\n<h4><a href=\"https:\/\/www.espallares.com\/es\/12-pat%C3%A9s\" target=\"_blank\" rel=\"noopener\">PAT\u00c9 DE MONTA\u00d1A \u00c9S PALLAR\u00c8S<\/a><\/h4>\r\n<p>Pat\u00e9 r\u00fastico elaborado con una cuidadosa selecci\u00f3n de las mejores carnes y siguiendo fielmente el m\u00e9todo tradicional, que preserva toda la esencia y el sabor aut\u00e9ntico de anta\u00f1o. Su sabor intenso y textura suave lo convierten en una propuesta gastron\u00f3mica exquisita, ideal para aperitivos, tostadas, s\u00e1ndwiches o como entrante en celebraciones especiales.<\/p>\r\n\r\n\t\t<\/div>\n\t\t\t\t\t<\/div>\n\n\t\r\n\n\t<div id=\"col-2066135911\" class=\"col hide-for-medium medium-5 small-12 large-3\"  >\n\t\t\t\t<div class=\"col-inner\"  >\n\t\t\t\n\t\t\t\r\n\r\n\n  <div class=\"banner has-hover\" id=\"banner-10931311\">\n          <div class=\"banner-inner fill\">\n        <div class=\"banner-bg fill\" >\n                                                \n                    <\/div>\n\t\t\n        <div class=\"banner-layers container\">\n            <div class=\"fill banner-link\"><\/div>            \r\n\r\n\t<div class=\"img has-hover x50 md-x50 lg-x50 y50 md-y50 lg-y50\" id=\"image_1506337496\">\n\t\t\t\t\t\t\t\t<div class=\"img-inner dark\" >\n\t\t\t<img loading=\"lazy\" decoding=\"async\" width=\"1024\" height=\"1024\" src=\"https:\/\/lotsdenadal.cat\/wp-content\/uploads\/2025\/09\/pd-pate-de-muntanya-amb-bolets.jpg\" class=\"attachment-original size-original\" alt=\"Pat\u00e9 de monta\u00f1a \u00c9s Pallar\u00e8s\" srcset=\"https:\/\/lotsdenadal.cat\/wp-content\/uploads\/2025\/09\/pd-pate-de-muntanya-amb-bolets.jpg 1024w, https:\/\/lotsdenadal.cat\/wp-content\/uploads\/2025\/09\/pd-pate-de-muntanya-amb-bolets-400x400.jpg 400w, https:\/\/lotsdenadal.cat\/wp-content\/uploads\/2025\/09\/pd-pate-de-muntanya-amb-bolets-800x800.jpg 800w, https:\/\/lotsdenadal.cat\/wp-content\/uploads\/2025\/09\/pd-pate-de-muntanya-amb-bolets-280x280.jpg 280w, https:\/\/lotsdenadal.cat\/wp-content\/uploads\/2025\/09\/pd-pate-de-muntanya-amb-bolets-768x768.jpg 768w, https:\/\/lotsdenadal.cat\/wp-content\/uploads\/2025\/09\/pd-pate-de-muntanya-amb-bolets-100x100.jpg 100w\" sizes=\"auto, (max-width: 1024px) 100vw, 1024px\" \/>\t\t\t\t\t\t\n\t\t\t\t\t<\/div>\n\t\t\t\t\t\t\t\t\n<style>\n#image_1506337496 {\n  width: 35%;\n}\n@media (min-width:550px) {\n  #image_1506337496 {\n    width: 100%;\n  }\n}\n@media (min-width:850px) {\n  #image_1506337496 {\n    width: 47%;\n  }\n}\n<\/style>\n\t<\/div>\n\t\r\n\r\n\r\n        <\/div>\n      <\/div>\n\n            \n<style>\n#banner-10931311 {\n  padding-top: 200px;\n  background-color: rgb(255,255,255);\n}\n@media (min-width:850px) {\n  #banner-10931311 {\n    padding-top: 200px;\n  }\n}\n<\/style>\n  <\/div>\n\n\r\n\r\n\t\t<\/div>\n\t\t\t\t\t<\/div>\n\n\t\r\n\n\t<div id=\"col-24939360\" class=\"col medium-5 small-12 large-5\"  >\n\t\t\t\t<div class=\"col-inner text-center\"  >\n\t\t\t\n\t\t\t\r\n\r\n\n  <div class=\"banner has-hover\" id=\"banner-1430113663\">\n          <div class=\"banner-inner fill\">\n        <div class=\"banner-bg fill\" >\n            <img loading=\"lazy\" decoding=\"async\" width=\"550\" height=\"250\" src=\"https:\/\/lotsdenadal.cat\/wp-content\/uploads\/2025\/09\/pd-pate-de-muntanya-amb-bolets-b.jpg\" class=\"bg attachment-large size-large\" alt=\"\u00c9s Pallar\u00e8s\" \/>                                    \n                    <\/div>\n\t\t\n        <div class=\"banner-layers container\">\n            <div class=\"fill banner-link\"><\/div>            \r\n\r\n\r\n        <\/div>\n      <\/div>\n\n            \n<style>\n#banner-1430113663 {\n  padding-top: 180px;\n  background-color: rgb(255, 255, 255);\n}\n#banner-1430113663 .banner-bg img {\n  object-position: 52% 87%;\n}\n@media (min-width:550px) {\n  #banner-1430113663 {\n    padding-top: 190px;\n  }\n}\n@media (min-width:850px) {\n  #banner-1430113663 {\n    padding-top: 200px;\n  }\n}\n<\/style>\n  <\/div>\n\n\r\n\r\n\t\t<\/div>\n\t\t\t\t\t<\/div>\n\n\t\r\n\r\n<\/div><div class=\"row align-middle\"  id=\"row-1949666963\">\n\n\n\t<div id=\"col-1759101908\" class=\"col medium-7 small-12 large-4\"  >\n\t\t\t\t<div class=\"col-inner\"  >\n\t\t\t\n\t\t\t\n\n<h4><a href=\"https:\/\/www.chocolateamatller.com\/es\/tableta-chocolate-83-cacao-peru-70g\/p\" target=\"_blank\" rel=\"noopener\">TABLETA 83% PER\u00da AMATLLER<\/a><\/h4>\n<p>Per\u00fa destaca por su variedad en cacaos nativos. Desde hace unos a\u00f1os, se est\u00e1 convirtiendo en uno de los principales productores de cacaos arom\u00e1ticos. El cacao ha sido tostado en su punto justo respetando el origen para as\u00ed preservar al m\u00e1ximo sus notas florales. Combinaci\u00f3n de frutos secos con toques especiados. Sutil y con una elegante presentaci\u00f3n.<\/p>\n\n\t\t<\/div>\n\t\t\t\t\t<\/div>\n\n\t\n\n\t<div id=\"col-1161704985\" class=\"col hide-for-medium medium-5 small-12 large-3\"  >\n\t\t\t\t<div class=\"col-inner\"  >\n\t\t\t\n\t\t\t\n\n\n  <div class=\"banner has-hover\" id=\"banner-2008642350\">\n          <div class=\"banner-inner fill\">\n        <div class=\"banner-bg fill\" >\n                                                \n                    <\/div>\n\t\t\n        <div class=\"banner-layers container\">\n            <div class=\"fill banner-link\"><\/div>            \n\n\t<div class=\"img has-hover x50 md-x50 lg-x50 y50 md-y50 lg-y50\" id=\"image_152315538\">\n\t\t\t\t\t\t\t\t<div class=\"img-inner dark\" >\n\t\t\t<img loading=\"lazy\" decoding=\"async\" width=\"1024\" height=\"1024\" src=\"https:\/\/lotsdenadal.cat\/wp-content\/uploads\/2025\/01\/pd-simon-coll-rajola-amatller-peru.jpg\" class=\"attachment-original size-original\" alt=\"Tableta de chocolate Amatller 83% Per\u00fa\" srcset=\"https:\/\/lotsdenadal.cat\/wp-content\/uploads\/2025\/01\/pd-simon-coll-rajola-amatller-peru.jpg 1024w, https:\/\/lotsdenadal.cat\/wp-content\/uploads\/2025\/01\/pd-simon-coll-rajola-amatller-peru-400x400.jpg 400w, https:\/\/lotsdenadal.cat\/wp-content\/uploads\/2025\/01\/pd-simon-coll-rajola-amatller-peru-800x800.jpg 800w, https:\/\/lotsdenadal.cat\/wp-content\/uploads\/2025\/01\/pd-simon-coll-rajola-amatller-peru-280x280.jpg 280w, https:\/\/lotsdenadal.cat\/wp-content\/uploads\/2025\/01\/pd-simon-coll-rajola-amatller-peru-768x768.jpg 768w, https:\/\/lotsdenadal.cat\/wp-content\/uploads\/2025\/01\/pd-simon-coll-rajola-amatller-peru-100x100.jpg 100w\" sizes=\"auto, (max-width: 1024px) 100vw, 1024px\" \/>\t\t\t\t\t\t\n\t\t\t\t\t<\/div>\n\t\t\t\t\t\t\t\t\n<style>\n#image_152315538 {\n  width: 35%;\n}\n@media (min-width:550px) {\n  #image_152315538 {\n    width: 100%;\n  }\n}\n@media (min-width:850px) {\n  #image_152315538 {\n    width: 60%;\n  }\n}\n<\/style>\n\t<\/div>\n\t\n\n\n        <\/div>\n      <\/div>\n\n            \n<style>\n#banner-2008642350 {\n  padding-top: 200px;\n  background-color: rgb(255,255,255);\n}\n@media (min-width:850px) {\n  #banner-2008642350 {\n    padding-top: 200px;\n  }\n}\n<\/style>\n  <\/div>\n\n\n\n\t\t<\/div>\n\t\t\t\t\t<\/div>\n\n\t\n\n\t<div id=\"col-99476531\" class=\"col medium-5 small-12 large-5\"  >\n\t\t\t\t<div class=\"col-inner text-center\"  >\n\t\t\t\n\t\t\t\n\n\n  <div class=\"banner has-hover\" id=\"banner-112506462\">\n          <div class=\"banner-inner fill\">\n        <div class=\"banner-bg fill\" >\n            <img loading=\"lazy\" decoding=\"async\" width=\"550\" height=\"250\" src=\"https:\/\/lotsdenadal.cat\/wp-content\/uploads\/2025\/01\/pd-simon-coll-rajola-amatller-peru-b.jpg\" class=\"bg attachment-large size-large\" alt=\"Chocolate Sim\u00f3n Coll\" \/>                                    \n                    <\/div>\n\t\t\n        <div class=\"banner-layers container\">\n            <div class=\"fill banner-link\"><\/div>            \n\n\n        <\/div>\n      <\/div>\n\n            \n<style>\n#banner-112506462 {\n  padding-top: 180px;\n  background-color: rgb(255, 255, 255);\n}\n#banner-112506462 .banner-bg img {\n  object-position: 49% 56%;\n}\n@media (min-width:550px) {\n  #banner-112506462 {\n    padding-top: 190px;\n  }\n}\n@media (min-width:850px) {\n  #banner-112506462 {\n    padding-top: 200px;\n  }\n}\n<\/style>\n  <\/div>\n\n\n\n\t\t<\/div>\n\t\t\t\t\t<\/div>\n\n\t\n\n<\/div>\n<div class=\"row align-middle\"  id=\"row-244196725\">\r\n\r\n\n\t<div id=\"col-1746634909\" class=\"col medium-7 small-12 large-4\"  >\n\t\t\t\t<div class=\"col-inner\"  >\n\t\t\t\n\t\t\t\r\n\r\n<h4><a href=\"https:\/\/www.zealia.com\/granolas\/granola-chocolate-bio\" target=\"_blank\" rel=\"noopener\">GRANOLA DE CHOCOLATE ZEALIA<\/a><\/h4>\r\n<p>Disfruta de un desayuno lleno de sabor y nutrientes. Una mezcla de avena sin gluten, chocolate, semillas y frutos secos que te dar\u00e1 la energ\u00eda que necesitas para empezar el d\u00eda. Crujiente y deliciosa, es ideal para combinar con yogur, con tu bebida vegetal favorita o simplemente para disfrutar sola como snack. \u00a1Comienza tus ma\u00f1anas con el m\u00e1ximo bienestar!<\/p>\r\n\r\n\t\t<\/div>\n\t\t\t\t\t<\/div>\n\n\t\r\n\n\t<div id=\"col-836107292\" class=\"col hide-for-medium medium-5 small-12 large-3\"  >\n\t\t\t\t<div class=\"col-inner\"  >\n\t\t\t\n\t\t\t\r\n\r\n\n  <div class=\"banner has-hover\" id=\"banner-732993804\">\n          <div class=\"banner-inner fill\">\n        <div class=\"banner-bg fill\" >\n                                                \n                    <\/div>\n\t\t\n        <div class=\"banner-layers container\">\n            <div class=\"fill banner-link\"><\/div>            \r\n\r\n\t<div class=\"img has-hover x50 md-x50 lg-x50 y50 md-y50 lg-y50\" id=\"image_1811690628\">\n\t\t\t\t\t\t\t\t<div class=\"img-inner dark\" >\n\t\t\t<img loading=\"lazy\" decoding=\"async\" width=\"1024\" height=\"1024\" src=\"https:\/\/lotsdenadal.cat\/wp-content\/uploads\/2025\/09\/pd-granola-xocolata-zealia.jpg\" class=\"attachment-original size-original\" alt=\"Granola chocolate Zealia\" srcset=\"https:\/\/lotsdenadal.cat\/wp-content\/uploads\/2025\/09\/pd-granola-xocolata-zealia.jpg 1024w, https:\/\/lotsdenadal.cat\/wp-content\/uploads\/2025\/09\/pd-granola-xocolata-zealia-400x400.jpg 400w, https:\/\/lotsdenadal.cat\/wp-content\/uploads\/2025\/09\/pd-granola-xocolata-zealia-800x800.jpg 800w, https:\/\/lotsdenadal.cat\/wp-content\/uploads\/2025\/09\/pd-granola-xocolata-zealia-280x280.jpg 280w, https:\/\/lotsdenadal.cat\/wp-content\/uploads\/2025\/09\/pd-granola-xocolata-zealia-768x768.jpg 768w, https:\/\/lotsdenadal.cat\/wp-content\/uploads\/2025\/09\/pd-granola-xocolata-zealia-100x100.jpg 100w\" sizes=\"auto, (max-width: 1024px) 100vw, 1024px\" \/>\t\t\t\t\t\t\n\t\t\t\t\t<\/div>\n\t\t\t\t\t\t\t\t\n<style>\n#image_1811690628 {\n  width: 35%;\n}\n@media (min-width:550px) {\n  #image_1811690628 {\n    width: 100%;\n  }\n}\n@media (min-width:850px) {\n  #image_1811690628 {\n    width: 60%;\n  }\n}\n<\/style>\n\t<\/div>\n\t\r\n\r\n\r\n        <\/div>\n      <\/div>\n\n            \n<style>\n#banner-732993804 {\n  padding-top: 200px;\n  background-color: rgb(255,255,255);\n}\n@media (min-width:850px) {\n  #banner-732993804 {\n    padding-top: 200px;\n  }\n}\n<\/style>\n  <\/div>\n\n\r\n\r\n\t\t<\/div>\n\t\t\t\t\t<\/div>\n\n\t\r\n\n\t<div id=\"col-1711708491\" class=\"col medium-5 small-12 large-5\"  >\n\t\t\t\t<div class=\"col-inner text-center\"  >\n\t\t\t\n\t\t\t\r\n\r\n\n  <div class=\"banner has-hover\" id=\"banner-1960403680\">\n          <div class=\"banner-inner fill\">\n        <div class=\"banner-bg fill\" >\n            <img loading=\"lazy\" decoding=\"async\" width=\"550\" height=\"250\" src=\"https:\/\/lotsdenadal.cat\/wp-content\/uploads\/2025\/09\/pd-granola-xocolata-zealia-b.jpg\" class=\"bg attachment-large size-large\" alt=\"Zealia\" \/>                                    \n                    <\/div>\n\t\t\n        <div class=\"banner-layers container\">\n            <div class=\"fill banner-link\"><\/div>            \r\n\r\n\r\n        <\/div>\n      <\/div>\n\n            \n<style>\n#banner-1960403680 {\n  padding-top: 180px;\n  background-color: rgb(255, 255, 255);\n}\n#banner-1960403680 .banner-bg img {\n  object-position: 52% 39%;\n}\n@media (min-width:550px) {\n  #banner-1960403680 {\n    padding-top: 190px;\n  }\n}\n@media (min-width:850px) {\n  #banner-1960403680 {\n    padding-top: 200px;\n  }\n}\n<\/style>\n  <\/div>\n\n\r\n\r\n\t\t<\/div>\n\t\t\t\t\t<\/div>\n\n\t\r\n\r\n<\/div>\n<div class=\"row align-middle\"  id=\"row-381956300\">\n\n\n\t<div id=\"col-1141703053\" class=\"col medium-7 small-12 large-4\"  >\n\t\t\t\t<div class=\"col-inner\"  >\n\t\t\t\n\t\t\t\n\n<h4><a href=\"https:\/\/zealiabioglutenfree.com\/es\/snacks-dulces-y-salados\/92\/colines-mediterraneos-bio-sg\" target=\"_blank\" rel=\"noopener\">MINI GRISSINI MEDITERR\u00c1NEOS ZEALIA<\/a><\/h4>\n<p>Los Mini grissinis Mediterr\u00e1neos son la delicia perfecta para estas fiestas. Crujientes palillos con tomate y or\u00e9gano, ecol\u00f3gicos y sin gluten. Un equilibrado snack ideal para un aperitivo a cualquier hora del d\u00eda. Se convierten en el complemento ideal para tu cesta navide\u00f1a. Disfruta de su sabor mediterr\u00e1neo. \u00a1Un regalo para tu paladar!<\/p>\n\n\t\t<\/div>\n\t\t\t\t\t<\/div>\n\n\t\n\n\t<div id=\"col-1504997275\" class=\"col hide-for-medium medium-5 small-12 large-3\"  >\n\t\t\t\t<div class=\"col-inner\"  >\n\t\t\t\n\t\t\t\n\n\n  <div class=\"banner has-hover\" id=\"banner-1143649210\">\n          <div class=\"banner-inner fill\">\n        <div class=\"banner-bg fill\" >\n                                                \n                    <\/div>\n\t\t\n        <div class=\"banner-layers container\">\n            <div class=\"fill banner-link\"><\/div>            \n\n\t<div class=\"img has-hover x50 md-x50 lg-x50 y50 md-y50 lg-y50\" id=\"image_1513088368\">\n\t\t\t\t\t\t\t\t<div class=\"img-inner dark\" >\n\t\t\t<img loading=\"lazy\" decoding=\"async\" width=\"500\" height=\"500\" src=\"https:\/\/lotsdenadal.cat\/wp-content\/uploads\/2023\/10\/pp-zealia-mini-grissini-mediterranis.jpg\" class=\"attachment-original size-original\" alt=\"Mini Grissini Mediterranis Zealia product ecologico sin gluten\" srcset=\"https:\/\/lotsdenadal.cat\/wp-content\/uploads\/2023\/10\/pp-zealia-mini-grissini-mediterranis.jpg 500w, https:\/\/lotsdenadal.cat\/wp-content\/uploads\/2023\/10\/pp-zealia-mini-grissini-mediterranis-400x400.jpg 400w, https:\/\/lotsdenadal.cat\/wp-content\/uploads\/2023\/10\/pp-zealia-mini-grissini-mediterranis-280x280.jpg 280w, https:\/\/lotsdenadal.cat\/wp-content\/uploads\/2023\/10\/pp-zealia-mini-grissini-mediterranis-100x100.jpg 100w\" sizes=\"auto, (max-width: 500px) 100vw, 500px\" \/>\t\t\t\t\t\t\n\t\t\t\t\t<\/div>\n\t\t\t\t\t\t\t\t\n<style>\n#image_1513088368 {\n  width: 35%;\n}\n@media (min-width:550px) {\n  #image_1513088368 {\n    width: 100%;\n  }\n}\n@media (min-width:850px) {\n  #image_1513088368 {\n    width: 60%;\n  }\n}\n<\/style>\n\t<\/div>\n\t\n\n\n        <\/div>\n      <\/div>\n\n            \n<style>\n#banner-1143649210 {\n  padding-top: 200px;\n  background-color: rgb(255,255,255);\n}\n@media (min-width:850px) {\n  #banner-1143649210 {\n    padding-top: 200px;\n  }\n}\n<\/style>\n  <\/div>\n\n\n\n\t\t<\/div>\n\t\t\t\t\t<\/div>\n\n\t\n\n\t<div id=\"col-2145067059\" class=\"col medium-5 small-12 large-5\"  >\n\t\t\t\t<div class=\"col-inner text-center\"  >\n\t\t\t\n\t\t\t\n\n\n  <div class=\"banner has-hover\" id=\"banner-1275838346\">\n          <div class=\"banner-inner fill\">\n        <div class=\"banner-bg fill\" >\n            <img loading=\"lazy\" decoding=\"async\" width=\"550\" height=\"250\" src=\"https:\/\/lotsdenadal.cat\/wp-content\/uploads\/2023\/10\/pp-zealia-mini-grissini-mediterranis-b.jpg\" class=\"bg attachment-large size-large\" alt=\"Mini Grissini Mediterranis Zealia product ecologico sin gluten\" \/>                                    \n                    <\/div>\n\t\t\n        <div class=\"banner-layers container\">\n            <div class=\"fill banner-link\"><\/div>            \n\n\n        <\/div>\n      <\/div>\n\n            \n<style>\n#banner-1275838346 {\n  padding-top: 180px;\n  background-color: rgb(255, 255, 255);\n}\n#banner-1275838346 .banner-bg img {\n  object-position: 49% 56%;\n}\n@media (min-width:550px) {\n  #banner-1275838346 {\n    padding-top: 190px;\n  }\n}\n@media (min-width:850px) {\n  #banner-1275838346 {\n    padding-top: 200px;\n  }\n}\n<\/style>\n  <\/div>\n\n\n\n\t\t<\/div>\n\t\t\t\t\t<\/div>\n\n\t\n\n<\/div>\n<div class=\"row align-middle\"  id=\"row-100096000\">\r\n\r\n\n\t<div id=\"col-1565245697\" class=\"col medium-7 small-12 large-4\"  >\n\t\t\t\t<div class=\"col-inner\"  >\n\t\t\t\n\t\t\t\r\n\r\n<h4><a href=\"https:\/\/shop.canbech.com\/es\/clasicas\/64-mermelada-extra-de-higos-negros.html\" target=\"_blank\" rel=\"noopener\">MERMELADA DE HIGOS CAN BECH<\/a><\/h4>\r\n<p>Se trata de una de las mermeladas m\u00e1s preciadas de Can Bech debido a la dulzura natural de esta fruta y a sus m\u00faltiples combinaciones. Recomendamos probarla con una tostada de queso azul, con una tostada de foie gras, con helado de nueces de macadamia o bien con una ensalada o s\u00e1ndwich de r\u00facula, queso parmesano y jam\u00f3n de bellota. \u00a1Es deliciosa!<\/p>\r\n\r\n\t\t<\/div>\n\t\t\t\t\t<\/div>\n\n\t\r\n\n\t<div id=\"col-154653117\" class=\"col hide-for-medium medium-5 small-12 large-3\"  >\n\t\t\t\t<div class=\"col-inner\"  >\n\t\t\t\n\t\t\t\r\n\r\n\n  <div class=\"banner has-hover\" id=\"banner-1396122176\">\n          <div class=\"banner-inner fill\">\n        <div class=\"banner-bg fill\" >\n                                                \n                    <\/div>\n\t\t\n        <div class=\"banner-layers container\">\n            <div class=\"fill banner-link\"><\/div>            \r\n\r\n\t<div class=\"img has-hover x50 md-x50 lg-x50 y50 md-y50 lg-y50\" id=\"image_826953793\">\n\t\t\t\t\t\t\t\t<div class=\"img-inner dark\" >\n\t\t\t<img loading=\"lazy\" decoding=\"async\" width=\"1024\" height=\"1024\" src=\"https:\/\/lotsdenadal.cat\/wp-content\/uploads\/2025\/09\/pr-melmelada-figues.png\" class=\"attachment-original size-original\" alt=\"Mermelada higos Can Bech\" srcset=\"https:\/\/lotsdenadal.cat\/wp-content\/uploads\/2025\/09\/pr-melmelada-figues.png 1024w, https:\/\/lotsdenadal.cat\/wp-content\/uploads\/2025\/09\/pr-melmelada-figues-400x400.png 400w, https:\/\/lotsdenadal.cat\/wp-content\/uploads\/2025\/09\/pr-melmelada-figues-800x800.png 800w, https:\/\/lotsdenadal.cat\/wp-content\/uploads\/2025\/09\/pr-melmelada-figues-280x280.png 280w, https:\/\/lotsdenadal.cat\/wp-content\/uploads\/2025\/09\/pr-melmelada-figues-768x768.png 768w, https:\/\/lotsdenadal.cat\/wp-content\/uploads\/2025\/09\/pr-melmelada-figues-100x100.png 100w\" sizes=\"auto, (max-width: 1024px) 100vw, 1024px\" \/>\t\t\t\t\t\t\n\t\t\t\t\t<\/div>\n\t\t\t\t\t\t\t\t\n<style>\n#image_826953793 {\n  width: 35%;\n}\n@media (min-width:550px) {\n  #image_826953793 {\n    width: 100%;\n  }\n}\n@media (min-width:850px) {\n  #image_826953793 {\n    width: 60%;\n  }\n}\n<\/style>\n\t<\/div>\n\t\r\n\r\n\r\n        <\/div>\n      <\/div>\n\n            \n<style>\n#banner-1396122176 {\n  padding-top: 200px;\n  background-color: rgb(255,255,255);\n}\n@media (min-width:850px) {\n  #banner-1396122176 {\n    padding-top: 200px;\n  }\n}\n<\/style>\n  <\/div>\n\n\r\n\r\n\t\t<\/div>\n\t\t\t\t\t<\/div>\n\n\t\r\n\n\t<div id=\"col-406514112\" class=\"col medium-5 small-12 large-5\"  >\n\t\t\t\t<div class=\"col-inner text-center\"  >\n\t\t\t\n\t\t\t\r\n\r\n\n  <div class=\"banner has-hover\" id=\"banner-1910211989\">\n          <div class=\"banner-inner fill\">\n        <div class=\"banner-bg fill\" >\n            <img loading=\"lazy\" decoding=\"async\" width=\"550\" height=\"250\" src=\"https:\/\/lotsdenadal.cat\/wp-content\/uploads\/2025\/09\/pr-melmelada-figues-b.jpg\" class=\"bg attachment-large size-large\" alt=\"Can Bech\" \/>                                    \n                    <\/div>\n\t\t\n        <div class=\"banner-layers container\">\n            <div class=\"fill banner-link\"><\/div>            \r\n\r\n\r\n        <\/div>\n      <\/div>\n\n            \n<style>\n#banner-1910211989 {\n  padding-top: 180px;\n  background-color: rgb(255, 255, 255);\n}\n#banner-1910211989 .banner-bg img {\n  object-position: 49% 98%;\n}\n@media (min-width:550px) {\n  #banner-1910211989 {\n    padding-top: 190px;\n  }\n}\n@media (min-width:850px) {\n  #banner-1910211989 {\n    padding-top: 200px;\n  }\n}\n<\/style>\n  <\/div>\n\n\r\n\r\n\t\t<\/div>\n\t\t\t\t\t<\/div>\n\n\t\r\n\r\n<\/div>\n<div class=\"row align-middle\"  id=\"row-1273761440\">\n\n\n\t<div id=\"col-663542760\" class=\"col medium-7 small-12 large-4\"  >\n\t\t\t\t<div class=\"col-inner\"  >\n\t\t\t\n\t\t\t\n\n<h4><a href=\"https:\/\/shop.lamasrojana.com\/es\/ecologico\/28-90-olives-arbequines-eco.html\" target=\"_blank\" rel=\"noopener\">OLIVES ARBEQUINA ECOL\u00d3GICAS LA MASROJANA<\/a><\/h4>\n<p>Cultivadas por peque\u00f1os productores, que las cuidan durante todo el a\u00f1o con mucho cuidado. En octubre se recolectan a mano, para evitar golpes, y las llevan a las instalaciones, donde se limpian y se ponen en dep\u00f3sitos en agua y sal, donde maceran durante 3 meses. Al abrir un bote de La Masrojana, encontraras unas aceitunas que son el resultado del buen hacer de los campesinos.<\/p>\n\n\t\t<\/div>\n\t\t\t\t\t<\/div>\n\n\t\n\n\t<div id=\"col-1067189697\" class=\"col hide-for-medium medium-5 small-12 large-3\"  >\n\t\t\t\t<div class=\"col-inner\"  >\n\t\t\t\n\t\t\t\n\n\n  <div class=\"banner has-hover\" id=\"banner-1215567186\">\n          <div class=\"banner-inner fill\">\n        <div class=\"banner-bg fill\" >\n                                                \n                    <\/div>\n\t\t\n        <div class=\"banner-layers container\">\n            <div class=\"fill banner-link\"><\/div>            \n\n\t<div class=\"img has-hover x50 md-x50 lg-x50 y50 md-y50 lg-y50\" id=\"image_1986995201\">\n\t\t\t\t\t\t\t\t<div class=\"img-inner dark\" >\n\t\t\t<img loading=\"lazy\" decoding=\"async\" width=\"500\" height=\"500\" src=\"https:\/\/lotsdenadal.cat\/wp-content\/uploads\/2023\/10\/pp-la-masrojana-olives-arbequina-eco.jpg\" class=\"attachment-original size-original\" alt=\"Aceitunas Arbequina ecol\u00f3gicas La Masrojana producto catalan\" srcset=\"https:\/\/lotsdenadal.cat\/wp-content\/uploads\/2023\/10\/pp-la-masrojana-olives-arbequina-eco.jpg 500w, https:\/\/lotsdenadal.cat\/wp-content\/uploads\/2023\/10\/pp-la-masrojana-olives-arbequina-eco-400x400.jpg 400w, https:\/\/lotsdenadal.cat\/wp-content\/uploads\/2023\/10\/pp-la-masrojana-olives-arbequina-eco-280x280.jpg 280w, https:\/\/lotsdenadal.cat\/wp-content\/uploads\/2023\/10\/pp-la-masrojana-olives-arbequina-eco-100x100.jpg 100w\" sizes=\"auto, (max-width: 500px) 100vw, 500px\" \/>\t\t\t\t\t\t\n\t\t\t\t\t<\/div>\n\t\t\t\t\t\t\t\t\n<style>\n#image_1986995201 {\n  width: 35%;\n}\n@media (min-width:550px) {\n  #image_1986995201 {\n    width: 100%;\n  }\n}\n@media (min-width:850px) {\n  #image_1986995201 {\n    width: 60%;\n  }\n}\n<\/style>\n\t<\/div>\n\t\n\n\n        <\/div>\n      <\/div>\n\n            \n<style>\n#banner-1215567186 {\n  padding-top: 200px;\n  background-color: rgb(255,255,255);\n}\n@media (min-width:850px) {\n  #banner-1215567186 {\n    padding-top: 200px;\n  }\n}\n<\/style>\n  <\/div>\n\n\n\n\t\t<\/div>\n\t\t\t\t\t<\/div>\n\n\t\n\n\t<div id=\"col-1254915612\" class=\"col medium-5 small-12 large-5\"  >\n\t\t\t\t<div class=\"col-inner text-center\"  >\n\t\t\t\n\t\t\t\n\n\n  <div class=\"banner has-hover\" id=\"banner-1801068237\">\n          <div class=\"banner-inner fill\">\n        <div class=\"banner-bg fill\" >\n            <img loading=\"lazy\" decoding=\"async\" width=\"550\" height=\"250\" src=\"https:\/\/lotsdenadal.cat\/wp-content\/uploads\/2023\/10\/pp-la-masrojana-olives-arbequina-eco-b.jpg\" class=\"bg attachment-large size-large\" alt=\"Aceitunas Arbequina ecol\u00f3gicas La Masrojana producto catalan\" \/>                                    \n                    <\/div>\n\t\t\n        <div class=\"banner-layers container\">\n            <div class=\"fill banner-link\"><\/div>            \n\n\n        <\/div>\n      <\/div>\n\n            \n<style>\n#banner-1801068237 {\n  padding-top: 180px;\n  background-color: rgb(255, 255, 255);\n}\n#banner-1801068237 .banner-bg img {\n  object-position: 49% 56%;\n}\n@media (min-width:550px) {\n  #banner-1801068237 {\n    padding-top: 190px;\n  }\n}\n@media (min-width:850px) {\n  #banner-1801068237 {\n    padding-top: 200px;\n  }\n}\n<\/style>\n  <\/div>\n\n\n\n\t\t<\/div>\n\t\t\t\t\t<\/div>\n\n\t\n\n<\/div>\n","protected":false},"excerpt":{"rendered":"<h4><span style=\"font-size: 27px; line-height: 0.8 em; font-weight: 200; color:#c1d5bf;\">Lot Natura | 16 productos <\/span><span style=\"font-size: 27px; line-height: 0.8 em; font-weight: 200; color:  #becd4f;\"> | <\/span><img decoding=\"async\" src=\"\/wp-content\/uploads\/2023\/09\/eco_ue.jpg\"  alt=\"Certificado CCPAE\" width=\"35\"\/><span style=\"font-size: 20px; line-height: 1 em; font-weight: 200; color: #becd4f;\"> 10 ecol\u00f3gicos<\/span><\/h4>\n<div class=\"row row-collapse row-full-width align-middle\"  id=\"row-1341471099\">\n\t<div id=\"col-246436852\" class=\"col medium-2 small-3 large-2\"  >\n\t\t\t\t<div class=\"col-inner\"  >\n\t\t\t\n\t\t\t<img loading=\"lazy\" decoding=\"async\" class=\"alignleft\" src=\"\/wp-content\/uploads\/2023\/09\/lots-de-nadal-sense-oli-palma.png\"  alt=\"Lote de Navidad sin aceite de palma\" width=\"90\" height=\"90\" \/>\t\t<\/div>\n\t\t\t\t\t<\/div>\n\n\t\n\t<div id=\"col-1167904661\" class=\"col medium-2 small-3 large-2\"  >\n\t\t\t\t<div class=\"col-inner\"  >\n\t\t\t\n\t\t\t<img loading=\"lazy\" decoding=\"async\" class=\"alignleft\" src=\"\/wp-content\/uploads\/2023\/06\/lots-de-nadal-sense-gluten.png\"  alt=\"Lote de Navidad sin gluten\" width=\"90\" height=\"90\" \/>\t\t<\/div>\n\t\t\t\t\t<\/div>\n\n\t\n<style>\n#row-1341471099 > .col > .col-inner {\n  padding: -50px 0px 0px 0px;\n}\n<\/style>\n<\/div>\n<h4><\/h4>\n<ul>\n<li>\n<tr>\n<td><img decoding=\"async\" src=\"\/wp-content\/uploads\/2023\/09\/eco_mini.png\"  alt=\"producto eco\u00f3gico\" width=\"12\"\/><\/td>\n<td><span style=\"font-size: 87%\">Els Nanos Collita. Vino tinto ecol\u00f3gico DO Conca de Barber\u00e0 Bodega Josep Foraster<\/span><\/td>\n<td><img decoding=\"async\" src=\"\/wp-content\/uploads\/2023\/09\/penin87.png\" title=\"Guia Pe\u00f1in\" alt=\"Guia Pe\u00f1in\" width=\"40\"\/><\/td>\n<\/tr>\n<\/li>\n<li>\n<tr>\n<td><img decoding=\"async\" src=\"\/wp-content\/uploads\/2023\/09\/eco_mini.png\"  alt=\"producto eco\u00f3gico\" width=\"12\"\/><\/td>\n<td><span style=\"font-size: 87%\">Vino Blanco eco de las Valls del Foix Medalla Tastavins DO Pened\u00e8s Celler del Foix<\/span><\/td>\n<td><img decoding=\"async\" src=\"\/wp-content\/uploads\/2023\/09\/tastavins.png\" title=\"Tasta Vins\" alt=\"Tasta Vins\" width=\"60\"\/><\/td>\n<\/tr>\n<\/li>\n<li>\n<tr>\n<td><img decoding=\"async\" src=\"\/wp-content\/uploads\/2023\/09\/eco_mini.png\"  alt=\"producto eco\u00f3gico\" width=\"12\"\/><\/td>\n<td><span style=\"font-size: 87%\">Cava Reserva Brut Nature eco. M\u00e9todo tradicional y 18 meses crianza min. Ravent\u00f3s Rosell<\/span><\/td>\n<\/tr>\n<\/li>\n<li>\n<tr>\n<td><span style=\"font-size: 87%\">&nbsp;&nbsp;&nbsp;&nbsp;Vino dulce S\u00ednols Moscatell Girona Excel\u00b7lent 23-24 DO Empord\u00e0 Empord\u00e0lia<\/span><\/td>\n<td><img decoding=\"async\" src=\"\/wp-content\/uploads\/2023\/09\/girona-excellent.png\" title=\"Girona excellent\" alt=\"Girona excellent\" width=\"25\"\/><\/td>\n<\/tr>\n<\/li>\n<li>\n<tr>\n<td><span style=\"font-size: 87%\">&nbsp;&nbsp;&nbsp;&nbsp;Turr\u00f3n de yema tostada elaborado con marcona y miel 1* Great Taste Alemany 125 g.<\/span><\/td>\n<td><img decoding=\"async\" src=\"\/wp-content\/uploads\/2023\/09\/great-taste-1.png\" title=\"Great Taste\" alt=\"Great Taste\" width=\"25\"\/><\/td>\n<\/tr>\n<\/li>\n<li>\n<tr>\n<td><span style=\"font-size: 87%\">&nbsp;&nbsp;&nbsp;&nbsp;Fuet artesano con tripa natural. El embutido de siempre. Embotits Obradors 200 g.<\/span><\/td>\n<\/tr>\n<\/li>\n<li>\n<tr>\n<td><span style=\"font-size: 87%\">&nbsp;&nbsp;&nbsp;&nbsp;Calamarata. Pasta elaborada con s\u00e9mola de ma\u00edz \u00abescairat\u00bb del Bergued\u00e0 L&#8217;Escairador 300 g.<\/span><\/td>\n<\/tr>\n<\/li>\n<li>\n<tr>\n<td><img decoding=\"async\" src=\"\/wp-content\/uploads\/2023\/09\/eco_mini.png\"  alt=\"producto eco\u00f3gico\" width=\"12\"\/><\/td>\n<td><span style=\"font-size: 87%\">Nueces eco con c\u00e1scara de calibre grande producidas en las tierras de Lleida Nouca 500 g.<\/span><\/td>\n<\/tr>\n<\/li>\n<li>\n<tr>\n<td><img decoding=\"async\" src=\"\/wp-content\/uploads\/2023\/09\/eco_mini.png\"  alt=\"producto eco\u00f3gico\" width=\"12\"\/><\/td>\n<td><span style=\"font-size: 87%\">Infusi\u00f3n ecol\u00f3gica Rooibos de naranja y manzana. Fresca y rica en antioxidantes Alma Home<\/span><\/td>\n<\/tr>\n<\/li>\n<li>\n<tr>\n<td><img decoding=\"async\" src=\"\/wp-content\/uploads\/2023\/09\/eco_mini.png\"  alt=\"producto eco\u00f3gico\" width=\"12\"\/><\/td>\n<td><span style=\"font-size: 87%\">Galletas ecol\u00f3gicas con zumo de pi\u00f1a y coco rallado. Sin gluten Carolina Honest 135 g.<\/span><\/td>\n<\/tr>\n<\/li>\n<li>\n<tr>\n<td><span style=\"font-size: 87%\">&nbsp;&nbsp;&nbsp;&nbsp;Pat\u00e9 tradicional de monta\u00f1a con setas. Elaborado con carnes de proximidad \u00c9s Pallar\u00e8s 100 g.<\/span><\/td>\n<\/tr>\n<\/li>\n<li>\n<tr>\n<td><img decoding=\"async\" src=\"\/wp-content\/uploads\/2023\/09\/eco_mini.png\"  alt=\"producto eco\u00f3gico\" width=\"12\"\/><\/td>\n<td><span style=\"font-size: 87%\">Tableta chocolate 83% ecol\u00f3gica origen Per\u00fa mezcla cacaos Nativos y Trinitario Amatller 70 g.<\/span><\/td>\n<\/tr>\n<\/li>\n<li>\n<tr>\n<td><img decoding=\"async\" src=\"\/wp-content\/uploads\/2023\/09\/eco_mini.png\"  alt=\"producto eco\u00f3gico\" width=\"12\"\/><\/td>\n<td><span style=\"font-size: 87%\">Granola eco de avena y trigo sarraceno con chocolate y mezcla de semillas Zealia 300 g.<\/span><\/td>\n<\/tr>\n<\/li>\n<li>\n<tr>\n<td><img decoding=\"async\" src=\"\/wp-content\/uploads\/2023\/09\/eco_mini.png\"  alt=\"producto eco\u00f3gico\" width=\"12\"\/><\/td>\n<td><span style=\"font-size: 87%\">Crujientes colines ecol\u00f3gicos con tomate y or\u00e9gano Zealia 75 g.<\/span><\/td>\n<\/tr>\n<\/li>\n<li>\n<tr>\n<td><span style=\"font-size: 87%\">&nbsp;&nbsp;&nbsp;&nbsp;Mermelada de higo. Con helado de nueces o ensalada Girona Excel\u00b7lent Can Bech 285 g.<\/span><\/td>\n<td><img decoding=\"async\" src=\"\/wp-content\/uploads\/2023\/09\/girona-excellent.png\" title=\"Girona excellent\" alt=\"Girona excellent\" width=\"25\"\/><\/td>\n<\/tr>\n<\/li>\n<li>\n<tr>\n<td><img decoding=\"async\" src=\"\/wp-content\/uploads\/2023\/09\/eco_mini.png\"  alt=\"producto eco\u00f3gico\" width=\"12\"\/><\/td>\n<td><span style=\"font-size: 87%\">Aceitunas eco arbequina. Priorat, Ribera d&#8217;Ebre y Terra Alta La Masrojana 370 g.<\/span><\/td>\n<\/tr>\n<\/li>\n<\/ul>\n<\/div>\n","protected":false},"featured_media":500623,"template":"","meta":{"_monsterinsights_skip_tracking":false,"_monsterinsights_sitenote_active":false,"_monsterinsights_sitenote_note":"","_monsterinsights_sitenote_category":0},"product_brand":[],"product_cat":[125,171,157],"product_tag":[142,143,131,132,155,173,138,137,140,139],"class_list":{"0":"post-2001036","1":"product","2":"type-product","3":"status-publish","4":"has-post-thumbnail","6":"product_cat-todos","7":"product_cat-hasta-69-95-euros","8":"product_cat-cestas-de-navidad-sin-gluten","9":"product_tag-cava-es","10":"product_tag-cava-brut-nature-es","11":"product_tag-chocolate-es","12":"product_tag-dulces-es","13":"product_tag-lot-natura-es","14":"product_tag-lotes-de-navidad-es","15":"product_tag-embutidos-es","16":"product_tag-turrones-es","17":"product_tag-vino-blanco-es","18":"product_tag-vino-tinto-es","20":"first","21":"instock","22":"taxable","23":"shipping-taxable","24":"purchasable","25":"product-type-simple"},"group_of_quantity":0,"min_quantity":0,"max_quantity":"","exclude_order_quantity_value_rules":"no","exclude_category_quantity_rules":"no","combine_variations":"no","yoast_head":"<!-- This site is optimized with the Yoast SEO Premium plugin v25.8 (Yoast SEO v25.8) - https:\/\/yoast.com\/wordpress\/plugins\/seo\/ -->\n<title>Lote de Navidad Natura 1036 gfr | Harcogourmet<\/title>\n<meta name=\"description\" content=\"\u00bfBuscas Lotes de Navidad sin gluten? El Lote de Navidad Natura 1036 gfr contiene productos catalanes y sin gluten. Tu lote a un click de distancia\" \/>\n<meta name=\"robots\" content=\"index, follow, max-snippet:-1, max-image-preview:large, max-video-preview:-1\" \/>\n<link rel=\"canonical\" href=\"https:\/\/lotsdenadal.cat\/es\/producto\/lote-de-navidad-natura-1036-gfr\/\" \/>\n<meta property=\"og:locale\" content=\"es_ES\" \/>\n<meta property=\"og:type\" content=\"article\" \/>\n<meta property=\"og:title\" content=\"Lote de Navidad Natura 1036 gfr\" \/>\n<meta property=\"og:description\" content=\"\u00bfBuscas Lotes de Navidad sin gluten? El Lote de Navidad Natura 1036 gfr contiene productos catalanes y sin gluten. Tu lote a un click de distancia\" \/>\n<meta property=\"og:url\" content=\"https:\/\/lotsdenadal.cat\/es\/producto\/lote-de-navidad-natura-1036-gfr\/\" \/>\n<meta property=\"og:site_name\" content=\"Lotes de Navidad\" \/>\n<meta property=\"article:publisher\" content=\"https:\/\/facebook.com\/harcogourmet\" \/>\n<meta property=\"article:modified_time\" content=\"2025-09-18T00:20:43+00:00\" \/>\n<meta property=\"og:image\" content=\"https:\/\/lotsdenadal.cat\/wp-content\/uploads\/2023\/08\/lot-de-nadal-natura-1036-gfr.jpg\" \/>\n\t<meta property=\"og:image:width\" content=\"1500\" \/>\n\t<meta property=\"og:image:height\" content=\"1500\" \/>\n\t<meta property=\"og:image:type\" content=\"image\/jpeg\" \/>\n<meta name=\"twitter:card\" content=\"summary_large_image\" \/>\n<meta name=\"twitter:site\" content=\"@harcogourmet\" \/>\n<meta name=\"twitter:label1\" content=\"Precio\" \/>\n\t<meta name=\"twitter:data1\" content=\"67,95&nbsp;&euro; + IVA\" \/>\n\t<meta name=\"twitter:label2\" content=\"Disponibilidad\" \/>\n\t<meta name=\"twitter:data2\" content=\"Disponible\" \/>\n<script type=\"application\/ld+json\" class=\"yoast-schema-graph\">{\"@context\":\"https:\/\/schema.org\",\"@graph\":[{\"@type\":\"WebPage\",\"@id\":\"https:\/\/lotsdenadal.cat\/es\/producto\/lote-de-navidad-natura-1036-gfr\/\",\"url\":\"https:\/\/lotsdenadal.cat\/es\/producto\/lote-de-navidad-natura-1036-gfr\/\",\"name\":\"Lote de Navidad Natura 1036 gfr | Harcogourmet\",\"isPartOf\":{\"@id\":\"https:\/\/lotsdenadal.cat\/es\/#website\"},\"primaryImageOfPage\":{\"@id\":\"https:\/\/lotsdenadal.cat\/es\/producto\/lote-de-navidad-natura-1036-gfr\/#primaryimage\"},\"image\":{\"@id\":\"https:\/\/lotsdenadal.cat\/es\/producto\/lote-de-navidad-natura-1036-gfr\/#primaryimage\"},\"thumbnailUrl\":\"https:\/\/lotsdenadal.cat\/wp-content\/uploads\/2023\/08\/lot-de-nadal-natura-1036-gfr.jpg\",\"datePublished\":\"2023-08-23T20:31:09+00:00\",\"dateModified\":\"2025-09-18T00:20:43+00:00\",\"description\":\"\u00bfBuscas Lotes de Navidad sin gluten? El Lote de Navidad Natura 1036 gfr contiene productos catalanes y sin gluten. Tu lote a un click de distancia\",\"breadcrumb\":{\"@id\":\"https:\/\/lotsdenadal.cat\/es\/producto\/lote-de-navidad-natura-1036-gfr\/#breadcrumb\"},\"inLanguage\":\"es\",\"potentialAction\":[{\"@type\":\"ReadAction\",\"target\":[\"https:\/\/lotsdenadal.cat\/es\/producto\/lote-de-navidad-natura-1036-gfr\/\"]}]},{\"@type\":\"ImageObject\",\"inLanguage\":\"es\",\"@id\":\"https:\/\/lotsdenadal.cat\/es\/producto\/lote-de-navidad-natura-1036-gfr\/#primaryimage\",\"url\":\"https:\/\/lotsdenadal.cat\/wp-content\/uploads\/2023\/08\/lot-de-nadal-natura-1036-gfr.jpg\",\"contentUrl\":\"https:\/\/lotsdenadal.cat\/wp-content\/uploads\/2023\/08\/lot-de-nadal-natura-1036-gfr.jpg\",\"width\":1500,\"height\":1500,\"caption\":\"Cesta de Navidad, Lot Natura 1036 gfr, cesta de navidad sin gluten, cesta de navidad gluten free\"},{\"@type\":\"BreadcrumbList\",\"@id\":\"https:\/\/lotsdenadal.cat\/es\/producto\/lote-de-navidad-natura-1036-gfr\/#breadcrumb\",\"itemListElement\":[{\"@type\":\"ListItem\",\"position\":1,\"name\":\"Inicio\",\"item\":\"https:\/\/lotsdenadal.cat\/es\/\"},{\"@type\":\"ListItem\",\"position\":2,\"name\":\"Elige tu Cesta de Navidad\",\"item\":\"https:\/\/lotsdenadal.cat\/es\/elige-tu-lote-de-navidad\/\"},{\"@type\":\"ListItem\",\"position\":3,\"name\":\"Lote de Navidad Natura 1036 gfr\"}]},{\"@type\":\"WebSite\",\"@id\":\"https:\/\/lotsdenadal.cat\/es\/#website\",\"url\":\"https:\/\/lotsdenadal.cat\/es\/\",\"name\":\"Lots de Nadal Harcogourmet\",\"description\":\"Lotes de Navidad con productos catalanes\",\"publisher\":{\"@id\":\"https:\/\/lotsdenadal.cat\/es\/#organization\"},\"alternateName\":\"LN Harcogourmet\",\"potentialAction\":[{\"@type\":\"SearchAction\",\"target\":{\"@type\":\"EntryPoint\",\"urlTemplate\":\"https:\/\/lotsdenadal.cat\/es\/?s={search_term_string}\"},\"query-input\":{\"@type\":\"PropertyValueSpecification\",\"valueRequired\":true,\"valueName\":\"search_term_string\"}}],\"inLanguage\":\"es\"},{\"@type\":\"Organization\",\"@id\":\"https:\/\/lotsdenadal.cat\/es\/#organization\",\"name\":\"Lotes de Navidad Harcogourmet\",\"alternateName\":\"Harcogourmet\",\"url\":\"https:\/\/lotsdenadal.cat\/es\/\",\"logo\":{\"@type\":\"ImageObject\",\"inLanguage\":\"es\",\"@id\":\"https:\/\/lotsdenadal.cat\/es\/#\/schema\/logo\/image\/\",\"url\":\"https:\/\/lotsdenadal.cat\/wp-content\/uploads\/2023\/06\/HG_negre.png\",\"contentUrl\":\"https:\/\/lotsdenadal.cat\/wp-content\/uploads\/2023\/06\/HG_negre.png\",\"width\":604,\"height\":108,\"caption\":\"Lotes de Navidad Harcogourmet\"},\"image\":{\"@id\":\"https:\/\/lotsdenadal.cat\/es\/#\/schema\/logo\/image\/\"},\"sameAs\":[\"https:\/\/facebook.com\/harcogourmet\",\"https:\/\/x.com\/harcogourmet\",\"https:\/\/instagram.com\/harcogourmet\",\"https:\/\/www.linkedin.com\/company\/3240347\/\",\"https:\/\/www.youtube.com\/channel\/UCoWNvGkEBJxGoCzwURxSrcQ\"]}]}<\/script>\n<meta property=\"product:price:amount\" content=\"67.95\" \/>\n<meta property=\"product:price:currency\" content=\"EUR\" \/>\n<meta property=\"og:availability\" content=\"instock\" \/>\n<meta property=\"product:availability\" content=\"instock\" \/>\n<meta property=\"product:retailer_item_id\" content=\"25NC_1036\" \/>\n<meta property=\"product:condition\" content=\"new\" \/>\n<!-- \/ Yoast SEO Premium plugin. -->","yoast_head_json":{"title":"Lote de Navidad Natura 1036 gfr | Harcogourmet","description":"\u00bfBuscas Lotes de Navidad sin gluten? El Lote de Navidad Natura 1036 gfr contiene productos catalanes y sin gluten. Tu lote a un click de distancia","robots":{"index":"index","follow":"follow","max-snippet":"max-snippet:-1","max-image-preview":"max-image-preview:large","max-video-preview":"max-video-preview:-1"},"canonical":"https:\/\/lotsdenadal.cat\/es\/producto\/lote-de-navidad-natura-1036-gfr\/","og_locale":"es_ES","og_type":"article","og_title":"Lote de Navidad Natura 1036 gfr","og_description":"\u00bfBuscas Lotes de Navidad sin gluten? El Lote de Navidad Natura 1036 gfr contiene productos catalanes y sin gluten. Tu lote a un click de distancia","og_url":"https:\/\/lotsdenadal.cat\/es\/producto\/lote-de-navidad-natura-1036-gfr\/","og_site_name":"Lotes de Navidad","article_publisher":"https:\/\/facebook.com\/harcogourmet","article_modified_time":"2025-09-18T00:20:43+00:00","og_image":[{"width":1500,"height":1500,"url":"https:\/\/lotsdenadal.cat\/wp-content\/uploads\/2023\/08\/lot-de-nadal-natura-1036-gfr.jpg","type":"image\/jpeg"}],"twitter_card":"summary_large_image","twitter_site":"@harcogourmet","twitter_misc":{"Precio":"67,95&nbsp;&euro; + IVA","Disponibilidad":"Disponible"},"schema":{"@context":"https:\/\/schema.org","@graph":[{"@type":"WebPage","@id":"https:\/\/lotsdenadal.cat\/es\/producto\/lote-de-navidad-natura-1036-gfr\/","url":"https:\/\/lotsdenadal.cat\/es\/producto\/lote-de-navidad-natura-1036-gfr\/","name":"Lote de Navidad Natura 1036 gfr | Harcogourmet","isPartOf":{"@id":"https:\/\/lotsdenadal.cat\/es\/#website"},"primaryImageOfPage":{"@id":"https:\/\/lotsdenadal.cat\/es\/producto\/lote-de-navidad-natura-1036-gfr\/#primaryimage"},"image":{"@id":"https:\/\/lotsdenadal.cat\/es\/producto\/lote-de-navidad-natura-1036-gfr\/#primaryimage"},"thumbnailUrl":"https:\/\/lotsdenadal.cat\/wp-content\/uploads\/2023\/08\/lot-de-nadal-natura-1036-gfr.jpg","datePublished":"2023-08-23T20:31:09+00:00","dateModified":"2025-09-18T00:20:43+00:00","description":"\u00bfBuscas Lotes de Navidad sin gluten? El Lote de Navidad Natura 1036 gfr contiene productos catalanes y sin gluten. Tu lote a un click de distancia","breadcrumb":{"@id":"https:\/\/lotsdenadal.cat\/es\/producto\/lote-de-navidad-natura-1036-gfr\/#breadcrumb"},"inLanguage":"es","potentialAction":[{"@type":"ReadAction","target":["https:\/\/lotsdenadal.cat\/es\/producto\/lote-de-navidad-natura-1036-gfr\/"]}]},{"@type":"ImageObject","inLanguage":"es","@id":"https:\/\/lotsdenadal.cat\/es\/producto\/lote-de-navidad-natura-1036-gfr\/#primaryimage","url":"https:\/\/lotsdenadal.cat\/wp-content\/uploads\/2023\/08\/lot-de-nadal-natura-1036-gfr.jpg","contentUrl":"https:\/\/lotsdenadal.cat\/wp-content\/uploads\/2023\/08\/lot-de-nadal-natura-1036-gfr.jpg","width":1500,"height":1500,"caption":"Cesta de Navidad, Lot Natura 1036 gfr, cesta de navidad sin gluten, cesta de navidad gluten free"},{"@type":"BreadcrumbList","@id":"https:\/\/lotsdenadal.cat\/es\/producto\/lote-de-navidad-natura-1036-gfr\/#breadcrumb","itemListElement":[{"@type":"ListItem","position":1,"name":"Inicio","item":"https:\/\/lotsdenadal.cat\/es\/"},{"@type":"ListItem","position":2,"name":"Elige tu Cesta de Navidad","item":"https:\/\/lotsdenadal.cat\/es\/elige-tu-lote-de-navidad\/"},{"@type":"ListItem","position":3,"name":"Lote de Navidad Natura 1036 gfr"}]},{"@type":"WebSite","@id":"https:\/\/lotsdenadal.cat\/es\/#website","url":"https:\/\/lotsdenadal.cat\/es\/","name":"Lots de Nadal Harcogourmet","description":"Lotes de Navidad con productos catalanes","publisher":{"@id":"https:\/\/lotsdenadal.cat\/es\/#organization"},"alternateName":"LN Harcogourmet","potentialAction":[{"@type":"SearchAction","target":{"@type":"EntryPoint","urlTemplate":"https:\/\/lotsdenadal.cat\/es\/?s={search_term_string}"},"query-input":{"@type":"PropertyValueSpecification","valueRequired":true,"valueName":"search_term_string"}}],"inLanguage":"es"},{"@type":"Organization","@id":"https:\/\/lotsdenadal.cat\/es\/#organization","name":"Lotes de Navidad Harcogourmet","alternateName":"Harcogourmet","url":"https:\/\/lotsdenadal.cat\/es\/","logo":{"@type":"ImageObject","inLanguage":"es","@id":"https:\/\/lotsdenadal.cat\/es\/#\/schema\/logo\/image\/","url":"https:\/\/lotsdenadal.cat\/wp-content\/uploads\/2023\/06\/HG_negre.png","contentUrl":"https:\/\/lotsdenadal.cat\/wp-content\/uploads\/2023\/06\/HG_negre.png","width":604,"height":108,"caption":"Lotes de Navidad Harcogourmet"},"image":{"@id":"https:\/\/lotsdenadal.cat\/es\/#\/schema\/logo\/image\/"},"sameAs":["https:\/\/facebook.com\/harcogourmet","https:\/\/x.com\/harcogourmet","https:\/\/instagram.com\/harcogourmet","https:\/\/www.linkedin.com\/company\/3240347\/","https:\/\/www.youtube.com\/channel\/UCoWNvGkEBJxGoCzwURxSrcQ"]}]},"product_price_amount":"67.95","product_price_currency":"EUR","og_availability":"instock","product_availability":"instock","product_retailer_item_id":"25NC_1036","product_condition":"new"},"_links":{"self":[{"href":"https:\/\/lotsdenadal.cat\/es\/wp-json\/wp\/v2\/product\/2001036","targetHints":{"allow":["GET"]}}],"collection":[{"href":"https:\/\/lotsdenadal.cat\/es\/wp-json\/wp\/v2\/product"}],"about":[{"href":"https:\/\/lotsdenadal.cat\/es\/wp-json\/wp\/v2\/types\/product"}],"wp:featuredmedia":[{"embeddable":true,"href":"https:\/\/lotsdenadal.cat\/es\/wp-json\/wp\/v2\/media\/500623"}],"wp:attachment":[{"href":"https:\/\/lotsdenadal.cat\/es\/wp-json\/wp\/v2\/media?parent=2001036"}],"wp:term":[{"taxonomy":"product_brand","embeddable":true,"href":"https:\/\/lotsdenadal.cat\/es\/wp-json\/wp\/v2\/product_brand?post=2001036"},{"taxonomy":"product_cat","embeddable":true,"href":"https:\/\/lotsdenadal.cat\/es\/wp-json\/wp\/v2\/product_cat?post=2001036"},{"taxonomy":"product_tag","embeddable":true,"href":"https:\/\/lotsdenadal.cat\/es\/wp-json\/wp\/v2\/product_tag?post=2001036"}],"curies":[{"name":"wp","href":"https:\/\/api.w.org\/{rel}","templated":true}]}}